{"id":2870,"date":"2024-05-09T15:12:11","date_gmt":"2024-05-09T15:12:11","guid":{"rendered":"https:\/\/iw.al\/kmshc\/?page_id=2870"},"modified":"2026-04-20T07:55:57","modified_gmt":"2026-04-20T07:55:57","slug":"pyetje-pergjigje","status":"publish","type":"page","link":"https:\/\/kmshc.al\/en\/pyetje-pergjigje\/","title":{"rendered":"QUESTION ANSWER"},"content":{"rendered":"<div class=\"fusion-fullwidth fullwidth-box fusion-builder-row-1 fusion-flex-container nonhundred-percent-fullwidth non-hundred-percent-height-scrolling\" style=\"--awb-border-radius-top-left:0px;--awb-border-radius-top-right:0px;--awb-border-radius-bottom-right:0px;--awb-border-radius-bottom-left:0px;--awb-flex-wrap:wrap;\" ><div class=\"fusion-builder-row fusion-row fusion-flex-align-items-flex-start fusion-flex-content-wrap\" style=\"max-width:1216.8px;margin-left: calc(-4% \/ 2 );margin-right: calc(-4% \/ 2 );\"><div class=\"fusion-layout-column fusion_builder_column fusion-builder-column-0 fusion_builder_column_1_1 1_1 fusion-flex-column\" style=\"--awb-bg-size:cover;--awb-width-large:100%;--awb-margin-top-large:60px;--awb-spacing-right-large:1.92%;--awb-margin-bottom-large:60px;--awb-spacing-left-large:1.92%;--awb-width-medium:100%;--awb-order-medium:0;--awb-spacing-right-medium:1.92%;--awb-spacing-left-medium:1.92%;--awb-width-small:100%;--awb-order-small:0;--awb-spacing-right-small:1.92%;--awb-spacing-left-small:1.92%;\"><div class=\"fusion-column-wrapper fusion-column-has-shadow fusion-flex-justify-content-flex-start fusion-content-layout-column\"><div class=\"fusion-title title fusion-title-1 fusion-sep-none fusion-title-text fusion-title-size-one\" style=\"--awb-text-color:var(--awb-color8);--awb-margin-bottom:40px;\"><h1 class=\"fusion-title-heading title-heading-left fusion-responsive-typography-calculated\" style=\"margin:0;--fontSize:58;line-height:var(--awb-typography1-line-height);\"><p style=\"text-align: center;\">QUESTION ANSWER<\/p><\/h1><\/div><style type=\"text\/css\">#accordian-1 .fusion-panel:hover,#accordian-1 .fusion-panel.hover{ background-color: #ffffff } #accordian-1 .fusion-panel { border-color:var(--awb-color3); border-width:1px; background-color:var(--awb-color1); }.fusion-accordian #accordian-1 .panel-title a .fa-fusion-box:before{ font-size: 18px;width: 18px;}.fusion-accordian #accordian-1 .panel-title a .fa-fusion-box{ color: #000000;}.fusion-accordian #accordian-1.fusion-toggle-icon-right .fusion-toggle-heading{ margin-right: 36px;}.fusion-accordian  #accordian-1 .panel-title a{font-size:20px;font-family:var(--awb-typography1-font-family);font-weight:var(--awb-typography1-font-weight);font-style:var(--awb-typography1-font-style);}.fusion-accordian  #accordian-1 .panel-title a:not(:hover){color:#000000;}.fusion-accordian  #accordian-1 .toggle-content{color:#000000;font-family:var(--awb-typography4-font-family);font-weight:var(--awb-typography4-font-weight);font-style:var(--awb-typography4-font-style);}.fusion-accordian #accordian-1 .fa-fusion-box { background-color: #ffffff !important;border-color: #ffffff !important;}.fusion-accordian #accordian-1 .panel-title a:hover,.fusion-accordian #accordian-1 .panel-title a.hover { color: #ffffff;}.fusion-faq-shortcode .fusion-accordian #accordian-1 .fusion-toggle-boxed-mode:hover .panel-title a { color: #ffffff;}.fusion-accordian #accordian-1 .panel-title a:hover .fa-fusion-box,.fusion-accordian #accordian-1 .panel-title a.hover .fa-fusion-box { background-color: #ffffff!important;border-color: #ffffff!important;}.fusion-faqs-wrapper .fusion-accordian #accordian-1 .panel-title a.active{ color: #ffffff !important;}.fusion-faqs-wrapper .fusion-accordian #accordian-1 .panel-title .active .fa-fusion-box { background-color: #ffffff!important;border-color: #ffffff!important;}<\/style><div class=\"fusion-faq-shortcode\" style=\"\"><div class=\"fusion-faqs-wrapper\"><div class=\"accordian fusion-accordian\"><div class=\"panel-group  fusion-toggle-icon-right\" id=\"accordian-1\"><div class=\"fusion-panel fusion-toggle-no-divider fusion-toggle-boxed-mode panel-default fusion-faq-post fusion-faq-post-2876\"><span class=\"entry-title rich-snippet-hidden\">Si realizohet pranimi n\u00eb sh\u00ebrbimin civil?<\/span><span class=\"vcard rich-snippet-hidden\"><span class=\"fn\"><a href=\"https:\/\/kmshc.al\/en\/author\/admin-interweb\/\" title=\"Posts by admin-interweb\" rel=\"author\">admin-interweb<\/a><\/span><\/span><span class=\"updated rich-snippet-hidden\">2024-05-10T06:56:57+00:00<\/span><div class=\"panel-heading\"><h3 id=\"faq_1-2876\" class=\"panel-title toggle\"><a data-toggle=\"collapse\" class=\"collapsed\" data-target=\"#collapse-1-2876\" href=\"#collapse-1-2876\" aria-expanded=\"false\"><div class=\"fusion-toggle-icon-wrapper\"><div class=\"fusion-toggle-icon-wrapper-main\"><div class=\"fusion-toggle-icon-wrapper-sub\"><i class=\"fa-fusion-box active-icon fa-times fas\" aria-hidden=\"true\"><\/i><i class=\"fa-fusion-box inactive-icon fa-plus fas\" aria-hidden=\"true\"><\/i><\/div><\/div><\/div><div class=\"fusion-toggle-heading\">Si realizohet pranimi n\u00eb sh\u00ebrbimin civil?<\/div><\/a><\/h3><\/div><div id=\"collapse-1-2876\" aria-labelledby=\"faq_1-2876\" class=\"panel-collapse collapse\"><div class=\"panel-body toggle-content post-content\"><p>Pranimi n\u00eb sh\u00ebrbimin civil realizohet vet\u00ebm p\u00ebrmes nj\u00eb procedure konkurrimi komb\u00ebtar.<\/p>\n<p>Procesi i p\u00ebrzgjedh\u00ebs s\u00eb kandidat\u00ebve bazohet n\u00eb vler\u00ebsimin e aft\u00ebsive profesionale t\u00eb kandidat\u00ebve, q\u00eb p\u00ebrfshin paraseleksionimin, testimin me shkrim, nj\u00eb dhe intervist\u00eb e strukturuar me goj\u00eb.<\/p>\n<p>Pranimi p\u00ebr her\u00eb t\u00eb par\u00eb n\u00eb sh\u00ebrbimin civil b\u00ebhet vet\u00ebm n\u00eb kategorin\u00eb<em>\u00a0\u201cekzekutive\u201d<\/em>, por ka edhe p\u00ebrjashtime si psh:<\/p>\n<ul>\n<li>Pranimi i kandidat\u00ebve nga jasht\u00eb sh\u00ebrbimit civil p\u00ebr t\u00eb konkurruar n\u00eb nj\u00eb num\u00ebr t\u00eb limituar pozicionesh t\u00eb nivelit t\u00eb ul\u00ebt dhe t\u00eb mes\u00ebm drejtues;<\/li>\n<li>N\u00eb baz\u00eb t\u00eb nj\u00eb konkursi p\u00ebr tu b\u00ebr\u00eb pjes\u00eb e trupit t\u00eb nivelit t\u00eb lart\u00eb drejtues q\u00eb \u00ebsht\u00eb i hapur p\u00ebr kandidat\u00eb nga jasht\u00eb;<\/li>\n<\/ul>\n<p>Procedura e konkurrimit realizohet nga \u201c<em>nj\u00ebsia p\u00ebrgjegj\u00ebs<\/em>\u201d.<\/p>\n<p>Departamenti i Administrat\u00eb Publike \u00ebsht\u00eb \u201c<em>nj\u00ebsia p\u00ebrgjegj\u00ebs<\/em>\u201d p\u00ebr organizimin e procedur\u00ebs s\u00eb rekrutimit n\u00eb sh\u00ebrbimin civil p\u00ebr institucionet e administrat\u00ebs shtet\u00ebrore. Nd\u00ebrsa p\u00ebr Institucionet e pavarura\/Nj\u00ebsit\u00eb e Vet\u00ebqeverisjes Vendore, \u201c<em>nj\u00ebsi p\u00ebrgjegj\u00ebse<\/em>\u201d \u00ebsht\u00eb nj\u00ebsia e burimeve njer\u00ebzore e krijuar brenda institucionit.<\/p>\n<\/div><\/div><\/div><div class=\"fusion-panel fusion-toggle-no-divider fusion-toggle-boxed-mode panel-default fusion-faq-post fusion-faq-post-2879\"><span class=\"entry-title rich-snippet-hidden\">Si mund t\u00eb beh\u00ebsh n\u00ebpun\u00ebs civil?<\/span><span class=\"vcard rich-snippet-hidden\"><span class=\"fn\"><a href=\"https:\/\/kmshc.al\/en\/author\/admin-interweb\/\" title=\"Posts by admin-interweb\" rel=\"author\">admin-interweb<\/a><\/span><\/span><span class=\"updated rich-snippet-hidden\">2024-05-09T15:18:14+00:00<\/span><div class=\"panel-heading\"><h3 id=\"faq_1-2879\" class=\"panel-title toggle\"><a data-toggle=\"collapse\" class=\"collapsed\" data-target=\"#collapse-1-2879\" href=\"#collapse-1-2879\" aria-expanded=\"false\"><div class=\"fusion-toggle-icon-wrapper\"><div class=\"fusion-toggle-icon-wrapper-main\"><div class=\"fusion-toggle-icon-wrapper-sub\"><i class=\"fa-fusion-box active-icon fa-times fas\" aria-hidden=\"true\"><\/i><i class=\"fa-fusion-box inactive-icon fa-plus fas\" aria-hidden=\"true\"><\/i><\/div><\/div><\/div><div class=\"fusion-toggle-heading\">Si mund t\u00eb beh\u00ebsh n\u00ebpun\u00ebs civil?<\/div><\/a><\/h3><\/div><div id=\"collapse-1-2879\" aria-labelledby=\"faq_1-2879\" class=\"panel-collapse collapse\"><div class=\"panel-body toggle-content post-content\"><ul>\n<li>Kontrollo p\u00ebr vende vakante t\u00eb publikuara. P\u00ebr institucionet e administrat\u00ebs shtet\u00ebrore, shpallja e procedur\u00ebs s\u00eb pranimit p\u00ebr secilin grup publikohet n\u00eb faqen zyrtare t\u00eb DAP-it dhe n\u00eb portalin \u201cSh\u00ebrbimi Komb\u00ebtar i Pun\u00ebsimit\u201d dhe q\u00ebndron e publikuar deri n\u00eb p\u00ebrfundimin e procedur\u00ebs s\u00eb pranimit.<\/li>\n<\/ul>\n<p>Institucionet e pavarura dhe nj\u00ebsit\u00eb e qeverisjes vendore b\u00ebjn\u00eb shpalljen e procedur\u00ebs s\u00eb pranimit p\u00ebr secilin grup n\u00eb portalin \u201cSh\u00ebrbimi Komb\u00ebtar i Pun\u00ebsimit\u201d, n\u00eb stendat e informimit t\u00eb publikut, si dhe n\u00eb faqen e tyre t\u00eb internetit n\u00eb rast se kan\u00eb.<\/p>\n<ul>\n<li>Shiko n\u00ebse ndonj\u00eb nga pozicinet i p\u00ebrshtatet kualifikimit tuaj;<\/li>\n<li>Plot\u00ebso dokumentat e nevojshme p\u00ebr aplikim t\u00eb cilat i gjen t\u00eb p\u00ebrcaktuara n\u00eb shpallje duke respektuar afatin e caktuar p\u00ebr dor\u00ebzimin e tyre;<\/li>\n<li>Kalo procedur\u00ebn e vler\u00ebsimit q\u00eb p\u00ebrfshin paraseleksionimin, testimin me shkrim, nj\u00eb dhe intervist\u00ebn e strukturuar me goj\u00eb.<\/li>\n<\/ul>\n<\/div><\/div><\/div><div class=\"fusion-panel fusion-toggle-no-divider fusion-toggle-boxed-mode panel-default fusion-faq-post fusion-faq-post-2881\"><span class=\"entry-title rich-snippet-hidden\">\u00c7far\u00eb informacioni mund t\u00eb gjeni tek shpallja e vendit vakant?<\/span><span class=\"vcard rich-snippet-hidden\"><span class=\"fn\"><a href=\"https:\/\/kmshc.al\/en\/author\/admin-interweb\/\" title=\"Posts by admin-interweb\" rel=\"author\">admin-interweb<\/a><\/span><\/span><span class=\"updated rich-snippet-hidden\">2024-05-09T15:19:39+00:00<\/span><div class=\"panel-heading\"><h3 id=\"faq_1-2881\" class=\"panel-title toggle\"><a data-toggle=\"collapse\" class=\"collapsed\" data-target=\"#collapse-1-2881\" href=\"#collapse-1-2881\" aria-expanded=\"false\"><div class=\"fusion-toggle-icon-wrapper\"><div class=\"fusion-toggle-icon-wrapper-main\"><div class=\"fusion-toggle-icon-wrapper-sub\"><i class=\"fa-fusion-box active-icon fa-times fas\" aria-hidden=\"true\"><\/i><i class=\"fa-fusion-box inactive-icon fa-plus fas\" aria-hidden=\"true\"><\/i><\/div><\/div><\/div><div class=\"fusion-toggle-heading\">\u00c7far\u00eb informacioni mund t\u00eb gjeni tek shpallja e vendit vakant?<\/div><\/a><\/h3><\/div><div id=\"collapse-1-2881\" aria-labelledby=\"faq_1-2881\" class=\"panel-collapse collapse\"><div class=\"panel-body toggle-content post-content\"><ul>\n<li>Fush\u00ebn kryesore mbi t\u00eb cil\u00ebn do t\u00eb bazohet konkurrimi, si dhe aft\u00ebsit\u00eb dhe cil\u00ebsit\u00eb q\u00eb do t\u00eb vler\u00ebsohen n\u00eb konkurrim;<strong><em>\u00a0<\/em><\/strong><\/li>\n<\/ul>\n<ul>\n<li>Fazat n\u00eb t\u00eb cil\u00ebn do t\u00eb kaloj\u00eb konkurrim, me shkrim dhe me goj\u00eb;<\/li>\n<\/ul>\n<ul>\n<li>Numrin e vendeve t\u00eb planifikuara p\u00ebr t\u00eb cilat do b\u00ebhet pranimi;<strong><em>\u00a0<\/em><\/strong><\/li>\n<\/ul>\n<ul>\n<li>K\u00ebrkesat e p\u00ebrgjithshme, n\u00eb p\u00ebrputhje me nenin 21 t\u00eb ligjit nr.152\/2013,\u00a0<em>\u201c<\/em><em>P\u00ebr N\u00ebpun\u00ebsin civil,\u201d\u00a0<\/em>i ndryshuar<em>;<\/em><strong><em>\u00a0<\/em><\/strong><\/li>\n<\/ul>\n<ul>\n<li>P\u00ebrshkrimin e p\u00ebrgjithsh\u00ebm t\u00eb pun\u00ebs s\u00eb grupit\/grupeve t\u00eb administrimit t\u00eb p\u00ebrgjithsh\u00ebm t\u00eb posa\u00e7\u00ebm, p\u00ebr t\u00eb cil\u00ebn do zhvillohet konkurrimi;<strong><em>\u00a0<\/em><\/strong><\/li>\n<\/ul>\n<ul>\n<li>K\u00ebrkesat e ve\u00e7anta t\u00eb grupit t\u00eb administrimit t\u00eb p\u00ebrgjithsh\u00ebm\/t\u00eb posa\u00e7\u00ebm;<strong><em>\u00a0<\/em><\/strong><\/li>\n<\/ul>\n<ul>\n<li>Dokumente q\u00eb duhet t\u00eb dor\u00ebzohen dhe m\u00ebnyr\u00ebn e dor\u00ebzimit t\u00eb tyre;<strong><em>\u00a0<\/em><\/strong><\/li>\n<\/ul>\n<ul>\n<li>Afatin e dor\u00ebzimit t\u00eb p\u00ebrcaktuar me dat\u00eb t\u00eb sakt\u00eb kalendarike;<strong><em>\u00a0<\/em><\/strong><\/li>\n<\/ul>\n<ul>\n<li>Dat\u00ebn e daljes s\u00eb rezultateve p\u00ebr faz\u00ebn e vler\u00ebsimit paraprak t\u00eb kandidat\u00ebve;<strong><em>\u00a0<\/em><\/strong><\/li>\n<\/ul>\n<ul>\n<li>M\u00ebnyr\u00ebn e vler\u00ebsimit t\u00eb kandidat\u00ebve n\u00eb faz\u00ebn e vler\u00ebsimit paraprak, si dhe n\u00eb faz\u00ebn e vler\u00ebsimit t\u00eb kandidat\u00ebve;<strong><em>\u00a0<\/em><\/strong><\/li>\n<\/ul>\n<ul>\n<li>M\u00ebnyr\u00ebn e njoftimit dhe komunikimit me kandidat\u00ebt;<\/li>\n<\/ul>\n<\/div><\/div><\/div><div class=\"fusion-panel fusion-toggle-no-divider fusion-toggle-boxed-mode panel-default fusion-faq-post fusion-faq-post-2883\"><span class=\"entry-title rich-snippet-hidden\">Cilat jan\u00eb afatet p\u00ebr dor\u00ebzimin e dokumentacionit?<\/span><span class=\"vcard rich-snippet-hidden\"><span class=\"fn\"><a href=\"https:\/\/kmshc.al\/en\/author\/admin-interweb\/\" title=\"Posts by admin-interweb\" rel=\"author\">admin-interweb<\/a><\/span><\/span><span class=\"updated rich-snippet-hidden\">2024-05-09T15:21:17+00:00<\/span><div class=\"panel-heading\"><h3 id=\"faq_1-2883\" class=\"panel-title toggle\"><a data-toggle=\"collapse\" class=\"collapsed\" data-target=\"#collapse-1-2883\" href=\"#collapse-1-2883\" aria-expanded=\"false\"><div class=\"fusion-toggle-icon-wrapper\"><div class=\"fusion-toggle-icon-wrapper-main\"><div class=\"fusion-toggle-icon-wrapper-sub\"><i class=\"fa-fusion-box active-icon fa-times fas\" aria-hidden=\"true\"><\/i><i class=\"fa-fusion-box inactive-icon fa-plus fas\" aria-hidden=\"true\"><\/i><\/div><\/div><\/div><div class=\"fusion-toggle-heading\">Cilat jan\u00eb afatet p\u00ebr dor\u00ebzimin e dokumentacionit?<\/div><\/a><\/h3><\/div><div id=\"collapse-1-2883\" aria-labelledby=\"faq_1-2883\" class=\"panel-collapse collapse\"><div class=\"panel-body toggle-content post-content\"><p>Afati p\u00ebr dor\u00ebzimin e dokumentacionit \u00ebsht\u00eb t\u00eb pakt\u00ebn 15 dit\u00eb kalendarike nga dita e shpalljes n\u00eb:<em>\u00a0<\/em><\/p>\n<ul>\n<li>Faqen zyrtare t\u00eb DAP-it, dhe portalin\u00a0<em>\u201c<\/em><em>Sh\u00ebrbimi Komb\u00ebtar i Pun\u00ebsimit<\/em>\u201d p\u00ebr institucionet e administrat\u00ebs shtet\u00ebrore;<\/li>\n<li>Portalin \u201c<em>Sh\u00ebrbimi Komb\u00ebtar i Pun\u00ebsimit<\/em>\u201d, n\u00eb faqen zyrtare t\u00eb internetit dhe n\u00eb ambientet e brendshme, p\u00ebr institucionet e pavarura dhe nj\u00ebsit\u00eb e vet\u00ebqeverisjes vendore;<\/li>\n<\/ul>\n<\/div><\/div><\/div><div class=\"fusion-panel fusion-toggle-no-divider fusion-toggle-boxed-mode panel-default fusion-faq-post fusion-faq-post-2885\"><span class=\"entry-title rich-snippet-hidden\">Cilat jan\u00eb k\u00ebrkesat e p\u00ebrgjithshme p\u00ebr pranimin n\u00eb sh\u00ebrbimim civil?<\/span><span class=\"vcard rich-snippet-hidden\"><span class=\"fn\"><a href=\"https:\/\/kmshc.al\/en\/author\/admin-interweb\/\" title=\"Posts by admin-interweb\" rel=\"author\">admin-interweb<\/a><\/span><\/span><span class=\"updated rich-snippet-hidden\">2024-05-09T15:22:23+00:00<\/span><div class=\"panel-heading\"><h3 id=\"faq_1-2885\" class=\"panel-title toggle\"><a data-toggle=\"collapse\" class=\"collapsed\" data-target=\"#collapse-1-2885\" href=\"#collapse-1-2885\" aria-expanded=\"false\"><div class=\"fusion-toggle-icon-wrapper\"><div class=\"fusion-toggle-icon-wrapper-main\"><div class=\"fusion-toggle-icon-wrapper-sub\"><i class=\"fa-fusion-box active-icon fa-times fas\" aria-hidden=\"true\"><\/i><i class=\"fa-fusion-box inactive-icon fa-plus fas\" aria-hidden=\"true\"><\/i><\/div><\/div><\/div><div class=\"fusion-toggle-heading\">Cilat jan\u00eb k\u00ebrkesat e p\u00ebrgjithshme p\u00ebr pranimin n\u00eb sh\u00ebrbimim civil?<\/div><\/a><\/h3><\/div><div id=\"collapse-1-2885\" aria-labelledby=\"faq_1-2885\" class=\"panel-collapse collapse\"><div class=\"panel-body toggle-content post-content\"><p>P\u00ebr pranimin n\u00eb sh\u00ebrbimin civil, nj\u00eb kandidat duhet t\u00eb plot\u00ebsoj\u00eb k\u00ebrkesat e p\u00ebrgjithshme si m\u00eb posht\u00eb:<\/p>\n<ul>\n<li>t\u00eb jet\u00eb shtetas shqiptar;<\/li>\n<li>t\u00eb ket\u00eb zot\u00ebsi t\u00eb plot\u00eb p\u00ebr t\u00eb vepruar;<\/li>\n<li>t\u00eb zot\u00ebroj\u00eb gjuh\u00ebn shqipe, t\u00eb shkruar dhe t\u00eb folur;<\/li>\n<li>t\u00eb jet\u00eb n\u00eb kushte sh\u00ebndet\u00ebsore q\u00eb e lejojn\u00eb t\u00eb kryej\u00eb detyr\u00ebn p\u00ebrkat\u00ebse;<\/li>\n<li>t\u00eb mos jet\u00eb i d\u00ebnuar me vendim t\u00eb form\u00ebs s\u00eb prer\u00eb p\u00ebr kryerjen e nj\u00eb krimi apo p\u00ebr kryerjen e nj\u00eb kund\u00ebrvajtjeje penale me dashje;<\/li>\n<li>ndaj tij t\u00eb mos jet\u00eb marr\u00eb masa disiplinore e largimit nga sh\u00ebrbimi civil, q\u00eb nuk \u00ebsht\u00eb shuar sipas k\u00ebtij ligji;<\/li>\n<li>t\u00eb plot\u00ebsoj\u00eb k\u00ebrkesat e posa\u00e7me p\u00ebr nivelin e arsimit, p\u00ebrvoj\u00ebs dhe k\u00ebrkesat t\u00eb tjera t\u00eb posa\u00e7me p\u00ebr kategorin\u00eb, klas\u00ebn, grupin dhe pozicionin p\u00ebrkat\u00ebs.<\/li>\n<\/ul>\n<\/div><\/div><\/div><div class=\"fusion-panel fusion-toggle-no-divider fusion-toggle-boxed-mode panel-default fusion-faq-post fusion-faq-post-2887\"><span class=\"entry-title rich-snippet-hidden\">Si realizohet konkurrimi?<\/span><span class=\"vcard rich-snippet-hidden\"><span class=\"fn\"><a href=\"https:\/\/kmshc.al\/en\/author\/admin-interweb\/\" title=\"Posts by admin-interweb\" rel=\"author\">admin-interweb<\/a><\/span><\/span><span class=\"updated rich-snippet-hidden\">2024-05-09T15:23:59+00:00<\/span><div class=\"panel-heading\"><h3 id=\"faq_1-2887\" class=\"panel-title toggle\"><a data-toggle=\"collapse\" class=\"collapsed\" data-target=\"#collapse-1-2887\" href=\"#collapse-1-2887\" aria-expanded=\"false\"><div class=\"fusion-toggle-icon-wrapper\"><div class=\"fusion-toggle-icon-wrapper-main\"><div class=\"fusion-toggle-icon-wrapper-sub\"><i class=\"fa-fusion-box active-icon fa-times fas\" aria-hidden=\"true\"><\/i><i class=\"fa-fusion-box inactive-icon fa-plus fas\" aria-hidden=\"true\"><\/i><\/div><\/div><\/div><div class=\"fusion-toggle-heading\">Si realizohet konkurrimi?<\/div><\/a><\/h3><\/div><div id=\"collapse-1-2887\" aria-labelledby=\"faq_1-2887\" class=\"panel-collapse collapse\"><div class=\"panel-body toggle-content post-content\"><div class=\"vc_row wpb_row section vc_row-fluid\">\n<div class=\"full_section_inner clearfix\">\n<div class=\"wpb_column vc_column_container vc_col-sm-12\">\n<div class=\"vc_column-inner\">\n<div class=\"wpb_wrapper\">\n<div class=\"wpb_text_column wpb_content_element\">\n<div class=\"wpb_wrapper\">\n<p>Konkurrimi zhvillohet n\u00eb dy faza:<\/p>\n<ul>\n<li>Verifikimi paraprak, i cili ka p\u00ebr q\u00ebllim t\u00eb verifikoj\u00eb n\u00ebse kandidat\u00ebt plot\u00ebsojn\u00eb k\u00ebrkesat e p\u00ebrgjithshme dhe ato t\u00eb ve\u00e7anta, t\u00eb p\u00ebrcaktuara n\u00eb shpalljen p\u00ebr konkurrim<\/li>\n<li>Vler\u00ebsimi i kandidat\u00ebve<\/li>\n<\/ul>\n<\/div>\n<\/div>\n<\/div>\n<\/div>\n<\/div>\n<\/div>\n<\/div>\n<div class=\"vc_row wpb_row section vc_row-fluid\">\n<div class=\"full_section_inner clearfix\">\n<div class=\"wpb_column vc_column_container vc_col-sm-12\">\n<div class=\"vc_column-inner\">\n<div class=\"wpb_wrapper\">\n<div class=\"vc_empty_space\"><\/div>\n<\/div>\n<\/div>\n<\/div>\n<\/div>\n<\/div>\n<\/div><\/div><\/div><div class=\"fusion-panel fusion-toggle-no-divider fusion-toggle-boxed-mode panel-default fusion-faq-post fusion-faq-post-2890\"><span class=\"entry-title rich-snippet-hidden\">Si vler\u00ebsohen kandidat\u00ebt?<\/span><span class=\"vcard rich-snippet-hidden\"><span class=\"fn\"><a href=\"https:\/\/kmshc.al\/en\/author\/admin-interweb\/\" title=\"Posts by admin-interweb\" rel=\"author\">admin-interweb<\/a><\/span><\/span><span class=\"updated rich-snippet-hidden\">2024-05-09T15:25:07+00:00<\/span><div class=\"panel-heading\"><h3 id=\"faq_1-2890\" class=\"panel-title toggle\"><a data-toggle=\"collapse\" class=\"collapsed\" data-target=\"#collapse-1-2890\" href=\"#collapse-1-2890\" aria-expanded=\"false\"><div class=\"fusion-toggle-icon-wrapper\"><div class=\"fusion-toggle-icon-wrapper-main\"><div class=\"fusion-toggle-icon-wrapper-sub\"><i class=\"fa-fusion-box active-icon fa-times fas\" aria-hidden=\"true\"><\/i><i class=\"fa-fusion-box inactive-icon fa-plus fas\" aria-hidden=\"true\"><\/i><\/div><\/div><\/div><div class=\"fusion-toggle-heading\">Si vler\u00ebsohen kandidat\u00ebt?<\/div><\/a><\/h3><\/div><div id=\"collapse-1-2890\" aria-labelledby=\"faq_1-2890\" class=\"panel-collapse collapse\"><div class=\"panel-body toggle-content post-content\"><p>N\u00eb vler\u00ebsimin e kandidat\u00ebve p\u00ebrfshihen:<\/p>\n<ul>\n<li>Vler\u00ebsimi i jet\u00ebshkrimit t\u00eb kandidat\u00ebve, q\u00eb konsiston n\u00eb vler\u00ebsimin e arsimit, t\u00eb p\u00ebrvoj\u00ebs dhe trajnimeve, t\u00eb lidhura me fush\u00ebn;<\/li>\n<\/ul>\n<ul>\n<li>Vler\u00ebsimi nga testimi me shkrim;<\/li>\n<\/ul>\n<ul>\n<li>Vler\u00ebsimi nga intervista e strukturuar me goj\u00eb;<\/li>\n<\/ul>\n<\/div><\/div><\/div><div class=\"fusion-panel fusion-toggle-no-divider fusion-toggle-boxed-mode panel-default fusion-faq-post fusion-faq-post-2894\"><span class=\"entry-title rich-snippet-hidden\">Sa \u00ebsht\u00eb afati p\u00ebr t\u00eb ushtruar t\u00eb drejt\u00ebn e ankimimit p\u00ebr mos kualifikim?<\/span><span class=\"vcard rich-snippet-hidden\"><span class=\"fn\"><a href=\"https:\/\/kmshc.al\/en\/author\/admin-interweb\/\" title=\"Posts by admin-interweb\" rel=\"author\">admin-interweb<\/a><\/span><\/span><span class=\"updated rich-snippet-hidden\">2024-05-09T15:26:14+00:00<\/span><div class=\"panel-heading\"><h3 id=\"faq_1-2894\" class=\"panel-title toggle\"><a data-toggle=\"collapse\" class=\"collapsed\" data-target=\"#collapse-1-2894\" href=\"#collapse-1-2894\" aria-expanded=\"false\"><div class=\"fusion-toggle-icon-wrapper\"><div class=\"fusion-toggle-icon-wrapper-main\"><div class=\"fusion-toggle-icon-wrapper-sub\"><i class=\"fa-fusion-box active-icon fa-times fas\" aria-hidden=\"true\"><\/i><i class=\"fa-fusion-box inactive-icon fa-plus fas\" aria-hidden=\"true\"><\/i><\/div><\/div><\/div><div class=\"fusion-toggle-heading\">Sa \u00ebsht\u00eb afati p\u00ebr t\u00eb ushtruar t\u00eb drejt\u00ebn e ankimimit p\u00ebr mos kualifikim?<\/div><\/a><\/h3><\/div><div id=\"collapse-1-2894\" aria-labelledby=\"faq_1-2894\" class=\"panel-collapse collapse\"><div class=\"panel-body toggle-content post-content\"><div class=\"vc_row wpb_row section vc_row-fluid\">\n<div class=\"full_section_inner clearfix\">\n<div class=\"wpb_column vc_column_container vc_col-sm-12\">\n<div class=\"vc_column-inner\">\n<div class=\"wpb_wrapper\">\n<div class=\"wpb_text_column wpb_content_element\">\n<div class=\"wpb_wrapper\">\n<p>\u00c7do kandidat ka t\u00eb drejt\u00eb t\u00eb paraqes nj\u00eb ankes\u00eb me shkrim pran\u00eb \u201c<em>nj\u00ebsis\u00eb p\u00ebrgjegj\u00ebse<\/em>\u201d brenda 5 dit\u00ebve kalendarike nga data e njoftimit individual p\u00ebr mos kualifikimin e tij.<\/p>\n<p>Nj\u00ebsia p\u00ebrgjegj\u00ebse detyrohet ti kthej\u00eb ankuesit p\u00ebrgjigje brenda 5 dit\u00ebve kalendarike nga data e p\u00ebrfundimit t\u00eb afatit t\u00eb ankimit.<\/p>\n<\/div>\n<\/div>\n<\/div>\n<\/div>\n<\/div>\n<\/div>\n<\/div>\n<div class=\"vc_row wpb_row section vc_row-fluid\">\n<div class=\"full_section_inner clearfix\">\n<div class=\"wpb_column vc_column_container vc_col-sm-12\">\n<div class=\"vc_column-inner\">\n<div class=\"wpb_wrapper\">\n<div class=\"vc_empty_space\"><\/div>\n<\/div>\n<\/div>\n<\/div>\n<\/div>\n<\/div>\n<\/div><\/div><\/div><div class=\"fusion-panel fusion-toggle-no-divider fusion-toggle-boxed-mode panel-default fusion-faq-post fusion-faq-post-2898\"><span class=\"entry-title rich-snippet-hidden\">Kush e nxjerr aktin e em\u00ebrimit n\u00eb detyr\u00eb dhe cilat jan\u00eb efektet ligjore t\u00eb tij?<\/span><span class=\"vcard rich-snippet-hidden\"><span class=\"fn\"><a href=\"https:\/\/kmshc.al\/en\/author\/admin-interweb\/\" title=\"Posts by admin-interweb\" rel=\"author\">admin-interweb<\/a><\/span><\/span><span class=\"updated rich-snippet-hidden\">2024-05-09T15:27:09+00:00<\/span><div class=\"panel-heading\"><h3 id=\"faq_1-2898\" class=\"panel-title toggle\"><a data-toggle=\"collapse\" class=\"collapsed\" data-target=\"#collapse-1-2898\" href=\"#collapse-1-2898\" aria-expanded=\"false\"><div class=\"fusion-toggle-icon-wrapper\"><div class=\"fusion-toggle-icon-wrapper-main\"><div class=\"fusion-toggle-icon-wrapper-sub\"><i class=\"fa-fusion-box active-icon fa-times fas\" aria-hidden=\"true\"><\/i><i class=\"fa-fusion-box inactive-icon fa-plus fas\" aria-hidden=\"true\"><\/i><\/div><\/div><\/div><div class=\"fusion-toggle-heading\">Kush e nxjerr aktin e em\u00ebrimit n\u00eb detyr\u00eb dhe cilat jan\u00eb efektet ligjore t\u00eb tij?<\/div><\/a><\/h3><\/div><div id=\"collapse-1-2898\" aria-labelledby=\"faq_1-2898\" class=\"panel-collapse collapse\"><div class=\"panel-body toggle-content post-content\"><ul>\n<li>Akti i em\u00ebrimit nxirret nga \u201c<em>nj\u00ebsia p\u00ebrgjegj\u00ebse<\/em>\u201d, q\u00eb \u00ebsht\u00eb Departamenti i Administrat\u00ebs Publike p\u00ebr institucionet e administrat\u00ebs shtet\u00ebrore dhe nj\u00ebsia e burimeve njer\u00ebzore p\u00ebr institucionet e pavarura dhe bashkit\u00eb.<\/li>\n<\/ul>\n<ul>\n<li>Aktin e em\u00ebrimit del pas marrjes s\u00eb miratimit zyrtar nga ana e kandidatit fitues dhe dor\u00ebzimit prej tij t\u00eb formularit t\u00eb vet\u00ebdeklarimit (formularin e dekriminalizimit). Kandidati fitues i procedur\u00ebs s\u00eb pranimit n\u00eb sh\u00ebrbimin civil em\u00ebrohet n\u00ebpun\u00ebs civil n\u00eb periudh\u00eb prove.<\/li>\n<\/ul>\n<ul>\n<li>Kandidati fitues detyrohet t\u00eb paraqitet pran\u00eb institucionit ku \u00ebsht\u00eb em\u00ebruar jo m\u00eb von\u00eb se 5 dit\u00eb pune nga data e komunikimit t\u00eb aktit t\u00eb em\u00ebrimit.<\/li>\n<\/ul>\n<ul>\n<li>N\u00eb rast t\u00eb mosparaqitjes s\u00eb kandidatit fitues n\u00eb institucionin ku \u00ebsht\u00eb em\u00ebruar, brenda 5 dit\u00ebve kalendarike nga momenti i komunikimit t\u00eb aktit t\u00eb em\u00ebrimit, institucioni njofton brenda 5 dit\u00ebve pune nj\u00ebsin\u00eb p\u00ebrgjegj\u00ebse.<\/li>\n<\/ul>\n<ul>\n<li>Nj\u00ebsia p\u00ebrgjegj\u00ebse me marrjen e njoftimit p\u00ebr mosaraqitje n\u00eb pun\u00eb t\u00eb n\u00ebpun\u00ebsit t\u00eb em\u00ebruar filllon dhe ndjek procedur\u00ebn p\u00ebr anulimim e aktit t\u00eb em\u00ebrimit duke respektuar dispozitat p\u00ebrkat\u00ebse t\u00eb parashikuara n\u00eb Kodin e Procedurave Administrative.<\/li>\n<\/ul>\n<\/div><\/div><\/div><div class=\"fusion-panel fusion-toggle-no-divider fusion-toggle-boxed-mode panel-default fusion-faq-post fusion-faq-post-2904\"><span class=\"entry-title rich-snippet-hidden\">Kur fillojn\u00eb efektet financiare t\u00eb kandidatit t\u00eb em\u00ebruar?<\/span><span class=\"vcard rich-snippet-hidden\"><span class=\"fn\"><a href=\"https:\/\/kmshc.al\/en\/author\/admin-interweb\/\" title=\"Posts by admin-interweb\" rel=\"author\">admin-interweb<\/a><\/span><\/span><span class=\"updated rich-snippet-hidden\">2024-05-10T07:03:50+00:00<\/span><div class=\"panel-heading\"><h3 id=\"faq_1-2904\" class=\"panel-title toggle\"><a data-toggle=\"collapse\" class=\"collapsed\" data-target=\"#collapse-1-2904\" href=\"#collapse-1-2904\" aria-expanded=\"false\"><div class=\"fusion-toggle-icon-wrapper\"><div class=\"fusion-toggle-icon-wrapper-main\"><div class=\"fusion-toggle-icon-wrapper-sub\"><i class=\"fa-fusion-box active-icon fa-times fas\" aria-hidden=\"true\"><\/i><i class=\"fa-fusion-box inactive-icon fa-plus fas\" aria-hidden=\"true\"><\/i><\/div><\/div><\/div><div class=\"fusion-toggle-heading\">Kur fillojn\u00eb efektet financiare t\u00eb kandidatit t\u00eb em\u00ebruar?<\/div><\/a><\/h3><\/div><div id=\"collapse-1-2904\" aria-labelledby=\"faq_1-2904\" class=\"panel-collapse collapse\"><div class=\"panel-body toggle-content post-content\"><ul>\n<li>Institucioni pasi merr aktin e em\u00ebrimit, brenda 5 dit\u00ebve pune nga data e paraqitjes s\u00eb n\u00ebpun\u00ebsit t\u00eb em\u00ebruar detyrohet t\u00eb nxjerr\u00eb aktin e fillimit t\u00eb marr\u00ebdh\u00ebnieve financiare.<\/li>\n<\/ul>\n<ul>\n<li>Ky afat mund t\u00eb shtyhet me marr\u00ebveshje midis 2 pal\u00ebve, por jo m\u00eb shum\u00eb se nj\u00eb muaj nga data e nxjerrjes s\u00eb aktit t\u00eb em\u00ebrimit nga nj\u00ebsia p\u00ebrgjegj\u00ebse.<\/li>\n<\/ul>\n<\/div><\/div><\/div><div class=\"fusion-panel fusion-toggle-no-divider fusion-toggle-boxed-mode panel-default fusion-faq-post fusion-faq-post-2906\"><span class=\"entry-title rich-snippet-hidden\">Si b\u00ebhet konfirmimi i n\u00ebpun\u00ebsit civil?<\/span><span class=\"vcard rich-snippet-hidden\"><span class=\"fn\"><a href=\"https:\/\/kmshc.al\/en\/author\/admin-interweb\/\" title=\"Posts by admin-interweb\" rel=\"author\">admin-interweb<\/a><\/span><\/span><span class=\"updated rich-snippet-hidden\">2024-05-10T07:05:53+00:00<\/span><div class=\"panel-heading\"><h3 id=\"faq_1-2906\" class=\"panel-title toggle\"><a data-toggle=\"collapse\" class=\"collapsed\" data-target=\"#collapse-1-2906\" href=\"#collapse-1-2906\" aria-expanded=\"false\"><div class=\"fusion-toggle-icon-wrapper\"><div class=\"fusion-toggle-icon-wrapper-main\"><div class=\"fusion-toggle-icon-wrapper-sub\"><i class=\"fa-fusion-box active-icon fa-times fas\" aria-hidden=\"true\"><\/i><i class=\"fa-fusion-box inactive-icon fa-plus fas\" aria-hidden=\"true\"><\/i><\/div><\/div><\/div><div class=\"fusion-toggle-heading\">Si b\u00ebhet konfirmimi i n\u00ebpun\u00ebsit civil?<\/div><\/a><\/h3><\/div><div id=\"collapse-1-2906\" aria-labelledby=\"faq_1-2906\" class=\"panel-collapse collapse\"><div class=\"panel-body toggle-content post-content\"><p>\u00c7do person i em\u00ebruar p\u00ebr her\u00eb t\u00eb par\u00eb n\u00eb sh\u00ebrbimin civil n\u00eb kategorin\u00eb ekzekutive \u00ebsht\u00eb subjekt i nj\u00eb periudhe prove 1 vje\u00e7are, e cila fillon nga data e fillimit t\u00eb detyr\u00ebs. Ky mjet p\u00ebrdoret p\u00ebr t\u00eb vler\u00ebsuar n\u00ebse n\u00ebpun\u00ebsi \u00ebsht\u00eb i p\u00ebrshtatsh\u00ebm p\u00ebr t\u00eb punuar n\u00eb pozicionin e pun\u00ebs ku \u00ebsht\u00eb em\u00ebruar.<\/p>\n<p>Gjat\u00eb periudh\u00ebs s\u00eb prov\u00ebs, n\u00ebpun\u00ebsi do t\u00eb ndjek\u00eb programin e trajnimit t\u00eb detyruesh\u00ebm pran\u00eb ASPA-s dhe do t\u00eb realizoj\u00eb detyrat n\u00ebn udh\u00ebheqjen e nj\u00eb n\u00ebpun\u00ebsi civil m\u00eb t\u00eb vjet\u00ebr, i\/e cili\/a do ndihmoj\u00eb n\u00ebpun\u00ebsin t\u00eb kryej detyrat.<\/p>\n<p>Pas marrjes s\u00eb mendimit me shkrim nga n\u00ebpun\u00ebsi civil m\u00eb i vjet\u00ebr, eprori direkt \u00ebsht\u00eb i detyruar t\u00eb vendos\u00eb konfirmimin e n\u00ebpun\u00ebsit civil, n\u00ebse ka p\u00ebrfunduar me sukses trajnimin e detyruesh\u00ebm n\u00eb ASPA dhe \u00ebsht\u00eb vler\u00ebsuar t\u00eb pakt\u00ebn \u201ck\u00ebnaqsh\u00ebm\u201d.<\/p>\n<p>Nj\u00ebsia p\u00ebrgjegj\u00ebse nxjerr aktin e deklarimit t\u00eb statusit t\u00eb n\u00ebpun\u00ebsit brenda 10 (dhjet\u00eb) dit\u00ebve kalendarike nga data e njoftimit t\u00eb konfirmimit nga institucioni p\u00ebrkat\u00ebs.<\/p>\n<\/div><\/div><\/div><div class=\"fusion-panel fusion-toggle-no-divider fusion-toggle-boxed-mode panel-default fusion-faq-post fusion-faq-post-2908\"><span class=\"entry-title rich-snippet-hidden\">Cfar\u00eb \u00ebsht\u00eb l\u00ebvizja paralele n\u00eb sh\u00ebrbimin civil?<\/span><span class=\"vcard rich-snippet-hidden\"><span class=\"fn\"><a href=\"https:\/\/kmshc.al\/en\/author\/admin-interweb\/\" title=\"Posts by admin-interweb\" rel=\"author\">admin-interweb<\/a><\/span><\/span><span class=\"updated rich-snippet-hidden\">2024-05-10T07:19:25+00:00<\/span><div class=\"panel-heading\"><h3 id=\"faq_1-2908\" class=\"panel-title toggle\"><a data-toggle=\"collapse\" class=\"collapsed\" data-target=\"#collapse-1-2908\" href=\"#collapse-1-2908\" aria-expanded=\"false\"><div class=\"fusion-toggle-icon-wrapper\"><div class=\"fusion-toggle-icon-wrapper-main\"><div class=\"fusion-toggle-icon-wrapper-sub\"><i class=\"fa-fusion-box active-icon fa-times fas\" aria-hidden=\"true\"><\/i><i class=\"fa-fusion-box inactive-icon fa-plus fas\" aria-hidden=\"true\"><\/i><\/div><\/div><\/div><div class=\"fusion-toggle-heading\">Cfar\u00eb \u00ebsht\u00eb l\u00ebvizja paralele n\u00eb sh\u00ebrbimin civil?<\/div><\/a><\/h3><\/div><div id=\"collapse-1-2908\" aria-labelledby=\"faq_1-2908\" class=\"panel-collapse collapse\"><div class=\"panel-body toggle-content post-content\"><p>L\u00ebvizja paralele \u00ebsht\u00eb kalimi i n\u00ebpun\u00ebsit civil n\u00eb nj\u00eb pozicion pune t\u00eb t\u00eb nj\u00ebjtit nivel apo klas\u00eb brenda t\u00eb nj\u00ebjtit institucion ose n\u00eb nj\u00eb institucion tjet\u00ebr q\u00eb p\u00ebrfshihet n\u00eb administrat\u00ebn qendrore apo vendore.<\/p>\n<p>\u00c7do n\u00ebpun\u00ebs civil, ka mund\u00ebsin\u00eb t\u00eb l\u00ebvizi brenda sistemit t\u00eb sh\u00ebrbimit civil, duke aplikuar n\u00eb procedur\u00ebn e plot\u00ebsimit p\u00ebr nj\u00eb vendi t\u00eb lir\u00eb pune n\u00eb kategorin\u00eb q\u00eb zot\u00ebron, n\u00eb t\u00eb nj\u00ebjtin institucion apo n\u00eb nj\u00eb institucion tjet\u00ebr pjes\u00eb e sh\u00ebrbimit civil, n\u00ebp\u00ebrmjet procedur\u00ebs s\u00eb l\u00ebvizjes paralele.<\/p>\n<\/div><\/div><\/div><div class=\"fusion-panel fusion-toggle-no-divider fusion-toggle-boxed-mode panel-default fusion-faq-post fusion-faq-post-2910\"><span class=\"entry-title rich-snippet-hidden\">Si realizohet procedura e l\u00ebvizjes paralele?<\/span><span class=\"vcard rich-snippet-hidden\"><span class=\"fn\"><a href=\"https:\/\/kmshc.al\/en\/author\/admin-interweb\/\" title=\"Posts by admin-interweb\" rel=\"author\">admin-interweb<\/a><\/span><\/span><span class=\"updated rich-snippet-hidden\">2024-05-10T07:22:31+00:00<\/span><div class=\"panel-heading\"><h3 id=\"faq_1-2910\" class=\"panel-title toggle\"><a data-toggle=\"collapse\" class=\"collapsed\" data-target=\"#collapse-1-2910\" href=\"#collapse-1-2910\" aria-expanded=\"false\"><div class=\"fusion-toggle-icon-wrapper\"><div class=\"fusion-toggle-icon-wrapper-main\"><div class=\"fusion-toggle-icon-wrapper-sub\"><i class=\"fa-fusion-box active-icon fa-times fas\" aria-hidden=\"true\"><\/i><i class=\"fa-fusion-box inactive-icon fa-plus fas\" aria-hidden=\"true\"><\/i><\/div><\/div><\/div><div class=\"fusion-toggle-heading\">Si realizohet procedura e l\u00ebvizjes paralele?<\/div><\/a><\/h3><\/div><div id=\"collapse-1-2910\" aria-labelledby=\"faq_1-2910\" class=\"panel-collapse collapse\"><div class=\"panel-body toggle-content post-content\"><div class=\"vc_row wpb_row section vc_row-fluid\">\n<div class=\"full_section_inner clearfix\">\n<div class=\"wpb_column vc_column_container vc_col-sm-12\">\n<div class=\"vc_column-inner\">\n<div class=\"wpb_wrapper\">\n<div class=\"wpb_text_column wpb_content_element\">\n<div class=\"wpb_wrapper\">\n<p>Procedura e l\u00ebvizjes paralele p\u00ebrfshin dy faza:<\/p>\n<p>Faza e par\u00eb \u00ebsht\u00eb verifikimi i kandidat\u00ebve, t\u00eb cil\u00ebt p\u00ebrmbushin kushtet e l\u00ebvizjes paralele dhe k\u00ebrkesat e ve\u00e7anta t\u00eb p\u00ebrcaktuara n\u00eb shpalljen p\u00ebr konkurrim;<\/p>\n<p>Faza e dyt\u00eb \u00ebsht\u00eb vler\u00ebsimi i kandidat\u00ebve, ku p\u00ebrfshihen vler\u00ebsimi i p\u00ebrvoj\u00ebs n\u00eb pun\u00eb, trajnimet, kualifikimet e lidhura me fush\u00ebn p\u00ebrkat\u00ebse, si dhe vler\u00ebsimet pozitive dhe intervista e strukturuar me goj\u00eb.<\/p>\n<\/div>\n<\/div>\n<\/div>\n<\/div>\n<\/div>\n<\/div>\n<\/div>\n<div class=\"vc_row wpb_row section vc_row-fluid\">\n<div class=\"full_section_inner clearfix\">\n<div class=\"wpb_column vc_column_container vc_col-sm-12\">\n<div class=\"vc_column-inner\">\n<div class=\"wpb_wrapper\">\n<div class=\"vc_empty_space\"><\/div>\n<\/div>\n<\/div>\n<\/div>\n<\/div>\n<\/div>\n<\/div><\/div><\/div><div class=\"fusion-panel fusion-toggle-no-divider fusion-toggle-boxed-mode panel-default fusion-faq-post fusion-faq-post-2912\"><span class=\"entry-title rich-snippet-hidden\">Cfar\u00eb kushtet duhet t\u00eb plot\u00ebsoj\u00eb kandidati p\u00ebr t\u00eb marr\u00eb pjes\u00eb n\u00eb procedur\u00ebn e l\u00ebvizjes paralele?<\/span><span class=\"vcard rich-snippet-hidden\"><span class=\"fn\"><a href=\"https:\/\/kmshc.al\/en\/author\/admin-interweb\/\" title=\"Posts by admin-interweb\" rel=\"author\">admin-interweb<\/a><\/span><\/span><span class=\"updated rich-snippet-hidden\">2024-05-10T07:23:27+00:00<\/span><div class=\"panel-heading\"><h3 id=\"faq_1-2912\" class=\"panel-title toggle\"><a data-toggle=\"collapse\" class=\"collapsed\" data-target=\"#collapse-1-2912\" href=\"#collapse-1-2912\" aria-expanded=\"false\"><div class=\"fusion-toggle-icon-wrapper\"><div class=\"fusion-toggle-icon-wrapper-main\"><div class=\"fusion-toggle-icon-wrapper-sub\"><i class=\"fa-fusion-box active-icon fa-times fas\" aria-hidden=\"true\"><\/i><i class=\"fa-fusion-box inactive-icon fa-plus fas\" aria-hidden=\"true\"><\/i><\/div><\/div><\/div><div class=\"fusion-toggle-heading\">Cfar\u00eb kushtet duhet t\u00eb plot\u00ebsoj\u00eb kandidati p\u00ebr t\u00eb marr\u00eb pjes\u00eb n\u00eb procedur\u00ebn e l\u00ebvizjes paralele?<\/div><\/a><\/h3><\/div><div id=\"collapse-1-2912\" aria-labelledby=\"faq_1-2912\" class=\"panel-collapse collapse\"><div class=\"panel-body toggle-content post-content\"><div class=\"vc_row wpb_row section vc_row-fluid\">\n<div class=\"full_section_inner clearfix\">\n<div class=\"wpb_column vc_column_container vc_col-sm-12\">\n<div class=\"vc_column-inner\">\n<div class=\"wpb_wrapper\">\n<div class=\"wpb_text_column wpb_content_element\">\n<div class=\"wpb_wrapper\">\n<ul>\n<li>T\u00eb jet\u00eb n\u00ebpun\u00ebs civil i konfirmuar, brenda s\u00eb nj\u00ebjt\u00ebs kategori p\u00ebr t\u00eb cil\u00ebn aplikon;<\/li>\n<li>T\u00eb mos ket\u00eb mas\u00eb disiplinore n\u00eb fuqi;<\/li>\n<li>T\u00eb ket\u00eb t\u00eb pakt\u00ebn vler\u00ebsimin e fundit\u00a0<em>\u201cMir\u00eb\u201d\u00a0<\/em>apo<em>\u00a0\u201cShum\u00eb mir\u00eb\u201d;<\/em><\/li>\n<li>T\u00eb plot\u00ebsoj\u00eb kriteret e ve\u00e7anta t\u00eb p\u00ebrcaktuara n\u00eb shpalljen p\u00ebr konkurrim.<\/li>\n<\/ul>\n<\/div>\n<\/div>\n<\/div>\n<\/div>\n<\/div>\n<\/div>\n<\/div>\n<div class=\"vc_row wpb_row section vc_row-fluid\">\n<div class=\"full_section_inner clearfix\">\n<div class=\"wpb_column vc_column_container vc_col-sm-12\">\n<div class=\"vc_column-inner\">\n<div class=\"wpb_wrapper\">\n<div class=\"vc_empty_space\"><\/div>\n<\/div>\n<\/div>\n<\/div>\n<\/div>\n<\/div>\n<\/div><\/div><\/div><div class=\"fusion-panel fusion-toggle-no-divider fusion-toggle-boxed-mode panel-default fusion-faq-post fusion-faq-post-2918\"><span class=\"entry-title rich-snippet-hidden\">Si e vler\u00ebson Komisioni dokumentacionin e dor\u00ebzuar nga kandidati?<\/span><span class=\"vcard rich-snippet-hidden\"><span class=\"fn\"><a href=\"https:\/\/kmshc.al\/en\/author\/admin-interweb\/\" title=\"Posts by admin-interweb\" rel=\"author\">admin-interweb<\/a><\/span><\/span><span class=\"updated rich-snippet-hidden\">2024-05-10T07:26:00+00:00<\/span><div class=\"panel-heading\"><h3 id=\"faq_1-2918\" class=\"panel-title toggle\"><a data-toggle=\"collapse\" class=\"collapsed\" data-target=\"#collapse-1-2918\" href=\"#collapse-1-2918\" aria-expanded=\"false\"><div class=\"fusion-toggle-icon-wrapper\"><div class=\"fusion-toggle-icon-wrapper-main\"><div class=\"fusion-toggle-icon-wrapper-sub\"><i class=\"fa-fusion-box active-icon fa-times fas\" aria-hidden=\"true\"><\/i><i class=\"fa-fusion-box inactive-icon fa-plus fas\" aria-hidden=\"true\"><\/i><\/div><\/div><\/div><div class=\"fusion-toggle-heading\">Si e vler\u00ebson Komisioni dokumentacionin e dor\u00ebzuar nga kandidati?<\/div><\/a><\/h3><\/div><div id=\"collapse-1-2918\" aria-labelledby=\"faq_1-2918\" class=\"panel-collapse collapse\"><div class=\"panel-body toggle-content post-content\"><div class=\"vc_row wpb_row section vc_row-fluid\">\n<div class=\"full_section_inner clearfix\">\n<div class=\"wpb_column vc_column_container vc_col-sm-12\">\n<div class=\"vc_column-inner\">\n<div class=\"wpb_wrapper\">\n<div class=\"wpb_text_column wpb_content_element\">\n<div class=\"wpb_wrapper\">\n<p>Komisioni vler\u00ebson dokumentacionin e dor\u00ebzuar sipas skem\u00ebs s\u00eb m\u00ebposhtme:<\/p>\n<ul>\n<li>P\u00ebrvoja (20 pik\u00eb)<\/li>\n<li>Kualifikimi (10 pik\u00eb)<\/li>\n<li>Certifikimi\/Vler\u00ebsimi i n\u00ebpun\u00ebsit (10 pik\u00eb)<\/li>\n<\/ul>\n<p>Struktura e ndarjes s\u00eb pik\u00ebve t\u00eb vler\u00ebsimit t\u00eb kandidat\u00ebve \u00ebsht\u00eb:<\/p>\n<ul>\n<li>40 pik\u00eb p\u00ebr dokumentacionin e dor\u00ebzuar<\/li>\n<li>60 pik\u00eb intervista me goj\u00eb<\/li>\n<\/ul>\n<\/div>\n<\/div>\n<\/div>\n<\/div>\n<\/div>\n<\/div>\n<\/div>\n<div class=\"vc_row wpb_row section vc_row-fluid\">\n<div class=\"full_section_inner clearfix\">\n<div class=\"wpb_column vc_column_container vc_col-sm-12\">\n<div class=\"vc_column-inner\">\n<div class=\"wpb_wrapper\">\n<div class=\"vc_empty_space\"><\/div>\n<\/div>\n<\/div>\n<\/div>\n<\/div>\n<\/div>\n<\/div><\/div><\/div><div class=\"fusion-panel fusion-toggle-no-divider fusion-toggle-boxed-mode panel-default fusion-faq-post fusion-faq-post-2921\"><span class=\"entry-title rich-snippet-hidden\">Si b\u00ebhet l\u00ebvizja paralele brenda s\u00eb nj\u00ebjt\u00ebs kategori p\u00ebr plot\u00ebsimin e vendeve t\u00eb lira n\u00eb kategorin\u00eb e ul\u00ebt dhe t\u00eb mesme drejtuese dhe cilat jan\u00eb hapat q\u00eb ndiqen?<\/span><span class=\"vcard rich-snippet-hidden\"><span class=\"fn\"><a href=\"https:\/\/kmshc.al\/en\/author\/admin-interweb\/\" title=\"Posts by admin-interweb\" rel=\"author\">admin-interweb<\/a><\/span><\/span><span class=\"updated rich-snippet-hidden\">2024-05-10T07:29:21+00:00<\/span><div class=\"panel-heading\"><h3 id=\"faq_1-2921\" class=\"panel-title toggle\"><a data-toggle=\"collapse\" class=\"collapsed\" data-target=\"#collapse-1-2921\" href=\"#collapse-1-2921\" aria-expanded=\"false\"><div class=\"fusion-toggle-icon-wrapper\"><div class=\"fusion-toggle-icon-wrapper-main\"><div class=\"fusion-toggle-icon-wrapper-sub\"><i class=\"fa-fusion-box active-icon fa-times fas\" aria-hidden=\"true\"><\/i><i class=\"fa-fusion-box inactive-icon fa-plus fas\" aria-hidden=\"true\"><\/i><\/div><\/div><\/div><div class=\"fusion-toggle-heading\">Si b\u00ebhet l\u00ebvizja paralele brenda s\u00eb nj\u00ebjt\u00ebs kategori p\u00ebr plot\u00ebsimin e vendeve t\u00eb lira n\u00eb kategorin\u00eb e ul\u00ebt dhe t\u00eb mesme drejtuese dhe cilat jan\u00eb hapat q\u00eb ndiqen?<\/div><\/a><\/h3><\/div><div id=\"collapse-1-2921\" aria-labelledby=\"faq_1-2921\" class=\"panel-collapse collapse\"><div class=\"panel-body toggle-content post-content\"><p>L\u00ebvizja paralele p\u00ebr plot\u00ebsimin e vendeve t\u00eb lira n\u00eb kategorin\u00eb e ul\u00ebt dhe t\u00eb mesme drejtuese \u00ebsht\u00eb nj\u00eb procedur\u00eb disi ndryshe nga ajo e ngritjes n\u00eb detyr\u00eb, sepse n\u00eb t\u00eb nuk p\u00ebrfshihet faza e testimit me shkrim.<\/p>\n<p>Konkurrimi p\u00ebr procedur\u00ebn e l\u00ebvizjes paralele p\u00ebrfshin dy faza:<\/p>\n<ul>\n<li>verifikimin paraprak, n\u00ebse kandidat\u00ebt plot\u00ebsojn\u00eb kushtet dhe k\u00ebrkesat e posa\u00e7me p\u00ebr vendin\/vendet e lira, t\u00eb p\u00ebrcaktuara n\u00eb shpalljen p\u00ebr konkurrim;<\/li>\n<\/ul>\n<ul>\n<li>vler\u00ebsimin e kandidat\u00ebve, ku p\u00ebrfshihen vler\u00ebsimi i p\u00ebrvoj\u00ebs n\u00eb pun\u00eb, trajnimet, kualifikimet e lidhura me fush\u00ebn p\u00ebrkat\u00ebse, si dhe vler\u00ebsimet pozitive dhe intervista e strukturuar me goj\u00eb.<\/li>\n<\/ul>\n<p>Kushtet minimale q\u00eb duhet t\u00eb plot\u00ebsoj\u00eb kandidati p\u00ebr t\u00eb kaluar procedur\u00ebn e verifikimit paraprak jan\u00eb:<\/p>\n<ul>\n<li>t\u00eb jet\u00eb n\u00ebpun\u00ebs civil i konfirmuar, brenda s\u00eb nj\u00ebjt\u00ebs kategori p\u00ebr t\u00eb cil\u00ebn aplikon;<\/li>\n<li>t\u00eb mos ket\u00eb mas\u00eb disiplinore n\u00eb fuqi;<\/li>\n<li>t\u00eb ket\u00eb t\u00eb pakt\u00ebn vler\u00ebsimin e fundit \u201cMir\u00eb\u201d apo \u201cShum\u00eb mir\u00eb\u201d;<\/li>\n<li>t\u00eb plot\u00ebsoj\u00eb kushtet dhe k\u00ebrkesat e posa\u00e7me t\u00eb p\u00ebrcaktuara n\u00eb shpalljen p\u00ebr konkurrim.<\/li>\n<\/ul>\n<p>Shpallja \u00ebsht\u00eb e hapur p\u00ebr t\u00eb gjith\u00eb n\u00ebpun\u00ebsit civil\u00eb t\u00eb s\u00eb nj\u00ebjt\u00ebs kategori n\u00eb t\u00eb gjitha institucionet, pjes\u00eb e sh\u00ebrbimit civil. Dokumentacioni duhet t\u00eb dor\u00ebzohet brenda dat\u00ebs s\u00eb p\u00ebrcaktuar n\u00eb shpalljen p\u00ebr vendin e lir\u00eb. Kjo dat\u00eb p\u00ebrcaktohet duke siguruar q\u00eb afati i dor\u00ebzimit t\u00eb dokumentacionit t\u00eb mos jet\u00eb m\u00eb i vog\u00ebl se 10 (dhjet\u00eb) dit\u00eb kalendarike nga dita e par\u00eb e shpalljes.<\/p>\n<\/div><\/div><\/div><div class=\"fusion-panel fusion-toggle-no-divider fusion-toggle-boxed-mode panel-default fusion-faq-post fusion-faq-post-2924\"><span class=\"entry-title rich-snippet-hidden\">Si ndahet struktura e pik\u00ebve t\u00eb vler\u00ebsimit t\u00eb kandidatit p\u00ebr procedur\u00ebn e l\u00ebvizjes paralele?<\/span><span class=\"vcard rich-snippet-hidden\"><span class=\"fn\"><a href=\"https:\/\/kmshc.al\/en\/author\/admin-interweb\/\" title=\"Posts by admin-interweb\" rel=\"author\">admin-interweb<\/a><\/span><\/span><span class=\"updated rich-snippet-hidden\">2024-05-10T07:32:10+00:00<\/span><div class=\"panel-heading\"><h3 id=\"faq_1-2924\" class=\"panel-title toggle\"><a data-toggle=\"collapse\" class=\"collapsed\" data-target=\"#collapse-1-2924\" href=\"#collapse-1-2924\" aria-expanded=\"false\"><div class=\"fusion-toggle-icon-wrapper\"><div class=\"fusion-toggle-icon-wrapper-main\"><div class=\"fusion-toggle-icon-wrapper-sub\"><i class=\"fa-fusion-box active-icon fa-times fas\" aria-hidden=\"true\"><\/i><i class=\"fa-fusion-box inactive-icon fa-plus fas\" aria-hidden=\"true\"><\/i><\/div><\/div><\/div><div class=\"fusion-toggle-heading\">Si ndahet struktura e pik\u00ebve t\u00eb vler\u00ebsimit t\u00eb kandidatit p\u00ebr procedur\u00ebn e l\u00ebvizjes paralele?<\/div><\/a><\/h3><\/div><div id=\"collapse-1-2924\" aria-labelledby=\"faq_1-2924\" class=\"panel-collapse collapse\"><div class=\"panel-body toggle-content post-content\"><div class=\"vc_row wpb_row section vc_row-fluid\">\n<div class=\"full_section_inner clearfix\">\n<div class=\"wpb_column vc_column_container vc_col-sm-12\">\n<div class=\"vc_column-inner\">\n<div class=\"wpb_wrapper\">\n<div class=\"wpb_text_column wpb_content_element\">\n<div class=\"wpb_wrapper\">\n<p>Struktura e ndarjes s\u00eb pik\u00ebve t\u00eb vler\u00ebsimit t\u00eb kandidat\u00ebve, \u00ebsht\u00eb si m\u00eb posht\u00eb vijon:<\/p>\n<ul>\n<li>40 pik\u00eb p\u00ebr dokumentacionin e dor\u00ebzuar, i ndar\u00eb n\u00eb: 20 pik\u00eb p\u00ebrvoj\u00eb, 10 pik\u00eb p\u00ebr trajnime apo kualifikime t\u00eb lidhura me fush\u00ebn p\u00ebrkat\u00ebse, dhe 10 pik\u00eb p\u00ebr \u00e7ertifikimin pozitiv ose p\u00ebr vler\u00ebsimet e rezultateve individuale n\u00eb pun\u00eb n\u00eb rastet kur procesi i \u00e7ertifikimit nuk \u00ebsht\u00eb kryer;<\/li>\n<\/ul>\n<ul>\n<li>60 pik\u00eb intervista me goj\u00eb.<\/li>\n<\/ul>\n<\/div>\n<\/div>\n<\/div>\n<\/div>\n<\/div>\n<\/div>\n<\/div>\n<div class=\"vc_row wpb_row section vc_row-fluid\">\n<div class=\"full_section_inner clearfix\">\n<div class=\"wpb_column vc_column_container vc_col-sm-12\">\n<div class=\"vc_column-inner\">\n<div class=\"wpb_wrapper\">\n<div class=\"vc_empty_space\"><\/div>\n<\/div>\n<\/div>\n<\/div>\n<\/div>\n<\/div>\n<\/div><\/div><\/div><div class=\"fusion-panel fusion-toggle-no-divider fusion-toggle-boxed-mode panel-default fusion-faq-post fusion-faq-post-2932\"><span class=\"entry-title rich-snippet-hidden\">Si b\u00ebhet shpallja e kandidatit fitues?<\/span><span class=\"vcard rich-snippet-hidden\"><span class=\"fn\"><a href=\"https:\/\/kmshc.al\/en\/author\/admin-interweb\/\" title=\"Posts by admin-interweb\" rel=\"author\">admin-interweb<\/a><\/span><\/span><span class=\"updated rich-snippet-hidden\">2024-05-10T07:33:08+00:00<\/span><div class=\"panel-heading\"><h3 id=\"faq_1-2932\" class=\"panel-title toggle\"><a data-toggle=\"collapse\" class=\"collapsed\" data-target=\"#collapse-1-2932\" href=\"#collapse-1-2932\" aria-expanded=\"false\"><div class=\"fusion-toggle-icon-wrapper\"><div class=\"fusion-toggle-icon-wrapper-main\"><div class=\"fusion-toggle-icon-wrapper-sub\"><i class=\"fa-fusion-box active-icon fa-times fas\" aria-hidden=\"true\"><\/i><i class=\"fa-fusion-box inactive-icon fa-plus fas\" aria-hidden=\"true\"><\/i><\/div><\/div><\/div><div class=\"fusion-toggle-heading\">Si b\u00ebhet shpallja e kandidatit fitues?<\/div><\/a><\/h3><\/div><div id=\"collapse-1-2932\" aria-labelledby=\"faq_1-2932\" class=\"panel-collapse collapse\"><div class=\"panel-body toggle-content post-content\"><div class=\"vc_row wpb_row section vc_row-fluid\">\n<div class=\"full_section_inner clearfix\">\n<div class=\"wpb_column vc_column_container vc_col-sm-12\">\n<div class=\"vc_column-inner\">\n<div class=\"wpb_wrapper\">\n<div class=\"wpb_text_column wpb_content_element\">\n<div class=\"wpb_wrapper\">\n<ul>\n<li>Nj\u00ebsia p\u00ebrgjegj\u00ebse pas marrjes s\u00eb mendimit zyrtar nga kandidati\/kandidat\u00ebt fitues, shpall fituesin\/fituesit dhe b\u00ebn aktin e em\u00ebrimit t\u00eb kandidatit\/kandidat\u00ebve.<\/li>\n<\/ul>\n<ul>\n<li>Shpallja e fituesit\/fituesve b\u00ebhet n\u00eb faqen e internetit t\u00eb DAP-it dhe n\u00eb portalin\u00a0<em>\u201cSh\u00ebrbimi Komb\u00ebtar i Pun\u00ebsimit\u201d,<\/em>\u00a0nd\u00ebrsa p\u00ebr institucionet e pavarura dhe nj\u00ebsit\u00eb e qeverisjes vendore, p\u00ebrve\u00e7 portalit, ajo b\u00ebhet edhe n\u00eb stendat e informimit t\u00eb publikut.<\/li>\n<\/ul>\n<ul>\n<li>N\u00ebpun\u00ebsi civil i em\u00ebruar nuk i n\u00ebnshtrohet periudh\u00ebs s\u00eb prov\u00ebs.<\/li>\n<\/ul>\n<ul>\n<li>N\u00ebpun\u00ebsi civil q\u00eb em\u00ebrohet n\u00ebp\u00ebrmjet procedur\u00ebs s\u00eb l\u00ebvizjes paralele detyrohet t\u00eb b\u00ebj\u00eb dor\u00ebzimet n\u00eb pozicionin e m\u00ebparsh\u00ebm t\u00eb pun\u00ebs brenda 5 (pes\u00eb) dit\u00ebve pune.<\/li>\n<\/ul>\n<ul>\n<li>N\u00ebpun\u00ebsi civil detyrohet t\u00eb paraqitet, pran\u00eb institucionit ku \u00ebsht\u00eb em\u00ebruar, jo m\u00eb von\u00eb se 1 (nj\u00eb) dit\u00eb pune nga dita e p\u00ebrfundimit t\u00eb dor\u00ebzimit t\u00eb detyr\u00ebs pran\u00eb institucionit t\u00eb m\u00ebparsh\u00ebm.<\/li>\n<\/ul>\n<ul>\n<li>N\u00eb rast t\u00eb mosparaqitjes s\u00eb n\u00ebpun\u00ebsit civil brenda afatit t\u00eb p\u00ebrcaktuar, t\u00eb institucionit ku n\u00ebpun\u00ebsi \u00ebsht\u00eb em\u00ebruar, institucioni njofton nj\u00ebsin\u00eb p\u00ebrgjegj\u00ebse brenda 5 (pes\u00eb) dit\u00ebve pune nga p\u00ebrfundimi i afatit. N\u00eb k\u00ebt\u00eb rast nj\u00ebsia p\u00ebrgjegj\u00ebse vijon procedur\u00ebn me anulimin e aktit administrativ (akti i em\u00ebrimit), n\u00eb zbatim t\u00eb dispozitave t\u00eb Kodit t\u00eb Procedurave Administrative.<\/li>\n<\/ul>\n<\/div>\n<\/div>\n<\/div>\n<\/div>\n<\/div>\n<\/div>\n<\/div>\n<div class=\"vc_row wpb_row section vc_row-fluid\">\n<div class=\"full_section_inner clearfix\">\n<div class=\"wpb_column vc_column_container vc_col-sm-12\">\n<div class=\"vc_column-inner\">\n<div class=\"wpb_wrapper\">\n<div class=\"vc_empty_space\"><\/div>\n<\/div>\n<\/div>\n<\/div>\n<\/div>\n<\/div>\n<\/div><\/div><\/div><div class=\"fusion-panel fusion-toggle-no-divider fusion-toggle-boxed-mode panel-default fusion-faq-post fusion-faq-post-2953\"><span class=\"entry-title rich-snippet-hidden\">Kur aplikohet procedura e ngritjes n\u00eb detyr\u00eb?<\/span><span class=\"vcard rich-snippet-hidden\"><span class=\"fn\"><a href=\"https:\/\/kmshc.al\/en\/author\/admin-interweb\/\" title=\"Posts by admin-interweb\" rel=\"author\">admin-interweb<\/a><\/span><\/span><span class=\"updated rich-snippet-hidden\">2024-05-10T07:47:23+00:00<\/span><div class=\"panel-heading\"><h3 id=\"faq_1-2953\" class=\"panel-title toggle\"><a data-toggle=\"collapse\" class=\"collapsed\" data-target=\"#collapse-1-2953\" href=\"#collapse-1-2953\" aria-expanded=\"false\"><div class=\"fusion-toggle-icon-wrapper\"><div class=\"fusion-toggle-icon-wrapper-main\"><div class=\"fusion-toggle-icon-wrapper-sub\"><i class=\"fa-fusion-box active-icon fa-times fas\" aria-hidden=\"true\"><\/i><i class=\"fa-fusion-box inactive-icon fa-plus fas\" aria-hidden=\"true\"><\/i><\/div><\/div><\/div><div class=\"fusion-toggle-heading\">Kur aplikohet procedura e ngritjes n\u00eb detyr\u00eb?<\/div><\/a><\/h3><\/div><div id=\"collapse-1-2953\" aria-labelledby=\"faq_1-2953\" class=\"panel-collapse collapse\"><div class=\"panel-body toggle-content post-content\"><div class=\"vc_row wpb_row section vc_row-fluid\">\n<div class=\"full_section_inner clearfix\">\n<div class=\"wpb_column vc_column_container vc_col-sm-12\">\n<div class=\"vc_column-inner\">\n<div class=\"wpb_wrapper\">\n<div class=\"wpb_text_column wpb_content_element\">\n<div class=\"wpb_wrapper\">\n<p>N\u00eb rastet kur nj\u00eb vend vakant n\u00eb kategorin\u00eb e nivelit t\u00eb ul\u00ebt apo t\u00eb mes\u00ebm drejtues nuk plot\u00ebsohet n\u00ebp\u00ebrmjet procedur\u00ebs s\u00eb l\u00ebvizjes paralele, nj\u00ebsia p\u00ebrgjegj\u00ebse shpall procedur\u00ebn e ngritjes n\u00eb detyr\u00eb.<\/p>\n<p>N\u00eb rastin e ngritjes n\u00eb detyr\u00eb, kjo do t\u00eb shoq\u00ebrohet edhe me ndryshim t\u00eb nivelit t\u00eb pag\u00ebs, p\u00ebrgjegj\u00ebsis\u00eb dhe pritshm\u00ebris\u00eb p\u00ebr performanc\u00eb. Ngritja n\u00eb detyr\u00eb b\u00ebhet me konkurrim nd\u00ebrmjet n\u00ebpun\u00ebsve civil\u00eb t\u00eb s\u00eb nj\u00ebjt\u00ebs kategori, n\u00eb t\u00eb nj\u00ebjtin institucion apo nga institucione t\u00eb tjet\u00eb t\u00eb sh\u00ebrbimit civil.<\/p>\n<\/div>\n<\/div>\n<\/div>\n<\/div>\n<\/div>\n<\/div>\n<\/div>\n<div class=\"vc_row wpb_row section vc_row-fluid\">\n<div class=\"full_section_inner clearfix\">\n<div class=\"wpb_column vc_column_container vc_col-sm-12\">\n<div class=\"vc_column-inner\">\n<div class=\"wpb_wrapper\">\n<div class=\"vc_empty_space\"><\/div>\n<\/div>\n<\/div>\n<\/div>\n<\/div>\n<\/div>\n<\/div><\/div><\/div><div class=\"fusion-panel fusion-toggle-no-divider fusion-toggle-boxed-mode panel-default fusion-faq-post fusion-faq-post-2959\"><span class=\"entry-title rich-snippet-hidden\">Kush ka t\u00eb drejt\u00eb t\u00eb aplikoj\u00eb p\u00ebr plot\u00ebsimin e nj\u00eb pozicioni pune n\u00eb kategorin\u00eb e nivelit t\u00eb ul\u00ebt apo t\u00eb mes\u00ebm drejtues?<\/span><span class=\"vcard rich-snippet-hidden\"><span class=\"fn\"><a href=\"https:\/\/kmshc.al\/en\/author\/admin-interweb\/\" title=\"Posts by admin-interweb\" rel=\"author\">admin-interweb<\/a><\/span><\/span><span class=\"updated rich-snippet-hidden\">2024-05-10T07:48:43+00:00<\/span><div class=\"panel-heading\"><h3 id=\"faq_1-2959\" class=\"panel-title toggle\"><a data-toggle=\"collapse\" class=\"collapsed\" data-target=\"#collapse-1-2959\" href=\"#collapse-1-2959\" aria-expanded=\"false\"><div class=\"fusion-toggle-icon-wrapper\"><div class=\"fusion-toggle-icon-wrapper-main\"><div class=\"fusion-toggle-icon-wrapper-sub\"><i class=\"fa-fusion-box active-icon fa-times fas\" aria-hidden=\"true\"><\/i><i class=\"fa-fusion-box inactive-icon fa-plus fas\" aria-hidden=\"true\"><\/i><\/div><\/div><\/div><div class=\"fusion-toggle-heading\">Kush ka t\u00eb drejt\u00eb t\u00eb aplikoj\u00eb p\u00ebr plot\u00ebsimin e nj\u00eb pozicioni pune n\u00eb kategorin\u00eb e nivelit t\u00eb ul\u00ebt apo t\u00eb mes\u00ebm drejtues?<\/div><\/a><\/h3><\/div><div id=\"collapse-1-2959\" aria-labelledby=\"faq_1-2959\" class=\"panel-collapse collapse\"><div class=\"panel-body toggle-content post-content\"><p>Kan\u00eb t\u00eb drejt\u00eb t\u00eb aplikojn\u00eb n\u00eb procedur\u00ebn p\u00ebr l\u00ebvizje paralele dhe ngritje n\u00eb detyr\u00eb:<\/p>\n<p>N\u00ebpun\u00ebsit civil\u00eb t\u00eb s\u00eb nj\u00ebjt\u00ebs kategori, n\u00eb t\u00eb nj\u00ebjtin institucion apo n\u00eb nj\u00eb institucion tjet\u00ebr t\u00eb sh\u00ebrbimit civil, q\u00eb plot\u00ebsojn\u00eb kushtet dhe k\u00ebrkesat e posa\u00e7me p\u00ebr vendin\/vendet e lira;<br \/>\nN\u00ebpun\u00ebsit civil\u00eb t\u00eb nj\u00eb kategorie paraardh\u00ebse, t\u00eb pun\u00ebsuar n\u00eb t\u00eb nj\u00ebjtin apo n\u00eb nj\u00eb institucion tjet\u00ebr t\u00eb sh\u00ebrbimit civil, n\u00ebse plot\u00ebsojn\u00eb kushtet dhe k\u00ebrkesat e ve\u00e7anta p\u00ebr vendet e lira.<\/p>\n<\/div><\/div><\/div><div class=\"fusion-panel fusion-toggle-no-divider fusion-toggle-boxed-mode panel-default fusion-faq-post fusion-faq-post-2961\"><span class=\"entry-title rich-snippet-hidden\">Kur mund t\u00eb pranohen n\u00eb konkurrim kandidat\u00eb nga jasht\u00eb sh\u00ebrbimit civil?<\/span><span class=\"vcard rich-snippet-hidden\"><span class=\"fn\"><a href=\"https:\/\/kmshc.al\/en\/author\/admin-interweb\/\" title=\"Posts by admin-interweb\" rel=\"author\">admin-interweb<\/a><\/span><\/span><span class=\"updated rich-snippet-hidden\">2024-05-10T07:53:27+00:00<\/span><div class=\"panel-heading\"><h3 id=\"faq_1-2961\" class=\"panel-title toggle\"><a data-toggle=\"collapse\" class=\"collapsed\" data-target=\"#collapse-1-2961\" href=\"#collapse-1-2961\" aria-expanded=\"false\"><div class=\"fusion-toggle-icon-wrapper\"><div class=\"fusion-toggle-icon-wrapper-main\"><div class=\"fusion-toggle-icon-wrapper-sub\"><i class=\"fa-fusion-box active-icon fa-times fas\" aria-hidden=\"true\"><\/i><i class=\"fa-fusion-box inactive-icon fa-plus fas\" aria-hidden=\"true\"><\/i><\/div><\/div><\/div><div class=\"fusion-toggle-heading\">Kur mund t\u00eb pranohen n\u00eb konkurrim kandidat\u00eb nga jasht\u00eb sh\u00ebrbimit civil?<\/div><\/a><\/h3><\/div><div id=\"collapse-1-2961\" aria-labelledby=\"faq_1-2961\" class=\"panel-collapse collapse\"><div class=\"panel-body toggle-content post-content\"><ul>\n<li><strong><em>P\u00ebr pranimin n\u00eb kategorin\u00eb ekzekutive<\/em><\/strong><\/li>\n<\/ul>\n<p>&nbsp;<\/p>\n<p>Shpallja \u00ebsht\u00eb e hapur p\u00ebr t\u00eb gjith\u00eb kandidat\u00ebt nga jasht\u00eb sh\u00ebrbimit civil. Dokumentacioni duhet t\u00eb dor\u00ebzohet brenda dat\u00ebs s\u00eb p\u00ebrcaktuar n\u00eb shpalljen p\u00ebr konkurrim. Kjo dat\u00eb p\u00ebrcaktohet duke siguar q\u00eb afati i dor\u00ebzimit t\u00eb dokumentacionit t\u00eb mos jet\u00eb m\u00eb i vog\u00ebl se 15 dit\u00eb kalendarike nga dita e par\u00eb e shpalljes n\u00eb:<\/p>\n<ul>\n<li>Faqen zyrtare t\u00eb DAP-it dhe portalin\u00a0<em>\u2018Sh\u00ebrbimi Komb\u00ebtar i Pun\u00ebsimit\u201d,<\/em>\u00a0p\u00ebr institucionet e administrat\u00ebs shtet\u00ebrore<\/li>\n<li>Portalin\u00a0<em>\u201cSh\u00ebrbimi Komb\u00ebtar i Pun\u00ebsimit<\/em><em>\u201d<\/em><\/li>\n<li>N\u00eb faqen zyrtare t\u00eb internetit dhe n\u00eb ambianetet e brendshme, p\u00ebr institucionet e pavarura dhe nj\u00ebsit\u00eb e qeverisjes vendore.<\/li>\n<\/ul>\n<p>&nbsp;<\/p>\n<ul>\n<li><strong><em>P\u00ebr ngritjen n\u00eb detyr\u00eb<\/em><\/strong><\/li>\n<\/ul>\n<p><strong><em>\u00a0\u00a0\u00a0\u00a0\u00a0\u00a0\u00a0 \u00a0\u00a0\u00a0\u00a0\u00a0\u00a0\u00a0\u00a0\u00a0\u00a0\u00a0\u00a0\u00a0\u00a0\u00a0<\/em><\/strong><\/p>\n<ul>\n<li>N\u00eb rast se nj\u00eb vend vakant n\u00eb kategorin\u00eb e ul\u00ebt apo t\u00eb mesme drejtuese, nuk plot\u00ebsohet n\u00ebp\u00ebrmjet procedur\u00ebs s\u00eb l\u00ebvizjes paralele dhe K\u00ebshilli i Ministrave p\u00ebr institucionet e administrat\u00ebs shtet\u00ebrore apo organi kompetent p\u00ebr institucionet e pavarura ka marr\u00eb vendim q\u00eb procedura e plot\u00ebsimit t\u00eb vendeve t\u00eb lira p\u00ebr kategorin\u00eb e ul\u00ebt apo t\u00eb mesme drejtuese t\u00eb jet\u00eb e hapur edhe p\u00ebr kandidat\u00eb t\u00eb tjer\u00eb q\u00eb plot\u00ebsojn\u00eb kushtet dhe k\u00ebrkesat p\u00ebr vendin\/vendet e lira;<\/li>\n<\/ul>\n<ul>\n<li>N\u00eb \u00e7do rast plot\u00ebsimi i vendeve t\u00eb lira n\u00eb k\u00ebt\u00eb kategori nuk mund t\u00eb kaloj\u00eb 20% t\u00eb numrit total t\u00eb vendeve n\u00eb \u00e7do vit kalendarik.<\/li>\n<\/ul>\n<\/div><\/div><\/div><div class=\"fusion-panel fusion-toggle-no-divider fusion-toggle-boxed-mode panel-default fusion-faq-post fusion-faq-post-2963\"><span class=\"entry-title rich-snippet-hidden\">Cilat jan\u00eb rastet q\u00eb lejohet em\u00ebrimi i p\u00ebrkohsh\u00ebm?<\/span><span class=\"vcard rich-snippet-hidden\"><span class=\"fn\"><a href=\"https:\/\/kmshc.al\/en\/author\/admin-interweb\/\" title=\"Posts by admin-interweb\" rel=\"author\">admin-interweb<\/a><\/span><\/span><span class=\"updated rich-snippet-hidden\">2024-05-10T07:54:24+00:00<\/span><div class=\"panel-heading\"><h3 id=\"faq_1-2963\" class=\"panel-title toggle\"><a data-toggle=\"collapse\" class=\"collapsed\" data-target=\"#collapse-1-2963\" href=\"#collapse-1-2963\" aria-expanded=\"false\"><div class=\"fusion-toggle-icon-wrapper\"><div class=\"fusion-toggle-icon-wrapper-main\"><div class=\"fusion-toggle-icon-wrapper-sub\"><i class=\"fa-fusion-box active-icon fa-times fas\" aria-hidden=\"true\"><\/i><i class=\"fa-fusion-box inactive-icon fa-plus fas\" aria-hidden=\"true\"><\/i><\/div><\/div><\/div><div class=\"fusion-toggle-heading\">Cilat jan\u00eb rastet q\u00eb lejohet em\u00ebrimi i p\u00ebrkohsh\u00ebm?<\/div><\/a><\/h3><\/div><div id=\"collapse-1-2963\" aria-labelledby=\"faq_1-2963\" class=\"panel-collapse collapse\"><div class=\"panel-body toggle-content post-content\"><p>Mund t\u00eb em\u00ebrohen p\u00ebrkoh\u00ebsisht n\u00eb nj\u00eb pozicion t\u00eb rregullt t\u00eb sh\u00ebrbimit civil:<\/p>\n<ul>\n<li>n\u00ebpun\u00ebsit civil\u00eb t\u00eb cil\u00ebt jan\u00eb larguar nga sh\u00ebrbimi civil si pasoj\u00eb e mbylljes apo ristrukturimit t\u00eb institucionit;<\/li>\n<\/ul>\n<ul>\n<li>n\u00ebpun\u00ebsit civil\u00eb t\u00eb cil\u00ebt kan\u00eb p\u00ebrfunduar afatin e pezullimit dhe nuk jan\u00eb rikthyer n\u00eb vendin e m\u00ebparsh\u00ebm t\u00eb pun\u00ebs apo nuk jan\u00eb transferuar n\u00eb nj\u00eb vend tjet\u00ebr t\u00eb s\u00eb nj\u00ebj\u00ebs kategori, t\u00eb regjistruar n\u00eb listen e pritjes q\u00eb administrohet nga nj\u00ebsia p\u00ebrgjegj\u00ebse;<\/li>\n<\/ul>\n<ul>\n<li>n\u00ebpun\u00ebsit civil\u00eb q\u00eb kan\u00eb fituar gjyqin, dhe me vendim gjyq\u00ebsor t\u00eb form\u00ebs s\u00eb prer\u00eb Gjykata ka urdh\u00ebruar rikthimin e tyre n\u00eb detyr\u00eb, t\u00eb regjistruar n\u00eb list\u00eb pritjeje.<\/li>\n<\/ul>\n<\/div><\/div><\/div><div class=\"fusion-panel fusion-toggle-no-divider fusion-toggle-boxed-mode panel-default fusion-faq-post fusion-faq-post-2966\"><span class=\"entry-title rich-snippet-hidden\">Cilat jan\u00eb hapat q\u00eb ndiqen p\u00ebr em\u00ebrimin e p\u00ebrkohsh\u00ebm?<\/span><span class=\"vcard rich-snippet-hidden\"><span class=\"fn\"><a href=\"https:\/\/kmshc.al\/en\/author\/admin-interweb\/\" title=\"Posts by admin-interweb\" rel=\"author\">admin-interweb<\/a><\/span><\/span><span class=\"updated rich-snippet-hidden\">2024-05-10T07:55:27+00:00<\/span><div class=\"panel-heading\"><h3 id=\"faq_1-2966\" class=\"panel-title toggle\"><a data-toggle=\"collapse\" class=\"collapsed\" data-target=\"#collapse-1-2966\" href=\"#collapse-1-2966\" aria-expanded=\"false\"><div class=\"fusion-toggle-icon-wrapper\"><div class=\"fusion-toggle-icon-wrapper-main\"><div class=\"fusion-toggle-icon-wrapper-sub\"><i class=\"fa-fusion-box active-icon fa-times fas\" aria-hidden=\"true\"><\/i><i class=\"fa-fusion-box inactive-icon fa-plus fas\" aria-hidden=\"true\"><\/i><\/div><\/div><\/div><div class=\"fusion-toggle-heading\">Cilat jan\u00eb hapat q\u00eb ndiqen p\u00ebr em\u00ebrimin e p\u00ebrkohsh\u00ebm?<\/div><\/a><\/h3><\/div><div id=\"collapse-1-2966\" aria-labelledby=\"faq_1-2966\" class=\"panel-collapse collapse\"><div class=\"panel-body toggle-content post-content\"><p>Em\u00ebrimi i p\u00ebrkohsh\u00ebm n\u00eb kategorin\u00eb ekzekutive realizohet si m\u00eb posht\u00eb:<\/p>\n<p>Kandidat\u00ebt fitues q\u00eb nuk jan\u00eb em\u00ebruar n\u00eb nj\u00eb pozicion t\u00eb rregullt sipas parashikimeve ligjore mund t\u00eb em\u00ebrohen n\u00eb m\u00ebnyr\u00eb t\u00eb p\u00ebrkohshme nga nj\u00ebsia p\u00ebrgjegj\u00ebse, n\u00eb nj\u00eb pozicion pune i cili p\u00ebr arsye t\u00eb parashikuara nga ligji \u00ebsht\u00eb vakant p\u00ebrkoh\u00ebsisht.<\/p>\n<ul>\n<li>P\u00ebr administrat\u00ebn shtet\u00ebrore, nj\u00ebsia e burimeve njer\u00ebzore e institucionit ku krijohet pozicioni i pun\u00ebs vakant n\u00eb m\u00ebnyr\u00eb t\u00eb p\u00ebrkohshme, brenda 5 (pes\u00eb) dit\u00ebve kalendarike, i drejtohet DAP-it duke e njoftuar p\u00ebr pozicionin e pun\u00ebs dhe shkakun e vakanc\u00ebs s\u00eb p\u00ebrkohshme.<\/li>\n<\/ul>\n<ul>\n<li>Nj\u00ebsia p\u00ebrgjegj\u00ebse, p\u00ebrzgjedh nga grupi i administrimit t\u00eb p\u00ebrgjithsh\u00ebm\/posa\u00e7\u00ebm, q\u00eb i p\u00ebrshtatet k\u00ebrkesave t\u00eb vendit t\u00eb pun\u00ebs, kandidatin fitues q\u00eb ka mbetur n\u00eb list\u00eb pritje. P\u00ebrzgjedhja dhe njoftimi i kandidat\u00ebve b\u00ebhet n\u00eb baz\u00eb t\u00eb renditjes s\u00eb tyre n\u00eb list\u00eb sipas pik\u00ebve.<\/li>\n<\/ul>\n<ul>\n<li>N\u00ebse kandidati fitues jep p\u00eblqimin p\u00ebr em\u00ebrimin e p\u00ebrkohsh\u00ebm, nj\u00ebsia p\u00ebrgjegj\u00ebse nxjerr aktin e em\u00ebrimit t\u00eb p\u00ebrkohsh\u00ebm n\u00eb pozicionin e pun\u00ebs t\u00eb propozuar, brenda 3 (tri) dit\u00ebve kalendarike.<\/li>\n<\/ul>\n<ul>\n<li>Em\u00ebrimi i nj\u00eb kandidati fitues n\u00eb m\u00ebnyr\u00eb t\u00eb p\u00ebrkohshme nuk i heq atij t\u00eb drejt\u00ebn p\u00ebr t\u2019u em\u00ebruar n\u00eb m\u00ebnyr\u00eb t\u00eb p\u00ebrhershme n\u00eb rast t\u00eb krijimit t\u00eb nj\u00eb pozicioni pune t\u00eb lir\u00eb, gjat\u00eb koh\u00ebs s\u00eb vlefshm\u00ebris\u00eb s\u00eb list\u00ebs.<\/li>\n<\/ul>\n<ul>\n<li>Me p\u00ebrfundimin e em\u00ebrimit t\u00eb p\u00ebrkohsh\u00ebm, kandidati fitues, detyrohet t\u00eb b\u00ebj\u00eb dor\u00ebzimet p\u00ebrkat\u00ebse brenda 5 (pes\u00eb) dit\u00ebve pune.<\/li>\n<\/ul>\n<ul>\n<li>Em\u00ebrimi i p\u00ebrkohsh\u00ebm, pavar\u00ebsisht koh\u00ebzgjatjes s\u00eb tij nuk konsiderohet periudh\u00eb prove, n\u00eb rast se kandidati fitues em\u00ebrohet m\u00eb pas n\u00eb pozicion pune n\u00eb m\u00ebnyr\u00eb t\u00eb p\u00ebrhershme.<\/li>\n<\/ul>\n<p>E nj\u00ebjta procedur\u00eb ndiqet nga nj\u00ebsia p\u00ebrgjegj\u00ebse edhe n\u00eb rastet e em\u00ebrimit n\u00eb m\u00ebnyr\u00eb t\u00eb p\u00ebrkohshme t\u00eb n\u00eb pozicione pune t\u00eb kategoris\u00eb se ul\u00ebt dhe t\u00eb mesme drejtuese n\u00ebp\u00ebrmjet em\u00ebrimit t\u00eb:<\/p>\n<ol>\n<li>n\u00ebpun\u00ebsve civil\u00eb t\u00eb cil\u00ebt jan\u00eb larguar nga sh\u00ebrbimi civil si pasoj\u00eb e mbylljes apo ristrukturimit t\u00eb institucionit;<\/li>\n<li>n\u00ebpun\u00ebsve civil\u00eb t\u00eb cil\u00ebve u ka p\u00ebrfunduar afati i pezullimit n\u00eb p\u00ebrfundim t\u00eb t\u00eb cilit nuk jan\u00eb rikthyer n\u00eb vendin e m\u00ebparsh\u00ebm apo nuk jan\u00eb transferuar n\u00eb nj\u00eb vend tjet\u00ebr dhe q\u00eb jan\u00eb regjistruar n\u00eb list\u00ebn e cila administrohet nga nj\u00ebsia p\u00ebrgjegj\u00ebse;<\/li>\n<li>n\u00ebpun\u00ebsve civil\u00eb q\u00eb kan\u00eb fituar t\u00eb drejt\u00ebn p\u00ebr rikthim n\u00eb detyr\u00eb p\u00ebrmes nj\u00eb vendimi gjyq\u00ebsor t\u00eb form\u00ebs s\u00eb prer\u00eb dhe jan\u00eb regjistruar n\u00eb list\u00eb pritjeje.<\/li>\n<\/ol>\n<\/div><\/div><\/div><div class=\"fusion-panel fusion-toggle-no-divider fusion-toggle-boxed-mode panel-default fusion-faq-post fusion-faq-post-2968\"><span class=\"entry-title rich-snippet-hidden\">Cili \u00ebsht\u00eb kuptimi i nocionit \u201cPezullim\u201d n\u00eb Sh\u00ebrbimin Civil?<\/span><span class=\"vcard rich-snippet-hidden\"><span class=\"fn\"><a href=\"https:\/\/kmshc.al\/en\/author\/admin-interweb\/\" title=\"Posts by admin-interweb\" rel=\"author\">admin-interweb<\/a><\/span><\/span><span class=\"updated rich-snippet-hidden\">2024-05-10T07:56:28+00:00<\/span><div class=\"panel-heading\"><h3 id=\"faq_1-2968\" class=\"panel-title toggle\"><a data-toggle=\"collapse\" class=\"collapsed\" data-target=\"#collapse-1-2968\" href=\"#collapse-1-2968\" aria-expanded=\"false\"><div class=\"fusion-toggle-icon-wrapper\"><div class=\"fusion-toggle-icon-wrapper-main\"><div class=\"fusion-toggle-icon-wrapper-sub\"><i class=\"fa-fusion-box active-icon fa-times fas\" aria-hidden=\"true\"><\/i><i class=\"fa-fusion-box inactive-icon fa-plus fas\" aria-hidden=\"true\"><\/i><\/div><\/div><\/div><div class=\"fusion-toggle-heading\">Cili \u00ebsht\u00eb kuptimi i nocionit \u201cPezullim\u201d n\u00eb Sh\u00ebrbimin Civil?<\/div><\/a><\/h3><\/div><div id=\"collapse-1-2968\" aria-labelledby=\"faq_1-2968\" class=\"panel-collapse collapse\"><div class=\"panel-body toggle-content post-content\"><p>Pezullimi \u00ebsht\u00eb nj\u00eb institut tjet\u00ebr i r\u00ebnd\u00ebsish\u00ebm p\u00ebrsa i p\u00ebrket ligjit nr. 152\/2013,\u00a0<em>\"For the civil servant\"<\/em>\u00a0i ndryshuar. Pezullimi n\u00ebnkupton nd\u00ebrprerje t\u00eb p\u00ebrkohshme t\u00eb marr\u00ebdh\u00ebnieve n\u00eb sh\u00ebrbimin civil. Vjen si rezultat i arsyeve t\u00eb parashikuara n\u00eb ligjin p\u00ebr sh\u00ebrbimin civil apo me k\u00ebrkes\u00eb t\u00eb n\u00ebpun\u00ebsit civil.<\/p>\n<\/div><\/div><\/div><div class=\"fusion-panel fusion-toggle-no-divider fusion-toggle-boxed-mode panel-default fusion-faq-post fusion-faq-post-2970\"><span class=\"entry-title rich-snippet-hidden\">N\u00eb cilat raste pezullohet marr\u00ebdh\u00ebnia n\u00eb sh\u00ebrbimin civil?<\/span><span class=\"vcard rich-snippet-hidden\"><span class=\"fn\"><a href=\"https:\/\/kmshc.al\/en\/author\/admin-interweb\/\" title=\"Posts by admin-interweb\" rel=\"author\">admin-interweb<\/a><\/span><\/span><span class=\"updated rich-snippet-hidden\">2024-05-10T07:58:47+00:00<\/span><div class=\"panel-heading\"><h3 id=\"faq_1-2970\" class=\"panel-title toggle\"><a data-toggle=\"collapse\" class=\"collapsed\" data-target=\"#collapse-1-2970\" href=\"#collapse-1-2970\" aria-expanded=\"false\"><div class=\"fusion-toggle-icon-wrapper\"><div class=\"fusion-toggle-icon-wrapper-main\"><div class=\"fusion-toggle-icon-wrapper-sub\"><i class=\"fa-fusion-box active-icon fa-times fas\" aria-hidden=\"true\"><\/i><i class=\"fa-fusion-box inactive-icon fa-plus fas\" aria-hidden=\"true\"><\/i><\/div><\/div><\/div><div class=\"fusion-toggle-heading\">N\u00eb cilat raste pezullohet marr\u00ebdh\u00ebnia n\u00eb sh\u00ebrbimin civil?<\/div><\/a><\/h3><\/div><div id=\"collapse-1-2970\" aria-labelledby=\"faq_1-2970\" class=\"panel-collapse collapse\"><div class=\"panel-body toggle-content post-content\"><p>Rastet n\u00eb t\u00eb cilat \u00ebsht\u00eb parashikuar pezullimi n\u00eb sh\u00ebrbimin civil jan\u00eb si m\u00eb posht\u00eb:<\/p>\n<ul>\n<li>Em\u00ebrimi i n\u00ebpun\u00ebsit civil n\u00eb funksione q\u00eb jan\u00eb t\u00eb p\u00ebrjashtuara nga sh\u00ebrbimi civil si: em\u00ebrim n\u00eb pozicion ministri, z\u00ebvend\u00ebsministrit, funksionar\u00eb t\u00eb em\u00ebruar nga Kuvendi, Presidenti i Republik\u00ebs, K\u00ebshilli i Ministrave, ose em\u00ebrim n\u00eb pozicionin e ushtarakut t\u00eb Forcave t\u00eb Aramatosura;<\/li>\n<\/ul>\n<ul>\n<li>Transferimi i n\u00ebpun\u00ebsit civil n\u00eb nj\u00eb organizat\u00eb nd\u00ebrkomb\u00ebtare, qeveri t\u00eb huaj apo institucion nd\u00ebrkomb\u00ebtar, p\u00ebr shkak t\u00eb nevojave t\u00eb institucionit apo shtetit;<\/li>\n<\/ul>\n<ul>\n<li>N\u00eb zbatim t\u00eb nj\u00eb vendimi gjyq\u00ebsor p\u00ebrmes t\u00eb cilit \u00ebsht\u00eb urdh\u00ebruar si mas\u00eb ndaluese, pezullimi i ushtrimit t\u00eb detyr\u00ebs nga ana e n\u00ebpun\u00ebsit civil;<\/li>\n<li>N\u00eb zbatim t\u00eb nj\u00eb vendimi gjyq\u00ebsor t\u00eb form\u00ebs s\u00eb prer\u00eb p\u00ebr deklarimin e n\u00ebpun\u00ebsit civil t\u00eb zhdukur;<\/li>\n<\/ul>\n<ul>\n<li>Rregjistrimi n\u00eb p\u00ebrputhje me ligjin i n\u00ebpun\u00ebsit civil si kandidat n\u00eb zgjedhjet vendore apo politike;<\/li>\n<\/ul>\n<ul>\n<li>Kur n\u00ebpun\u00ebsi civil ndodhet n\u00eb konflikt t\u00eb vazhduesh\u00ebm t\u00eb gjendjes s\u00eb interesit t\u00eb deklaruar nga vet\u00eb ai;<\/li>\n<\/ul>\n<ul>\n<li>Kur n\u00ebpun\u00ebsi civil ndjek programin e formimit t\u00eb thelluar pran\u00eb ASPA-s.<\/li>\n<\/ul>\n<\/div><\/div><\/div><div class=\"fusion-panel fusion-toggle-no-divider fusion-toggle-boxed-mode panel-default fusion-faq-post fusion-faq-post-2975\"><span class=\"entry-title rich-snippet-hidden\">A ka t\u00eb drejt\u00eb n\u00ebpun\u00ebsi civil t\u00eb k\u00ebrkoj\u00eb pezullin e marr\u00ebdh\u00ebnies s\u00eb tij n\u00eb sh\u00ebribimin civil ?<\/span><span class=\"vcard rich-snippet-hidden\"><span class=\"fn\"><a href=\"https:\/\/kmshc.al\/en\/author\/admin-interweb\/\" title=\"Posts by admin-interweb\" rel=\"author\">admin-interweb<\/a><\/span><\/span><span class=\"updated rich-snippet-hidden\">2024-05-10T08:09:43+00:00<\/span><div class=\"panel-heading\"><h3 id=\"faq_1-2975\" class=\"panel-title toggle\"><a data-toggle=\"collapse\" class=\"collapsed\" data-target=\"#collapse-1-2975\" href=\"#collapse-1-2975\" aria-expanded=\"false\"><div class=\"fusion-toggle-icon-wrapper\"><div class=\"fusion-toggle-icon-wrapper-main\"><div class=\"fusion-toggle-icon-wrapper-sub\"><i class=\"fa-fusion-box active-icon fa-times fas\" aria-hidden=\"true\"><\/i><i class=\"fa-fusion-box inactive-icon fa-plus fas\" aria-hidden=\"true\"><\/i><\/div><\/div><\/div><div class=\"fusion-toggle-heading\">A ka t\u00eb drejt\u00eb n\u00ebpun\u00ebsi civil t\u00eb k\u00ebrkoj\u00eb pezullin e marr\u00ebdh\u00ebnies s\u00eb tij n\u00eb sh\u00ebribimin civil ?<\/div><\/a><\/h3><\/div><div id=\"collapse-1-2975\" aria-labelledby=\"faq_1-2975\" class=\"panel-collapse collapse\"><div class=\"panel-body toggle-content post-content\"><p>\u00c7do n\u00ebpun\u00ebs civil ka t\u00eb drejt\u00eb n\u00ebp\u00ebrmjet nj\u00eb k\u00ebrkese t\u00eb k\u00ebrkoj\u00eb pezullimin e marr\u00ebdh\u00ebnies n\u00eb sh\u00ebrbimin civil n\u00eb k\u00ebto raste:<\/p>\n<ul>\n<li>Kur zhvillon veprimtari n\u00eb kuad\u00ebr t\u00eb organizatave apo institucioneve nd\u00ebrkomb\u00ebtare;<\/li>\n<\/ul>\n<ul>\n<li>P\u00ebr periudha studimi m\u00eb shum\u00eb se 1 muaj deri n\u00eb 2 vjet, v\u00ebrtetuar me dokumentin p\u00ebrkat\u00ebs;<\/li>\n<\/ul>\n<ul>\n<li>P\u00ebr arsye sh\u00ebndet\u00ebsore t\u00eb tij apo njer\u00ebzve t\u00eb af\u00ebrm t\u00eb tij, t\u00eb v\u00ebrtetuar me dokument t\u00eb l\u00ebshuar nga institucioni sh\u00ebndet\u00ebsor brenda apo jasht\u00eb vendit;<\/li>\n<\/ul>\n<ul>\n<li>P\u00ebr pun\u00ebsim n\u00eb aktitvitet privat\/organizata jofitimprur\u00ebse brenda ose jasht\u00eb vendit, t\u00eb v\u00ebrtetuar me kontrat\u00ebn e pun\u00ebs t\u00eb lidhur me pun\u00ebdh\u00ebn\u00ebsin;<\/li>\n<\/ul>\n<ul>\n<li>P\u00ebr pun\u00ebsim n\u00eb nj\u00eb pozicion t\u00eb pakt\u00ebn t\u00eb t\u00eb nj\u00ebtit nivel n\u00eb nj\u00eb institucion t\u00eb administrat\u00ebs publike q\u00eb nuk \u00ebsht\u00eb pjes\u00eb e fush\u00ebs s\u00eb veprimit t\u00eb legjislacionit t\u00eb n\u00ebpun\u00ebsit civil;<\/li>\n<\/ul>\n<ul>\n<li>P\u00ebr pun\u00ebsim si ekspert\u00eb n\u00eb projekte t\u00eb ndryshme brenda ose jasht\u00eb vendit, t\u00eb v\u00ebrtetuar me kontrat\u00ebn p\u00ebrkat\u00ebse<strong><em>.<\/em><\/strong><\/li>\n<\/ul>\n<\/div><\/div><\/div><div class=\"fusion-panel fusion-toggle-no-divider fusion-toggle-boxed-mode panel-default fusion-faq-post fusion-faq-post-2981\"><span class=\"entry-title rich-snippet-hidden\">Cilat jan\u00eb rastet kur nuk lejohet pezullimi?<\/span><span class=\"vcard rich-snippet-hidden\"><span class=\"fn\"><a href=\"https:\/\/kmshc.al\/en\/author\/admin-interweb\/\" title=\"Posts by admin-interweb\" rel=\"author\">admin-interweb<\/a><\/span><\/span><span class=\"updated rich-snippet-hidden\">2024-05-10T08:13:12+00:00<\/span><div class=\"panel-heading\"><h3 id=\"faq_1-2981\" class=\"panel-title toggle\"><a data-toggle=\"collapse\" class=\"collapsed\" data-target=\"#collapse-1-2981\" href=\"#collapse-1-2981\" aria-expanded=\"false\"><div class=\"fusion-toggle-icon-wrapper\"><div class=\"fusion-toggle-icon-wrapper-main\"><div class=\"fusion-toggle-icon-wrapper-sub\"><i class=\"fa-fusion-box active-icon fa-times fas\" aria-hidden=\"true\"><\/i><i class=\"fa-fusion-box inactive-icon fa-plus fas\" aria-hidden=\"true\"><\/i><\/div><\/div><\/div><div class=\"fusion-toggle-heading\">Cilat jan\u00eb rastet kur nuk lejohet pezullimi?<\/div><\/a><\/h3><\/div><div id=\"collapse-1-2981\" aria-labelledby=\"faq_1-2981\" class=\"panel-collapse collapse\"><div class=\"panel-body toggle-content post-content\"><div class=\"vc_row wpb_row section vc_row-fluid\">\n<div class=\"full_section_inner clearfix\">\n<div class=\"wpb_column vc_column_container vc_col-sm-12\">\n<div class=\"vc_column-inner\">\n<div class=\"wpb_wrapper\">\n<div class=\"wpb_text_column wpb_content_element\">\n<div class=\"wpb_wrapper\">\n<p>Pezullimi nuk lejohet p\u00ebr:<\/p>\n<ul>\n<li>P\u00ebr n\u00ebpun\u00ebsit civil\u00eb n\u00eb periudh\u00eb prove;<\/li>\n<\/ul>\n<ul>\n<li>N\u00ebpun\u00ebsit civil\u00eb t\u00eb em\u00ebruar n\u00eb pozicione t\u00eb nivelit t\u00eb ul\u00ebt apo t\u00eb mes\u00ebm drejtues, t\u00eb rekrutuar nga jasht\u00eb sistemit t\u00eb sh\u00ebrbimit civil t\u00eb cil\u00ebt nuk kan\u00eb plot\u00ebsuar t\u00eb pakt\u00ebn nj\u00eb vit pune n\u00eb pozicionin n\u00eb t\u00eb cilin jan\u00eb em\u00ebruar.<\/li>\n<\/ul>\n<\/div>\n<\/div>\n<\/div>\n<\/div>\n<\/div>\n<\/div>\n<\/div>\n<div class=\"vc_row wpb_row section vc_row-fluid\">\n<div class=\"full_section_inner clearfix\">\n<div class=\"wpb_column vc_column_container vc_col-sm-12\">\n<div class=\"vc_column-inner\">\n<div class=\"wpb_wrapper\">\n<div class=\"vc_empty_space\"><\/div>\n<\/div>\n<\/div>\n<\/div>\n<\/div>\n<\/div>\n<\/div><\/div><\/div><div class=\"fusion-panel fusion-toggle-no-divider fusion-toggle-boxed-mode panel-default fusion-faq-post fusion-faq-post-2985\"><span class=\"entry-title rich-snippet-hidden\">\u00c7far\u00eb kuptojm\u00eb me strukturim t\u00eb institucionit?<\/span><span class=\"vcard rich-snippet-hidden\"><span class=\"fn\"><a href=\"https:\/\/kmshc.al\/en\/author\/admin-interweb\/\" title=\"Posts by admin-interweb\" rel=\"author\">admin-interweb<\/a><\/span><\/span><span class=\"updated rich-snippet-hidden\">2024-05-10T08:16:13+00:00<\/span><div class=\"panel-heading\"><h3 id=\"faq_1-2985\" class=\"panel-title toggle\"><a data-toggle=\"collapse\" class=\"collapsed\" data-target=\"#collapse-1-2985\" href=\"#collapse-1-2985\" aria-expanded=\"false\"><div class=\"fusion-toggle-icon-wrapper\"><div class=\"fusion-toggle-icon-wrapper-main\"><div class=\"fusion-toggle-icon-wrapper-sub\"><i class=\"fa-fusion-box active-icon fa-times fas\" aria-hidden=\"true\"><\/i><i class=\"fa-fusion-box inactive-icon fa-plus fas\" aria-hidden=\"true\"><\/i><\/div><\/div><\/div><div class=\"fusion-toggle-heading\">\u00c7far\u00eb kuptojm\u00eb me strukturim t\u00eb institucionit?<\/div><\/a><\/h3><\/div><div id=\"collapse-1-2985\" aria-labelledby=\"faq_1-2985\" class=\"panel-collapse collapse\"><div class=\"panel-body toggle-content post-content\"><div class=\"vc_row wpb_row section vc_row-fluid\">\n<div class=\"full_section_inner clearfix\">\n<div class=\"wpb_column vc_column_container vc_col-sm-12\">\n<div class=\"vc_column-inner\">\n<div class=\"wpb_wrapper\">\n<div class=\"wpb_text_column wpb_content_element\">\n<div class=\"wpb_wrapper\">\n<p>Strukturimi i institucioneve n\u00ebnkupton organizimin e brendsh\u00ebm t\u00eb nj\u00eb institucioni t\u00eb krijuar p\u00ebr her\u00eb t\u00eb par\u00eb (struktura dhe organika). Strukturimi i institucionit fillon n\u00eb momentin e krijimit t\u00eb nj\u00eb institucioni.<\/p>\n<\/div>\n<\/div>\n<\/div>\n<\/div>\n<\/div>\n<\/div>\n<\/div>\n<div class=\"vc_row wpb_row section vc_row-fluid\">\n<div class=\"full_section_inner clearfix\">\n<div class=\"wpb_column vc_column_container vc_col-sm-12\">\n<div class=\"vc_column-inner\">\n<div class=\"wpb_wrapper\">\n<div class=\"vc_empty_space\"><\/div>\n<\/div>\n<\/div>\n<\/div>\n<\/div>\n<\/div>\n<\/div><\/div><\/div><div class=\"fusion-panel fusion-toggle-no-divider fusion-toggle-boxed-mode panel-default fusion-faq-post fusion-faq-post-2987\"><span class=\"entry-title rich-snippet-hidden\">Kur ndodh ristrukturimi i institucionit?<\/span><span class=\"vcard rich-snippet-hidden\"><span class=\"fn\"><a href=\"https:\/\/kmshc.al\/en\/author\/admin-interweb\/\" title=\"Posts by admin-interweb\" rel=\"author\">admin-interweb<\/a><\/span><\/span><span class=\"updated rich-snippet-hidden\">2024-05-10T08:17:17+00:00<\/span><div class=\"panel-heading\"><h3 id=\"faq_1-2987\" class=\"panel-title toggle\"><a data-toggle=\"collapse\" class=\"collapsed\" data-target=\"#collapse-1-2987\" href=\"#collapse-1-2987\" aria-expanded=\"false\"><div class=\"fusion-toggle-icon-wrapper\"><div class=\"fusion-toggle-icon-wrapper-main\"><div class=\"fusion-toggle-icon-wrapper-sub\"><i class=\"fa-fusion-box active-icon fa-times fas\" aria-hidden=\"true\"><\/i><i class=\"fa-fusion-box inactive-icon fa-plus fas\" aria-hidden=\"true\"><\/i><\/div><\/div><\/div><div class=\"fusion-toggle-heading\">Kur ndodh ristrukturimi i institucionit?<\/div><\/a><\/h3><\/div><div id=\"collapse-1-2987\" aria-labelledby=\"faq_1-2987\" class=\"panel-collapse collapse\"><div class=\"panel-body toggle-content post-content\"><div class=\"vc_row wpb_row section vc_row-fluid\">\n<div class=\"full_section_inner clearfix\">\n<div class=\"wpb_column vc_column_container vc_col-sm-12\">\n<div class=\"vc_column-inner\">\n<div class=\"wpb_wrapper\">\n<div class=\"wpb_text_column wpb_content_element\">\n<div class=\"wpb_wrapper\">\n<ul>\n<li>Ka pasur ndryshime t\u00eb misionit t\u00eb institucionit;<\/li>\n<li>Jan\u00eb shtuar apo pak\u00ebsuar vende pune si pasoj\u00eb e ndryshimit t\u00eb funksione t\u00eb institucionit;<\/li>\n<li>Kan\u00eb ndryshuar kriteret e vendit t\u00eb pun\u00ebs;<\/li>\n<li>K\u00ebrkohet nj\u00eb rishp\u00ebrndarje e ndryshme e burimeve t\u00eb shtuara apo t\u00eb pak\u00ebsuara p\u00ebr kryerjen e funksioneve.<\/li>\n<\/ul>\n<\/div>\n<\/div>\n<\/div>\n<\/div>\n<\/div>\n<\/div>\n<\/div>\n<div class=\"vc_row wpb_row section vc_row-fluid\">\n<div class=\"full_section_inner clearfix\">\n<div class=\"wpb_column vc_column_container vc_col-sm-12\">\n<div class=\"vc_column-inner\">\n<div class=\"wpb_wrapper\">\n<div class=\"vc_empty_space\"><\/div>\n<\/div>\n<\/div>\n<\/div>\n<\/div>\n<\/div>\n<\/div><\/div><\/div><div class=\"fusion-panel fusion-toggle-no-divider fusion-toggle-boxed-mode panel-default fusion-faq-post fusion-faq-post-2989\"><span class=\"entry-title rich-snippet-hidden\">Kur fillon transferimi i n\u00ebpun\u00ebsve?<\/span><span class=\"vcard rich-snippet-hidden\"><span class=\"fn\"><a href=\"https:\/\/kmshc.al\/en\/author\/admin-interweb\/\" title=\"Posts by admin-interweb\" rel=\"author\">admin-interweb<\/a><\/span><\/span><span class=\"updated rich-snippet-hidden\">2024-05-10T08:18:13+00:00<\/span><div class=\"panel-heading\"><h3 id=\"faq_1-2989\" class=\"panel-title toggle\"><a data-toggle=\"collapse\" class=\"collapsed\" data-target=\"#collapse-1-2989\" href=\"#collapse-1-2989\" aria-expanded=\"false\"><div class=\"fusion-toggle-icon-wrapper\"><div class=\"fusion-toggle-icon-wrapper-main\"><div class=\"fusion-toggle-icon-wrapper-sub\"><i class=\"fa-fusion-box active-icon fa-times fas\" aria-hidden=\"true\"><\/i><i class=\"fa-fusion-box inactive-icon fa-plus fas\" aria-hidden=\"true\"><\/i><\/div><\/div><\/div><div class=\"fusion-toggle-heading\">Kur fillon transferimi i n\u00ebpun\u00ebsve?<\/div><\/a><\/h3><\/div><div id=\"collapse-1-2989\" aria-labelledby=\"faq_1-2989\" class=\"panel-collapse collapse\"><div class=\"panel-body toggle-content post-content\"><p>Procesi I transferimit t\u00eb n\u00ebpun\u00ebsve\/punonj\u00ebsve fillon n\u00eb momentin e nxjerrjes\/miratimit t\u00eb aktit administrativ q\u00eb miraton struktur\u00ebn dhe organik\u00ebn e re t\u00eb institucionit.<\/p>\n<\/div><\/div><\/div><div class=\"fusion-panel fusion-toggle-no-divider fusion-toggle-boxed-mode panel-default fusion-faq-post fusion-faq-post-2991\"><span class=\"entry-title rich-snippet-hidden\">Cili \u00ebsht\u00eb organi i cili shqyrton mund\u00ebsist\u00eb e sistemimit t\u00eb n\u00ebpun\u00ebsve n\u00eb rast ristrukturimi\/mbyllje?<\/span><span class=\"vcard rich-snippet-hidden\"><span class=\"fn\"><a href=\"https:\/\/kmshc.al\/en\/author\/admin-interweb\/\" title=\"Posts by admin-interweb\" rel=\"author\">admin-interweb<\/a><\/span><\/span><span class=\"updated rich-snippet-hidden\">2024-05-10T08:20:38+00:00<\/span><div class=\"panel-heading\"><h3 id=\"faq_1-2991\" class=\"panel-title toggle\"><a data-toggle=\"collapse\" class=\"collapsed\" data-target=\"#collapse-1-2991\" href=\"#collapse-1-2991\" aria-expanded=\"false\"><div class=\"fusion-toggle-icon-wrapper\"><div class=\"fusion-toggle-icon-wrapper-main\"><div class=\"fusion-toggle-icon-wrapper-sub\"><i class=\"fa-fusion-box active-icon fa-times fas\" aria-hidden=\"true\"><\/i><i class=\"fa-fusion-box inactive-icon fa-plus fas\" aria-hidden=\"true\"><\/i><\/div><\/div><\/div><div class=\"fusion-toggle-heading\">Cili \u00ebsht\u00eb organi i cili shqyrton mund\u00ebsist\u00eb e sistemimit t\u00eb n\u00ebpun\u00ebsve n\u00eb rast ristrukturimi\/mbyllje?<\/div><\/a><\/h3><\/div><div id=\"collapse-1-2991\" aria-labelledby=\"faq_1-2991\" class=\"panel-collapse collapse\"><div class=\"panel-body toggle-content post-content\"><div class=\"vc_row wpb_row section vc_row-fluid\">\n<div class=\"full_section_inner clearfix\">\n<div class=\"wpb_column vc_column_container vc_col-sm-12\">\n<div class=\"vc_column-inner\">\n<div class=\"wpb_wrapper\">\n<div class=\"wpb_text_column wpb_content_element\">\n<div class=\"wpb_wrapper\">\n<p>N\u00eb rastet e mbylljes apo ristrukturimit, nj\u00ebsia p\u00ebrgjegj\u00ebse krijon nj\u00eb komision ristrukturimi, i cili shqyrton mund\u00ebsit\u00eb e sistemimit t\u00eb \u00e7do n\u00ebpun\u00ebsi civil n\u00eb vendet e lira ekzistuese dhe propozon transferimin e n\u00ebpun\u00ebsit n\u00eb nj\u00eb pozicion t\u00eb lir\u00eb t\u00eb s\u00eb nj\u00ebjt\u00ebs kategori, apo t\u00eb nj\u00eb kategorie m\u00eb t\u00eb ul\u00ebt vet\u00ebm me p\u00eblqimin e tij, ku vler\u00ebsohet se n\u00ebpun\u00ebsi I plot\u00ebson k\u00ebrkesat specifike t\u00eb vendit t\u00eb pun\u00ebs.<\/p>\n<\/div>\n<\/div>\n<\/div>\n<\/div>\n<\/div>\n<\/div>\n<\/div>\n<div class=\"vc_row wpb_row section vc_row-fluid\">\n<div class=\"full_section_inner clearfix\">\n<div class=\"wpb_column vc_column_container vc_col-sm-12\">\n<div class=\"vc_column-inner\">\n<div class=\"wpb_wrapper\">\n<div class=\"vc_empty_space\"><\/div>\n<\/div>\n<\/div>\n<\/div>\n<\/div>\n<\/div>\n<\/div><\/div><\/div><div class=\"fusion-panel fusion-toggle-no-divider fusion-toggle-boxed-mode panel-default fusion-faq-post fusion-faq-post-2993\"><span class=\"entry-title rich-snippet-hidden\">A lejohet lirimi nga sh\u00ebrbimi civil p\u00ebr shkak t\u00eb ristrukturimit apo mbylljes s\u00eb institucionit?<\/span><span class=\"vcard rich-snippet-hidden\"><span class=\"fn\"><a href=\"https:\/\/kmshc.al\/en\/author\/admin-interweb\/\" title=\"Posts by admin-interweb\" rel=\"author\">admin-interweb<\/a><\/span><\/span><span class=\"updated rich-snippet-hidden\">2024-05-10T08:21:40+00:00<\/span><div class=\"panel-heading\"><h3 id=\"faq_1-2993\" class=\"panel-title toggle\"><a data-toggle=\"collapse\" class=\"collapsed\" data-target=\"#collapse-1-2993\" href=\"#collapse-1-2993\" aria-expanded=\"false\"><div class=\"fusion-toggle-icon-wrapper\"><div class=\"fusion-toggle-icon-wrapper-main\"><div class=\"fusion-toggle-icon-wrapper-sub\"><i class=\"fa-fusion-box active-icon fa-times fas\" aria-hidden=\"true\"><\/i><i class=\"fa-fusion-box inactive-icon fa-plus fas\" aria-hidden=\"true\"><\/i><\/div><\/div><\/div><div class=\"fusion-toggle-heading\">A lejohet lirimi nga sh\u00ebrbimi civil p\u00ebr shkak t\u00eb ristrukturimit apo mbylljes s\u00eb institucionit?<\/div><\/a><\/h3><\/div><div id=\"collapse-1-2993\" aria-labelledby=\"faq_1-2993\" class=\"panel-collapse collapse\"><div class=\"panel-body toggle-content post-content\"><p>P\u00ebrfundimi i marr\u00ebdh\u00ebnies n\u00eb sh\u00ebrbimin civil p\u00ebr shkak t\u00eb ristrukturimit apo mbylljes s\u00eb institucionit nuk lejohet, me p\u00ebrjashtim t\u00eb rasteve kur, si pasoj\u00eb e k\u00ebtyre procedurave ka shkurtim t\u00eb numrit t\u00eb p\u00ebrgjithsh\u00ebm t\u00eb n\u00ebpun\u00ebsve civil\u00eb.<\/p>\n<\/div><\/div><\/div><div class=\"fusion-panel fusion-toggle-no-divider fusion-toggle-boxed-mode panel-default fusion-faq-post fusion-faq-post-2995\"><span class=\"entry-title rich-snippet-hidden\">Kush e merr vendimin p\u00ebrfundimtar\u00eb t\u00eb transferimit?<\/span><span class=\"vcard rich-snippet-hidden\"><span class=\"fn\"><a href=\"https:\/\/kmshc.al\/en\/author\/admin-interweb\/\" title=\"Posts by admin-interweb\" rel=\"author\">admin-interweb<\/a><\/span><\/span><span class=\"updated rich-snippet-hidden\">2024-05-10T08:22:53+00:00<\/span><div class=\"panel-heading\"><h3 id=\"faq_1-2995\" class=\"panel-title toggle\"><a data-toggle=\"collapse\" class=\"collapsed\" data-target=\"#collapse-1-2995\" href=\"#collapse-1-2995\" aria-expanded=\"false\"><div class=\"fusion-toggle-icon-wrapper\"><div class=\"fusion-toggle-icon-wrapper-main\"><div class=\"fusion-toggle-icon-wrapper-sub\"><i class=\"fa-fusion-box active-icon fa-times fas\" aria-hidden=\"true\"><\/i><i class=\"fa-fusion-box inactive-icon fa-plus fas\" aria-hidden=\"true\"><\/i><\/div><\/div><\/div><div class=\"fusion-toggle-heading\">Kush e merr vendimin p\u00ebrfundimtar\u00eb t\u00eb transferimit?<\/div><\/a><\/h3><\/div><div id=\"collapse-1-2995\" aria-labelledby=\"faq_1-2995\" class=\"panel-collapse collapse\"><div class=\"panel-body toggle-content post-content\"><div class=\"vc_row wpb_row section vc_row-fluid\">\n<div class=\"full_section_inner clearfix\">\n<div class=\"wpb_column vc_column_container vc_col-sm-12\">\n<div class=\"vc_column-inner\">\n<div class=\"wpb_wrapper\">\n<div class=\"wpb_text_column wpb_content_element\">\n<div class=\"wpb_wrapper\">\n<p>Nj\u00ebsia p\u00ebrgjegj\u00ebse merr vendimin p\u00ebrfundimtar t\u00eb transferimit pas marrjes s\u00eb propozimit t\u00eb arsyetuar t\u00eb Komisionit t\u00eb Ristrukturimit.<\/p>\n<\/div>\n<\/div>\n<\/div>\n<\/div>\n<\/div>\n<\/div>\n<\/div>\n<div class=\"vc_row wpb_row section vc_row-fluid\">\n<div class=\"full_section_inner clearfix\">\n<div class=\"wpb_column vc_column_container vc_col-sm-12\">\n<div class=\"vc_column-inner\">\n<div class=\"wpb_wrapper\">\n<div class=\"vc_empty_space\"><\/div>\n<\/div>\n<\/div>\n<\/div>\n<\/div>\n<\/div>\n<\/div><\/div><\/div><div class=\"fusion-panel fusion-toggle-no-divider fusion-toggle-boxed-mode panel-default fusion-faq-post fusion-faq-post-2997\"><span class=\"entry-title rich-snippet-hidden\">Nga kush drejtohet Komisioni i ristrukturimit?<\/span><span class=\"vcard rich-snippet-hidden\"><span class=\"fn\"><a href=\"https:\/\/kmshc.al\/en\/author\/admin-interweb\/\" title=\"Posts by admin-interweb\" rel=\"author\">admin-interweb<\/a><\/span><\/span><span class=\"updated rich-snippet-hidden\">2024-05-10T08:24:01+00:00<\/span><div class=\"panel-heading\"><h3 id=\"faq_1-2997\" class=\"panel-title toggle\"><a data-toggle=\"collapse\" class=\"collapsed\" data-target=\"#collapse-1-2997\" href=\"#collapse-1-2997\" aria-expanded=\"false\"><div class=\"fusion-toggle-icon-wrapper\"><div class=\"fusion-toggle-icon-wrapper-main\"><div class=\"fusion-toggle-icon-wrapper-sub\"><i class=\"fa-fusion-box active-icon fa-times fas\" aria-hidden=\"true\"><\/i><i class=\"fa-fusion-box inactive-icon fa-plus fas\" aria-hidden=\"true\"><\/i><\/div><\/div><\/div><div class=\"fusion-toggle-heading\">Nga kush drejtohet Komisioni i ristrukturimit?<\/div><\/a><\/h3><\/div><div id=\"collapse-1-2997\" aria-labelledby=\"faq_1-2997\" class=\"panel-collapse collapse\"><div class=\"panel-body toggle-content post-content\"><p>Komisioni i Ristrukturimit, drejtohet nga nj\u00ebsia p\u00ebrgjegj\u00ebse dhe n\u00eb t\u00eb b\u00ebjn\u00eb pjes\u00eb p\u00ebrfaq\u00ebsues:<\/p>\n<ul>\n<li>t\u00eb institucioneve ku n\u00ebpun\u00ebsi \u00ebsht\u00eb em\u00ebruar;<\/li>\n<li>t\u00eb institucioneve, me t\u00eb cilin institucioni \u00ebsht\u00eb shkrir\u00eb apo bashkuar, n\u00eb nj\u00eb nga institucionet, n\u00eb t\u00eb cilat institucioni \u00ebsht\u00eb ndar\u00eb apo n\u00eb institucionin q\u00eb ka marr\u00eb funksionet q\u00eb kryente m\u00eb par\u00eb n\u00ebpun\u00ebsi;<\/li>\n<li>n\u00eb institucionet e var\u00ebsis\u00eb s\u00eb institucionit t\u00eb ristrukturuar;<\/li>\n<li>n\u00eb nj\u00eb institucion tjet\u00ebr t\u00eb sh\u00ebrbimit civil.<\/li>\n<\/ul>\n<\/div><\/div><\/div><div class=\"fusion-panel fusion-toggle-no-divider fusion-toggle-boxed-mode panel-default fusion-faq-post fusion-faq-post-2999\"><span class=\"entry-title rich-snippet-hidden\">Sa koh\u00eb para ristrukturimit\/mbylljes nj\u00ebsia p\u00ebrgjegjes\u00eb duhet t\u00eb njoftoj\u00eb n\u00ebpun\u00ebsit?<\/span><span class=\"vcard rich-snippet-hidden\"><span class=\"fn\"><a href=\"https:\/\/kmshc.al\/en\/author\/admin-interweb\/\" title=\"Posts by admin-interweb\" rel=\"author\">admin-interweb<\/a><\/span><\/span><span class=\"updated rich-snippet-hidden\">2024-05-10T08:25:04+00:00<\/span><div class=\"panel-heading\"><h3 id=\"faq_1-2999\" class=\"panel-title toggle\"><a data-toggle=\"collapse\" class=\"collapsed\" data-target=\"#collapse-1-2999\" href=\"#collapse-1-2999\" aria-expanded=\"false\"><div class=\"fusion-toggle-icon-wrapper\"><div class=\"fusion-toggle-icon-wrapper-main\"><div class=\"fusion-toggle-icon-wrapper-sub\"><i class=\"fa-fusion-box active-icon fa-times fas\" aria-hidden=\"true\"><\/i><i class=\"fa-fusion-box inactive-icon fa-plus fas\" aria-hidden=\"true\"><\/i><\/div><\/div><\/div><div class=\"fusion-toggle-heading\">Sa koh\u00eb para ristrukturimit\/mbylljes nj\u00ebsia p\u00ebrgjegjes\u00eb duhet t\u00eb njoftoj\u00eb n\u00ebpun\u00ebsit?<\/div><\/a><\/h3><\/div><div id=\"collapse-1-2999\" aria-labelledby=\"faq_1-2999\" class=\"panel-collapse collapse\"><div class=\"panel-body toggle-content post-content\"><div class=\"vc_row wpb_row section vc_row-fluid\">\n<div class=\"full_section_inner clearfix\">\n<div class=\"wpb_column vc_column_container vc_col-sm-12\">\n<div class=\"vc_column-inner\">\n<div class=\"wpb_wrapper\">\n<div class=\"wpb_text_column wpb_content_element\">\n<div class=\"wpb_wrapper\">\n<p>Nj\u00ebsia p\u00ebrgjegj\u00ebse detyrohet q\u00eb t\u00eb njoftoj\u00eb individualisht n\u00ebpun\u00ebsit e institucionit q\u00eb do t\u00eb ristrukturohet apo mbyllet 1 muaj p\u00ebrpara p\u00ebr fillimin e procedur\u00ebs.<\/p>\n<\/div>\n<\/div>\n<\/div>\n<\/div>\n<\/div>\n<\/div>\n<\/div>\n<div class=\"vc_row wpb_row section vc_row-fluid\">\n<div class=\"full_section_inner clearfix\">\n<div class=\"wpb_column vc_column_container vc_col-sm-12\">\n<div class=\"vc_column-inner\">\n<div class=\"wpb_wrapper\">\n<div class=\"vc_empty_space\"><\/div>\n<\/div>\n<\/div>\n<\/div>\n<\/div>\n<\/div>\n<\/div><\/div><\/div><div class=\"fusion-panel fusion-toggle-no-divider fusion-toggle-boxed-mode panel-default fusion-faq-post fusion-faq-post-3001\"><span class=\"entry-title rich-snippet-hidden\">Cilat jan\u00eb shkaqet e refuzimit t\u00eb transferimit?<\/span><span class=\"vcard rich-snippet-hidden\"><span class=\"fn\"><a href=\"https:\/\/kmshc.al\/en\/author\/admin-interweb\/\" title=\"Posts by admin-interweb\" rel=\"author\">admin-interweb<\/a><\/span><\/span><span class=\"updated rich-snippet-hidden\">2024-05-10T08:27:44+00:00<\/span><div class=\"panel-heading\"><h3 id=\"faq_1-3001\" class=\"panel-title toggle\"><a data-toggle=\"collapse\" class=\"collapsed\" data-target=\"#collapse-1-3001\" href=\"#collapse-1-3001\" aria-expanded=\"false\"><div class=\"fusion-toggle-icon-wrapper\"><div class=\"fusion-toggle-icon-wrapper-main\"><div class=\"fusion-toggle-icon-wrapper-sub\"><i class=\"fa-fusion-box active-icon fa-times fas\" aria-hidden=\"true\"><\/i><i class=\"fa-fusion-box inactive-icon fa-plus fas\" aria-hidden=\"true\"><\/i><\/div><\/div><\/div><div class=\"fusion-toggle-heading\">Cilat jan\u00eb shkaqet e refuzimit t\u00eb transferimit?<\/div><\/a><\/h3><\/div><div id=\"collapse-1-3001\" aria-labelledby=\"faq_1-3001\" class=\"panel-collapse collapse\"><div class=\"panel-body toggle-content post-content\"><p>N\u00ebpun\u00ebsi civil p\u00ebr t\u00eb cilin nj\u00ebsia p\u00ebrgjegj\u00ebse ka nxjerr\u00eb aktin e transferimit, ka t\u00eb drejt\u00eb t\u00eb refuzoj\u00eb transferimin vet\u00ebm p\u00ebr shkaqet e m\u00ebposhtme:<\/p>\n<ul>\n<li>kur gjendja e tij sh\u00ebndet\u00ebsore, provuar me v\u00ebrtetim mjek\u00ebsor, e b\u00ebn transferimin t\u00eb pamundur;<\/li>\n<li>n\u00ebse vendi ku transferohet gjendet m\u00eb shum\u00eb se 45 km nga vendbanimi i n\u00ebpun\u00ebsit civil.<\/li>\n<li>Refuzimi i transferimit n\u00eb \u00e7do rast tjet\u00ebr p\u00ebrb\u00ebn shkak p\u00ebr lirimin nga sh\u00ebrbimi civil.<\/li>\n<\/ul>\n<\/div><\/div><\/div><div class=\"fusion-panel fusion-toggle-no-divider fusion-toggle-boxed-mode panel-default fusion-faq-post fusion-faq-post-3003\"><span class=\"entry-title rich-snippet-hidden\">Si p\u00ebrkufizohet transferimi?<\/span><span class=\"vcard rich-snippet-hidden\"><span class=\"fn\"><a href=\"https:\/\/kmshc.al\/en\/author\/admin-interweb\/\" title=\"Posts by admin-interweb\" rel=\"author\">admin-interweb<\/a><\/span><\/span><span class=\"updated rich-snippet-hidden\">2024-05-10T08:29:08+00:00<\/span><div class=\"panel-heading\"><h3 id=\"faq_1-3003\" class=\"panel-title toggle\"><a data-toggle=\"collapse\" class=\"collapsed\" data-target=\"#collapse-1-3003\" href=\"#collapse-1-3003\" aria-expanded=\"false\"><div class=\"fusion-toggle-icon-wrapper\"><div class=\"fusion-toggle-icon-wrapper-main\"><div class=\"fusion-toggle-icon-wrapper-sub\"><i class=\"fa-fusion-box active-icon fa-times fas\" aria-hidden=\"true\"><\/i><i class=\"fa-fusion-box inactive-icon fa-plus fas\" aria-hidden=\"true\"><\/i><\/div><\/div><\/div><div class=\"fusion-toggle-heading\">Si p\u00ebrkufizohet transferimi?<\/div><\/a><\/h3><\/div><div id=\"collapse-1-3003\" aria-labelledby=\"faq_1-3003\" class=\"panel-collapse collapse\"><div class=\"panel-body toggle-content post-content\"><div class=\"vc_row wpb_row section vc_row-fluid\">\n<div class=\"full_section_inner clearfix\">\n<div class=\"wpb_column vc_column_container vc_col-sm-12\">\n<div class=\"vc_column-inner\">\n<div class=\"wpb_wrapper\">\n<div class=\"wpb_text_column wpb_content_element\">\n<div class=\"wpb_wrapper\">\n<p>Transferimi n\u00eb sh\u00ebrbimin civil n\u00ebnkupton procesin e caktimit n\u00eb m\u00ebnyr\u00eb t\u00eb p\u00ebrkohshme ose t\u00eb p\u00ebrhershme t\u00eb n\u00ebpun\u00ebsit civil nga nj\u00eb pozicion n\u00eb nj\u00eb tjet\u00ebr pozicion t\u00eb sh\u00ebrbimit civil. Transferimi mund t\u00eb jet\u00eb i p\u00ebrkohsh\u00ebm ose i p\u00ebrhersh\u00ebm.<\/p>\n<\/div>\n<\/div>\n<\/div>\n<\/div>\n<\/div>\n<\/div>\n<\/div>\n<div class=\"vc_row wpb_row section vc_row-fluid\">\n<div class=\"full_section_inner clearfix\">\n<div class=\"wpb_column vc_column_container vc_col-sm-12\">\n<div class=\"vc_column-inner\">\n<div class=\"wpb_wrapper\">\n<div class=\"vc_empty_space\"><\/div>\n<\/div>\n<\/div>\n<\/div>\n<\/div>\n<\/div>\n<\/div><\/div><\/div><div class=\"fusion-panel fusion-toggle-no-divider fusion-toggle-boxed-mode panel-default fusion-faq-post fusion-faq-post-3005\"><span class=\"entry-title rich-snippet-hidden\">\u00c7far\u00eb kuptojm\u00eb me transferim t\u00eb p\u00ebrkohsh\u00ebm?<\/span><span class=\"vcard rich-snippet-hidden\"><span class=\"fn\"><a href=\"https:\/\/kmshc.al\/en\/author\/admin-interweb\/\" title=\"Posts by admin-interweb\" rel=\"author\">admin-interweb<\/a><\/span><\/span><span class=\"updated rich-snippet-hidden\">2024-05-10T08:30:18+00:00<\/span><div class=\"panel-heading\"><h3 id=\"faq_1-3005\" class=\"panel-title toggle\"><a data-toggle=\"collapse\" class=\"collapsed\" data-target=\"#collapse-1-3005\" href=\"#collapse-1-3005\" aria-expanded=\"false\"><div class=\"fusion-toggle-icon-wrapper\"><div class=\"fusion-toggle-icon-wrapper-main\"><div class=\"fusion-toggle-icon-wrapper-sub\"><i class=\"fa-fusion-box active-icon fa-times fas\" aria-hidden=\"true\"><\/i><i class=\"fa-fusion-box inactive-icon fa-plus fas\" aria-hidden=\"true\"><\/i><\/div><\/div><\/div><div class=\"fusion-toggle-heading\">\u00c7far\u00eb kuptojm\u00eb me transferim t\u00eb p\u00ebrkohsh\u00ebm?<\/div><\/a><\/h3><\/div><div id=\"collapse-1-3005\" aria-labelledby=\"faq_1-3005\" class=\"panel-collapse collapse\"><div class=\"panel-body toggle-content post-content\"><div class=\"vc_row wpb_row section vc_row-fluid\">\n<div class=\"full_section_inner clearfix\">\n<div class=\"wpb_column vc_column_container vc_col-sm-12\">\n<div class=\"vc_column-inner\">\n<div class=\"wpb_wrapper\">\n<div class=\"wpb_text_column wpb_content_element\">\n<div class=\"wpb_wrapper\">\n<p>Transferimi i p\u00ebrkohsh\u00ebm \u00ebsht\u00eb caktimi i n\u00ebpun\u00ebsit civil p\u00ebrkoh\u00ebsisht n\u00eb nj\u00eb pozicion tjet\u00ebr t\u00eb sh\u00ebrbimit civil brenda t\u00eb nj\u00ebjt\u00ebs kategori. Transferimi i p\u00ebrkohsh\u00ebm mund t\u00eb jet\u00eb brenda t\u00eb nj\u00ebjtit institucion ose n\u00eb nj\u00eb institucion tjet\u00ebr p\u00ebr arsye t\u00eb institucionit, p\u00ebrmir\u00ebsim t\u00eb rezultateve n\u00eb pun\u00eb, apo paaft\u00ebsi e p\u00ebrkohshme sh\u00ebndet\u00ebsore.<\/p>\n<\/div>\n<\/div>\n<\/div>\n<\/div>\n<\/div>\n<\/div>\n<\/div>\n<div class=\"vc_row wpb_row section vc_row-fluid\">\n<div class=\"full_section_inner clearfix\">\n<div class=\"wpb_column vc_column_container vc_col-sm-12\">\n<div class=\"vc_column-inner\">\n<div class=\"wpb_wrapper\">\n<div class=\"vc_empty_space\"><\/div>\n<\/div>\n<\/div>\n<\/div>\n<\/div>\n<\/div>\n<\/div><\/div><\/div><div class=\"fusion-panel fusion-toggle-no-divider fusion-toggle-boxed-mode panel-default fusion-faq-post fusion-faq-post-3007\"><span class=\"entry-title rich-snippet-hidden\">\u00c7far\u00eb kuptojm\u00eb me transferim t\u00eb p\u00ebrhersh\u00ebm?<\/span><span class=\"vcard rich-snippet-hidden\"><span class=\"fn\"><a href=\"https:\/\/kmshc.al\/en\/author\/admin-interweb\/\" title=\"Posts by admin-interweb\" rel=\"author\">admin-interweb<\/a><\/span><\/span><span class=\"updated rich-snippet-hidden\">2024-05-10T08:31:15+00:00<\/span><div class=\"panel-heading\"><h3 id=\"faq_1-3007\" class=\"panel-title toggle\"><a data-toggle=\"collapse\" class=\"collapsed\" data-target=\"#collapse-1-3007\" href=\"#collapse-1-3007\" aria-expanded=\"false\"><div class=\"fusion-toggle-icon-wrapper\"><div class=\"fusion-toggle-icon-wrapper-main\"><div class=\"fusion-toggle-icon-wrapper-sub\"><i class=\"fa-fusion-box active-icon fa-times fas\" aria-hidden=\"true\"><\/i><i class=\"fa-fusion-box inactive-icon fa-plus fas\" aria-hidden=\"true\"><\/i><\/div><\/div><\/div><div class=\"fusion-toggle-heading\">\u00c7far\u00eb kuptojm\u00eb me transferim t\u00eb p\u00ebrhersh\u00ebm?<\/div><\/a><\/h3><\/div><div id=\"collapse-1-3007\" aria-labelledby=\"faq_1-3007\" class=\"panel-collapse collapse\"><div class=\"panel-body toggle-content post-content\"><div class=\"vc_row wpb_row section vc_row-fluid\">\n<div class=\"full_section_inner clearfix\">\n<div class=\"wpb_column vc_column_container vc_col-sm-12\">\n<div class=\"vc_column-inner\">\n<div class=\"wpb_wrapper\">\n<div class=\"wpb_text_column wpb_content_element\">\n<div class=\"wpb_wrapper\">\n<p>Transferimi i p\u00ebrhersh\u00ebm \u00ebsht\u00eb caktimi i detyruesh\u00ebm i n\u00ebpun\u00ebsit civil n\u00eb nj\u00eb pozicion tjet\u00ebr t\u00eb sh\u00ebrbimit civil. Transferimi i p\u00ebrhersh\u00ebm mund t\u00eb jet\u00eb p\u00ebr arsye sh\u00ebndet\u00ebsore, arsye t\u00eb konfliktit t\u00eb interesit ose si pasoj\u00eb e ristrukturimit t\u00eb institucionit. Transferimi i p\u00ebrhersh\u00ebm b\u00ebhet me k\u00ebrkes\u00eb t\u00eb n\u00ebpun\u00ebsit civil ose me k\u00ebrkes\u00eb t\u00eb eprorit apo nj\u00ebsis\u00eb s\u00eb burimeve njer\u00ebzore.<\/p>\n<\/div>\n<\/div>\n<\/div>\n<\/div>\n<\/div>\n<\/div>\n<\/div>\n<div class=\"vc_row wpb_row section vc_row-fluid\">\n<div class=\"full_section_inner clearfix\">\n<div class=\"wpb_column vc_column_container vc_col-sm-12\">\n<div class=\"vc_column-inner\">\n<div class=\"wpb_wrapper\">\n<div class=\"vc_empty_space\"><\/div>\n<\/div>\n<\/div>\n<\/div>\n<\/div>\n<\/div>\n<\/div><\/div><\/div><div class=\"fusion-panel fusion-toggle-no-divider fusion-toggle-boxed-mode panel-default fusion-faq-post fusion-faq-post-3009\"><span class=\"entry-title rich-snippet-hidden\">Ku mund t\u00eb transferohet p\u00ebrkohsh\u00ebsisht n\u00ebpun\u00ebsi?<\/span><span class=\"vcard rich-snippet-hidden\"><span class=\"fn\"><a href=\"https:\/\/kmshc.al\/en\/author\/admin-interweb\/\" title=\"Posts by admin-interweb\" rel=\"author\">admin-interweb<\/a><\/span><\/span><span class=\"updated rich-snippet-hidden\">2024-05-10T08:32:17+00:00<\/span><div class=\"panel-heading\"><h3 id=\"faq_1-3009\" class=\"panel-title toggle\"><a data-toggle=\"collapse\" class=\"collapsed\" data-target=\"#collapse-1-3009\" href=\"#collapse-1-3009\" aria-expanded=\"false\"><div class=\"fusion-toggle-icon-wrapper\"><div class=\"fusion-toggle-icon-wrapper-main\"><div class=\"fusion-toggle-icon-wrapper-sub\"><i class=\"fa-fusion-box active-icon fa-times fas\" aria-hidden=\"true\"><\/i><i class=\"fa-fusion-box inactive-icon fa-plus fas\" aria-hidden=\"true\"><\/i><\/div><\/div><\/div><div class=\"fusion-toggle-heading\">Ku mund t\u00eb transferohet p\u00ebrkohsh\u00ebsisht n\u00ebpun\u00ebsi?<\/div><\/a><\/h3><\/div><div id=\"collapse-1-3009\" aria-labelledby=\"faq_1-3009\" class=\"panel-collapse collapse\"><div class=\"panel-body toggle-content post-content\"><p>N\u00ebpun\u00ebsi civil mund t\u00eb transferohet p\u00ebrkoh\u00ebsisht n\u00eb nj\u00eb pozicion tjet\u00ebr t\u00eb sh\u00ebrbimit civil t\u00eb s\u00eb nj\u00ebjt\u00ebs kategori, sipas rastit p\u00ebrkat\u00ebsisht:<\/p>\n<ul>\n<li>brenda institucionit ku \u00ebsht\u00eb em\u00ebruar, p\u00ebrfshir\u00eb edhe deg\u00ebt e tij territoriale,<\/li>\n<li>n\u00eb nj\u00eb institucion t\u00eb var\u00ebsis\u00eb s\u00eb institucionit ku \u00ebsht\u00eb em\u00ebruar,<\/li>\n<li>n\u00eb nj\u00eb institucion tjet\u00ebr t\u00eb sh\u00ebrbimit civil<\/li>\n<\/ul>\n<\/div><\/div><\/div><div class=\"fusion-panel fusion-toggle-no-divider fusion-toggle-boxed-mode panel-default fusion-faq-post fusion-faq-post-3011\"><span class=\"entry-title rich-snippet-hidden\">Cilat jan\u00eb shkaqet e transferimit t\u00eb p\u00ebrkohsh\u00ebm?<\/span><span class=\"vcard rich-snippet-hidden\"><span class=\"fn\"><a href=\"https:\/\/kmshc.al\/en\/author\/admin-interweb\/\" title=\"Posts by admin-interweb\" rel=\"author\">admin-interweb<\/a><\/span><\/span><span class=\"updated rich-snippet-hidden\">2024-05-10T08:33:13+00:00<\/span><div class=\"panel-heading\"><h3 id=\"faq_1-3011\" class=\"panel-title toggle\"><a data-toggle=\"collapse\" class=\"collapsed\" data-target=\"#collapse-1-3011\" href=\"#collapse-1-3011\" aria-expanded=\"false\"><div class=\"fusion-toggle-icon-wrapper\"><div class=\"fusion-toggle-icon-wrapper-main\"><div class=\"fusion-toggle-icon-wrapper-sub\"><i class=\"fa-fusion-box active-icon fa-times fas\" aria-hidden=\"true\"><\/i><i class=\"fa-fusion-box inactive-icon fa-plus fas\" aria-hidden=\"true\"><\/i><\/div><\/div><\/div><div class=\"fusion-toggle-heading\">Cilat jan\u00eb shkaqet e transferimit t\u00eb p\u00ebrkohsh\u00ebm?<\/div><\/a><\/h3><\/div><div id=\"collapse-1-3011\" aria-labelledby=\"faq_1-3011\" class=\"panel-collapse collapse\"><div class=\"panel-body toggle-content post-content\"><div class=\"vc_row wpb_row section vc_row-fluid\">\n<div class=\"full_section_inner clearfix\">\n<div class=\"wpb_column vc_column_container vc_col-sm-12\">\n<div class=\"vc_column-inner\">\n<div class=\"wpb_wrapper\">\n<div class=\"wpb_text_column wpb_content_element\">\n<div class=\"wpb_wrapper\">\n<p>Transferimi i p\u00ebrkohsh\u00ebm realizohet p\u00ebr:<\/p>\n<ul>\n<li>N\u00eb interes t\u00eb institucionit, deri n\u00eb 6 (gjasht\u00eb) muaj me\/ose pa nd\u00ebrprerje, gjat\u00eb 2 viteve;<\/li>\n<li>P\u00ebr p\u00ebrmir\u00ebsimin e rezultateve t\u00eb tij, deri n\u00eb 3 (tre) muaj pa nd\u00ebrprerje gjat\u00eb 2 viteve;<\/li>\n<li>P\u00ebr arsye t\u00eb p\u00ebrkohshme sh\u00ebndet\u00ebsore apo gjat\u00eb shtatz\u00ebnis\u00eb<\/li>\n<\/ul>\n<\/div>\n<\/div>\n<\/div>\n<\/div>\n<\/div>\n<\/div>\n<\/div>\n<div class=\"vc_row wpb_row section vc_row-fluid\">\n<div class=\"full_section_inner clearfix\">\n<div class=\"wpb_column vc_column_container vc_col-sm-12\">\n<div class=\"vc_column-inner\">\n<div class=\"wpb_wrapper\">\n<div class=\"vc_empty_space\"><\/div>\n<\/div>\n<\/div>\n<\/div>\n<\/div>\n<\/div>\n<\/div><\/div><\/div><div class=\"fusion-panel fusion-toggle-no-divider fusion-toggle-boxed-mode panel-default fusion-faq-post fusion-faq-post-3013\"><span class=\"entry-title rich-snippet-hidden\">Cilat jan\u00eb shkaqet e transferimit t\u00eb p\u00ebrhersh\u00ebm?<\/span><span class=\"vcard rich-snippet-hidden\"><span class=\"fn\"><a href=\"https:\/\/kmshc.al\/en\/author\/admin-interweb\/\" title=\"Posts by admin-interweb\" rel=\"author\">admin-interweb<\/a><\/span><\/span><span class=\"updated rich-snippet-hidden\">2024-05-10T08:34:03+00:00<\/span><div class=\"panel-heading\"><h3 id=\"faq_1-3013\" class=\"panel-title toggle\"><a data-toggle=\"collapse\" class=\"collapsed\" data-target=\"#collapse-1-3013\" href=\"#collapse-1-3013\" aria-expanded=\"false\"><div class=\"fusion-toggle-icon-wrapper\"><div class=\"fusion-toggle-icon-wrapper-main\"><div class=\"fusion-toggle-icon-wrapper-sub\"><i class=\"fa-fusion-box active-icon fa-times fas\" aria-hidden=\"true\"><\/i><i class=\"fa-fusion-box inactive-icon fa-plus fas\" aria-hidden=\"true\"><\/i><\/div><\/div><\/div><div class=\"fusion-toggle-heading\">Cilat jan\u00eb shkaqet e transferimit t\u00eb p\u00ebrhersh\u00ebm?<\/div><\/a><\/h3><\/div><div id=\"collapse-1-3013\" aria-labelledby=\"faq_1-3013\" class=\"panel-collapse collapse\"><div class=\"panel-body toggle-content post-content\"><div class=\"vc_row wpb_row section vc_row-fluid\">\n<div class=\"full_section_inner clearfix\">\n<div class=\"wpb_column vc_column_container vc_col-sm-12\">\n<div class=\"vc_column-inner\">\n<div class=\"wpb_wrapper\">\n<div class=\"wpb_text_column wpb_content_element\">\n<div class=\"wpb_wrapper\">\n<p>Transferimi i p\u00ebrhersh\u00ebm realizohet p\u00ebr shkak t\u00eb:<\/p>\n<ul>\n<li>Gjendjes s\u00eb paaft\u00ebsis\u00eb sh\u00ebndet\u00ebsore t\u00eb n\u00ebpun\u00ebsit p\u00ebr t\u00eb kryer detyrat;<\/li>\n<li>Shmangies s\u00eb nj\u00eb konflikti t\u00eb vazhduesh\u00ebm interesi, sipas nenit 52 t\u00eb ligjit;<\/li>\n<li>P\u00ebrfundimit t\u00eb afatit apo zhdukjes s\u00eb shkakut t\u00eb pezullimit t\u00eb n\u00ebpun\u00ebsit civil dhe pozicioni q\u00eb mbante n\u00eb momentin e pezullimit \u00ebsht\u00eb plot\u00ebsuar sipas ligjit;<\/li>\n<li>Ristrukturimit t\u00eb institucionit.<\/li>\n<\/ul>\n<\/div>\n<\/div>\n<\/div>\n<\/div>\n<\/div>\n<\/div>\n<\/div>\n<div class=\"vc_row wpb_row section vc_row-fluid\">\n<div class=\"full_section_inner clearfix\">\n<div class=\"wpb_column vc_column_container vc_col-sm-12\">\n<div class=\"vc_column-inner\">\n<div class=\"wpb_wrapper\">\n<div class=\"vc_empty_space\"><\/div>\n<\/div>\n<\/div>\n<\/div>\n<\/div>\n<\/div>\n<\/div><\/div><\/div><div class=\"fusion-panel fusion-toggle-no-divider fusion-toggle-boxed-mode panel-default fusion-faq-post fusion-faq-post-3015\"><span class=\"entry-title rich-snippet-hidden\">\u00c7far\u00eb kuptojm\u00eb me lirim nga sh\u00ebrbimi civil?<\/span><span class=\"vcard rich-snippet-hidden\"><span class=\"fn\"><a href=\"https:\/\/kmshc.al\/en\/author\/admin-interweb\/\" title=\"Posts by admin-interweb\" rel=\"author\">admin-interweb<\/a><\/span><\/span><span class=\"updated rich-snippet-hidden\">2024-05-10T08:34:53+00:00<\/span><div class=\"panel-heading\"><h3 id=\"faq_1-3015\" class=\"panel-title toggle\"><a data-toggle=\"collapse\" class=\"collapsed\" data-target=\"#collapse-1-3015\" href=\"#collapse-1-3015\" aria-expanded=\"false\"><div class=\"fusion-toggle-icon-wrapper\"><div class=\"fusion-toggle-icon-wrapper-main\"><div class=\"fusion-toggle-icon-wrapper-sub\"><i class=\"fa-fusion-box active-icon fa-times fas\" aria-hidden=\"true\"><\/i><i class=\"fa-fusion-box inactive-icon fa-plus fas\" aria-hidden=\"true\"><\/i><\/div><\/div><\/div><div class=\"fusion-toggle-heading\">\u00c7far\u00eb kuptojm\u00eb me lirim nga sh\u00ebrbimi civil?<\/div><\/a><\/h3><\/div><div id=\"collapse-1-3015\" aria-labelledby=\"faq_1-3015\" class=\"panel-collapse collapse\"><div class=\"panel-body toggle-content post-content\"><div class=\"vc_row wpb_row section vc_row-fluid\">\n<div class=\"full_section_inner clearfix\">\n<div class=\"wpb_column vc_column_container vc_col-sm-12\">\n<div class=\"vc_column-inner\">\n<div class=\"wpb_wrapper\">\n<div class=\"wpb_text_column wpb_content_element\">\n<div class=\"wpb_wrapper\">\n<p>Lirimi nga sh\u00ebrbimi civil \u00ebsht\u00eb nj\u00eb nga rastet e p\u00ebrfundimit t\u00eb marr\u00ebdh\u00ebnies s\u00eb sh\u00ebrbimit civil me n\u00ebpun\u00ebs civil t\u00eb \u00e7do kategorie.<\/p>\n<\/div>\n<\/div>\n<\/div>\n<\/div>\n<\/div>\n<\/div>\n<\/div>\n<div class=\"vc_row wpb_row section vc_row-fluid\">\n<div class=\"full_section_inner clearfix\">\n<div class=\"wpb_column vc_column_container vc_col-sm-12\">\n<div class=\"vc_column-inner\">\n<div class=\"wpb_wrapper\">\n<div class=\"vc_empty_space\"><\/div>\n<\/div>\n<\/div>\n<\/div>\n<\/div>\n<\/div>\n<\/div><\/div><\/div><div class=\"fusion-panel fusion-toggle-no-divider fusion-toggle-boxed-mode panel-default fusion-faq-post fusion-faq-post-3017\"><span class=\"entry-title rich-snippet-hidden\">Cilat jan\u00eb shkaqet p\u00ebr lirimin nga sh\u00ebrbimi civil?<\/span><span class=\"vcard rich-snippet-hidden\"><span class=\"fn\"><a href=\"https:\/\/kmshc.al\/en\/author\/admin-interweb\/\" title=\"Posts by admin-interweb\" rel=\"author\">admin-interweb<\/a><\/span><\/span><span class=\"updated rich-snippet-hidden\">2024-05-10T08:35:48+00:00<\/span><div class=\"panel-heading\"><h3 id=\"faq_1-3017\" class=\"panel-title toggle\"><a data-toggle=\"collapse\" class=\"collapsed\" data-target=\"#collapse-1-3017\" href=\"#collapse-1-3017\" aria-expanded=\"false\"><div class=\"fusion-toggle-icon-wrapper\"><div class=\"fusion-toggle-icon-wrapper-main\"><div class=\"fusion-toggle-icon-wrapper-sub\"><i class=\"fa-fusion-box active-icon fa-times fas\" aria-hidden=\"true\"><\/i><i class=\"fa-fusion-box inactive-icon fa-plus fas\" aria-hidden=\"true\"><\/i><\/div><\/div><\/div><div class=\"fusion-toggle-heading\">Cilat jan\u00eb shkaqet p\u00ebr lirimin nga sh\u00ebrbimi civil?<\/div><\/a><\/h3><\/div><div id=\"collapse-1-3017\" aria-labelledby=\"faq_1-3017\" class=\"panel-collapse collapse\"><div class=\"panel-body toggle-content post-content\"><p>N\u00ebpun\u00ebsi civil lirohet nga sh\u00ebrbimi civil p\u00ebr shkaqet si m\u00eb posht\u00eb:<\/p>\n<ul>\n<li>P\u00ebr shkak t\u00eb refuzimit t\u00eb pajustifikuar t\u00eb n\u00ebpun\u00ebsit p\u00ebr t\u00eb pranuar transferimin e p\u00ebrhersh\u00ebm;<\/li>\n<li>Si rezultat i mbylljes apo ristrukturimit t\u00eb institucionit, sipas pikave 6 dhe 7, t\u00eb nenit 50, t\u00eb ligjit 152\/2013, \u201cP\u00ebr n\u00ebpun\u00ebsin civil\u201d, i ndryshuar.<\/li>\n<li>Kur n\u00ebpun\u00ebsi deklarohet i paaft\u00eb p\u00ebr pun\u00eb nga komisioni kompetent mjek\u00ebsor, sipas ligjit;<\/li>\n<li>Pas dy vler\u00ebsimeve \u201cjok\u00ebnaqsh\u00ebm\u201d, t\u00eb rezultateve n\u00eb pun\u00eb;<\/li>\n<li>Kur n\u00ebpun\u00ebsi ushtron t\u00eb drejt\u00ebn p\u00ebr pensionin e reduktuar t\u00eb pleq\u00ebris\u00eb, sipas ligjit;<\/li>\n<li>Kur n\u00ebpun\u00ebsi civil gjendet n\u00eb nj\u00eb situat\u00eb t\u00eb konfliktit t\u00eb vazhduesh\u00ebm t\u00eb interesit, t\u00eb deklaruar nga vet\u00eb n\u00ebpun\u00ebsi dhe, sipas ligjit, nuk merr masat e parashikuara p\u00ebr shmangien e konfliktit t\u00eb interesit brenda afatit t\u00eb p\u00ebrcaktuar apo n\u00ebse transferimi n\u00eb nj\u00eb pozicion tjet\u00ebr nuk do t\u00eb m\u00ebnjanonte gjendjen e konfliktit t\u00eb vazhduesh\u00ebm t\u00eb interesit;<\/li>\n<li>Kur n\u00ebpun\u00ebsi jep dor\u00ebheqjen nga detyra;<\/li>\n<li>Kur n\u00ebpun\u00ebsi i nivelit t\u00eb lart\u00eb drejtues an\u00ebtar\u00ebsohet n\u00eb nj\u00eb parti politike ose kur n\u00ebpun\u00ebsit e niveleve t\u00eb tjera b\u00ebhen an\u00ebtar\u00eb t\u00eb organeve drejtuese t\u00eb nj\u00eb partie politike;<\/li>\n<li>N\u00eb rast se an\u00ebtari i TND-s\u00eb, i zgjedhur sipas pik\u00ebs 5\/1, t\u00eb nenit 30, t\u00eb ligjit 152\/2013, \u201cP\u00ebr n\u00ebpun\u00ebsin civil\u201d, i ndryshuar, nuk p\u00ebrfundon me sukses trajnimin n\u00eb ASPA;<\/li>\n<li>N\u00eb rast se vler\u00ebsohet p\u00ebrs\u00ebri \u201cjok\u00ebnaqsh\u00ebm\u201d n\u00eb p\u00ebrfundim t\u00eb procedur\u00ebs s\u00eb rivler\u00ebsimit, sipas pik\u00ebs 2\/1 t\u00eb nenit 62.<\/li>\n<li>N\u00eb \u00e7do rast tjet\u00ebr, t\u00eb parashikuar nga ligji.<\/li>\n<li>An\u00ebtari i TND-s\u00eb lirohet nga sh\u00ebrbimi civil kur nuk \u00ebsht\u00eb caktuar n\u00eb nj\u00eb pozicion t\u00eb rregullt p\u00ebr t\u00eb pakt\u00ebn 8 muaj n\u00eb nj\u00eb periudh\u00eb 5-vje\u00e7are;<\/li>\n<\/ul>\n<\/div><\/div><\/div><div class=\"fusion-panel fusion-toggle-no-divider fusion-toggle-boxed-mode panel-default fusion-faq-post fusion-faq-post-3019\"><span class=\"entry-title rich-snippet-hidden\">Kush e nxjerr aktin e lirimit nga sh\u00ebrbimi civil?<\/span><span class=\"vcard rich-snippet-hidden\"><span class=\"fn\"><a href=\"https:\/\/kmshc.al\/en\/author\/admin-interweb\/\" title=\"Posts by admin-interweb\" rel=\"author\">admin-interweb<\/a><\/span><\/span><span class=\"updated rich-snippet-hidden\">2024-05-10T08:36:48+00:00<\/span><div class=\"panel-heading\"><h3 id=\"faq_1-3019\" class=\"panel-title toggle\"><a data-toggle=\"collapse\" class=\"collapsed\" data-target=\"#collapse-1-3019\" href=\"#collapse-1-3019\" aria-expanded=\"false\"><div class=\"fusion-toggle-icon-wrapper\"><div class=\"fusion-toggle-icon-wrapper-main\"><div class=\"fusion-toggle-icon-wrapper-sub\"><i class=\"fa-fusion-box active-icon fa-times fas\" aria-hidden=\"true\"><\/i><i class=\"fa-fusion-box inactive-icon fa-plus fas\" aria-hidden=\"true\"><\/i><\/div><\/div><\/div><div class=\"fusion-toggle-heading\">Kush e nxjerr aktin e lirimit nga sh\u00ebrbimi civil?<\/div><\/a><\/h3><\/div><div id=\"collapse-1-3019\" aria-labelledby=\"faq_1-3019\" class=\"panel-collapse collapse\"><div class=\"panel-body toggle-content post-content\"><p>Lirimi i n\u00ebpun\u00ebsit civil deklarohet me vendim t\u00eb:<\/p>\n<ul>\n<li>Nj\u00ebsis\u00eb s\u00eb burimeve njer\u00ebzore t\u00eb institucionit, ku n\u00ebpun\u00ebsi ushtron detyr\u00ebn;<\/li>\n<li>DAP-it p\u00ebr an\u00ebtar\u00ebt e TND-s\u00eb.<\/li>\n<\/ul>\n<\/div><\/div><\/div><div class=\"fusion-panel fusion-toggle-no-divider fusion-toggle-boxed-mode panel-default fusion-faq-post fusion-faq-post-3021\"><span class=\"entry-title rich-snippet-hidden\">Cilat jan\u00eb detyrimet e n\u00ebpun\u00ebsit civil n\u00eb rast largimi nga sh\u00ebrbimi civil?<\/span><span class=\"vcard rich-snippet-hidden\"><span class=\"fn\"><a href=\"https:\/\/kmshc.al\/en\/author\/admin-interweb\/\" title=\"Posts by admin-interweb\" rel=\"author\">admin-interweb<\/a><\/span><\/span><span class=\"updated rich-snippet-hidden\">2024-05-10T08:38:05+00:00<\/span><div class=\"panel-heading\"><h3 id=\"faq_1-3021\" class=\"panel-title toggle\"><a data-toggle=\"collapse\" class=\"collapsed\" data-target=\"#collapse-1-3021\" href=\"#collapse-1-3021\" aria-expanded=\"false\"><div class=\"fusion-toggle-icon-wrapper\"><div class=\"fusion-toggle-icon-wrapper-main\"><div class=\"fusion-toggle-icon-wrapper-sub\"><i class=\"fa-fusion-box active-icon fa-times fas\" aria-hidden=\"true\"><\/i><i class=\"fa-fusion-box inactive-icon fa-plus fas\" aria-hidden=\"true\"><\/i><\/div><\/div><\/div><div class=\"fusion-toggle-heading\">Cilat jan\u00eb detyrimet e n\u00ebpun\u00ebsit civil n\u00eb rast largimi nga sh\u00ebrbimi civil?<\/div><\/a><\/h3><\/div><div id=\"collapse-1-3021\" aria-labelledby=\"faq_1-3021\" class=\"panel-collapse collapse\"><div class=\"panel-body toggle-content post-content\"><p>T\u00eb b\u00ebj\u00eb dor\u00ebzimin e plot\u00eb t\u00eb dokumentacionit q\u00eb administron p\u00ebr shkak t\u00eb detyr\u00ebs tek eprori i drejtp\u00ebrdrejt\u00eb brenda 5 (pes\u00eb) dit\u00ebve nga data e marrjes s\u00eb vendimit t\u00eb lirimit.<br \/>\nT\u00eb b\u00ebj\u00eb dor\u00ebzimin e pajisjeve dhe t\u00eb mjeteve t\u00eb pun\u00ebs n\u00eb inventar te nj\u00ebsia p\u00ebrgjegj\u00ebse brenda 5 (pes\u00eb) dit\u00ebve nga data e marrjes s\u00eb vendimit t\u00eb lirimit.<br \/>\nN\u00eb raste t\u00eb ve\u00e7anta, me urdh\u00ebr t\u00eb eprorit direkt, afati i dor\u00ebzimit t\u00eb detyr\u00ebs, i dor\u00ebzimit t\u00eb dokumentacionit, pajisjeve dhe mjeteve t\u00eb pun\u00ebs n\u00eb inventar, mund t\u00eb zgjatet edhe me 5 (pes\u00eb) dit\u00eb t\u00eb tjera.<\/p>\n<\/div><\/div><\/div><div class=\"fusion-panel fusion-toggle-no-divider fusion-toggle-boxed-mode panel-default fusion-faq-post fusion-faq-post-3023\"><span class=\"entry-title rich-snippet-hidden\">A p\u00ebrfitoj d\u00ebmshp\u00ebrblim n\u00ebse lirohem p\u00ebr shkak t\u00eb mbylljes apo ristrukturimit?<\/span><span class=\"vcard rich-snippet-hidden\"><span class=\"fn\"><a href=\"https:\/\/kmshc.al\/en\/author\/admin-interweb\/\" title=\"Posts by admin-interweb\" rel=\"author\">admin-interweb<\/a><\/span><\/span><span class=\"updated rich-snippet-hidden\">2024-05-10T08:39:01+00:00<\/span><div class=\"panel-heading\"><h3 id=\"faq_1-3023\" class=\"panel-title toggle\"><a data-toggle=\"collapse\" class=\"collapsed\" data-target=\"#collapse-1-3023\" href=\"#collapse-1-3023\" aria-expanded=\"false\"><div class=\"fusion-toggle-icon-wrapper\"><div class=\"fusion-toggle-icon-wrapper-main\"><div class=\"fusion-toggle-icon-wrapper-sub\"><i class=\"fa-fusion-box active-icon fa-times fas\" aria-hidden=\"true\"><\/i><i class=\"fa-fusion-box inactive-icon fa-plus fas\" aria-hidden=\"true\"><\/i><\/div><\/div><\/div><div class=\"fusion-toggle-heading\">A p\u00ebrfitoj d\u00ebmshp\u00ebrblim n\u00ebse lirohem p\u00ebr shkak t\u00eb mbylljes apo ristrukturimit?<\/div><\/a><\/h3><\/div><div id=\"collapse-1-3023\" aria-labelledby=\"faq_1-3023\" class=\"panel-collapse collapse\"><div class=\"panel-body toggle-content post-content\"><p>N\u00ebpun\u00ebsit civil\u00eb q\u00eb lirohen p\u00ebr shkak t\u00eb mbylljes dhe ristrukturimit t\u00eb institucionit, n\u00eb momentin e largimit p\u00ebrfitojn\u00eb d\u00ebmshp\u00ebrblimin p\u00ebrkat\u00ebs n\u00eb p\u00ebrputhje me vjet\u00ebrsin\u00eb n\u00eb pun\u00eb, sipas rasteve t\u00eb m\u00ebposhtme:<\/p>\n<ul>\n<li>deri n\u00eb nj\u00eb vit eksperienc\u00eb pune si n\u00ebpun\u00ebs civil, paga e 1 muaji;<\/li>\n<li>nga 1 \u2013 3 vjet eksperienc\u00eb pune si n\u00ebpun\u00ebs civil, paga e 3 muajve;<\/li>\n<li>nga 3 \u2013 6 vjet eksperienc\u00eb pune si n\u00ebpun\u00ebs civil, paga e 6 muajve;<\/li>\n<li>nga 6 \u2013 9 vjet eksperienc\u00eb pune si n\u00ebpun\u00ebs civil, paga e 9 muajve;<\/li>\n<li>mbi 9 vjet eksperienc\u00eb pune si n\u00ebpun\u00ebs civil, paga e 12 muajve.<\/li>\n<\/ul>\n<\/div><\/div><\/div><div class=\"fusion-panel fusion-toggle-no-divider fusion-toggle-boxed-mode panel-default fusion-faq-post fusion-faq-post-3025\"><span class=\"entry-title rich-snippet-hidden\">Kush jan\u00eb t\u00eb drejtat e n\u00ebpun\u00ebsit pas lirimit nga sh\u00ebrbimi civil, si pasoj\u00eb e ristrukturimit apo mbylljes s\u00eb institucionit?<\/span><span class=\"vcard rich-snippet-hidden\"><span class=\"fn\"><a href=\"https:\/\/kmshc.al\/en\/author\/admin-interweb\/\" title=\"Posts by admin-interweb\" rel=\"author\">admin-interweb<\/a><\/span><\/span><span class=\"updated rich-snippet-hidden\">2024-05-10T08:40:36+00:00<\/span><div class=\"panel-heading\"><h3 id=\"faq_1-3025\" class=\"panel-title toggle\"><a data-toggle=\"collapse\" class=\"collapsed\" data-target=\"#collapse-1-3025\" href=\"#collapse-1-3025\" aria-expanded=\"false\"><div class=\"fusion-toggle-icon-wrapper\"><div class=\"fusion-toggle-icon-wrapper-main\"><div class=\"fusion-toggle-icon-wrapper-sub\"><i class=\"fa-fusion-box active-icon fa-times fas\" aria-hidden=\"true\"><\/i><i class=\"fa-fusion-box inactive-icon fa-plus fas\" aria-hidden=\"true\"><\/i><\/div><\/div><\/div><div class=\"fusion-toggle-heading\">Kush jan\u00eb t\u00eb drejtat e n\u00ebpun\u00ebsit pas lirimit nga sh\u00ebrbimi civil, si pasoj\u00eb e ristrukturimit apo mbylljes s\u00eb institucionit?<\/div><\/a><\/h3><\/div><div id=\"collapse-1-3025\" aria-labelledby=\"faq_1-3025\" class=\"panel-collapse collapse\"><div class=\"panel-body toggle-content post-content\"><div class=\"vc_row wpb_row section vc_row-fluid\">\n<div class=\"full_section_inner clearfix\">\n<div class=\"wpb_column vc_column_container vc_col-sm-12\">\n<div class=\"vc_column-inner\">\n<div class=\"wpb_wrapper\">\n<div class=\"wpb_text_column wpb_content_element\">\n<div class=\"wpb_wrapper\">\n<p>N\u00ebpun\u00ebsit civil\u00eb, t\u00eb cil\u00ebt jan\u00eb liruar nga sh\u00ebrbimi civil, si pasoj\u00eb e ristrukturimit apo mbylljes s\u00eb institucionit kan\u00eb t\u00eb drejt\u00eb q\u00eb, brenda periudh\u00ebs 2 \u2013 vje\u00e7are pas p\u00ebrfundimit t\u00eb marr\u00ebdh\u00ebnies n\u00eb sh\u00ebrbimin civil:<\/p>\n<ul>\n<li>t\u00eb konkurrojn\u00eb si n\u00ebpun\u00ebs civil\u00eb p\u00ebr procedurat e l\u00ebvizjes paralele apo ngritjes n\u00eb detyr\u00eb;<\/li>\n<\/ul>\n<ul>\n<li>t\u00eb em\u00ebrohen n\u00eb m\u00ebnyr\u00eb t\u00eb p\u00ebrkohshme nga nj\u00ebsia p\u00ebrgjegj\u00ebse, me p\u00eblqimin e tyre, n\u00eb pozicione t\u00eb sh\u00ebrbimit civil.<\/li>\n<\/ul>\n<\/div>\n<\/div>\n<\/div>\n<\/div>\n<\/div>\n<\/div>\n<\/div>\n<div class=\"vc_row wpb_row section vc_row-fluid\">\n<div class=\"full_section_inner clearfix\">\n<div class=\"wpb_column vc_column_container vc_col-sm-12\">\n<div class=\"vc_column-inner\">\n<div class=\"wpb_wrapper\">\n<div class=\"vc_empty_space\"><\/div>\n<\/div>\n<\/div>\n<\/div>\n<\/div>\n<\/div>\n<\/div><\/div><\/div><div class=\"fusion-panel fusion-toggle-no-divider fusion-toggle-boxed-mode panel-default fusion-faq-post fusion-faq-post-3027\"><span class=\"entry-title rich-snippet-hidden\">\u00c7far\u00eb \u00ebsht\u00eb p\u00ebrfundimi i marr\u00ebdh\u00ebnies n\u00eb sh\u00ebrbimin civil?<\/span><span class=\"vcard rich-snippet-hidden\"><span class=\"fn\"><a href=\"https:\/\/kmshc.al\/en\/author\/admin-interweb\/\" title=\"Posts by admin-interweb\" rel=\"author\">admin-interweb<\/a><\/span><\/span><span class=\"updated rich-snippet-hidden\">2024-05-10T08:41:36+00:00<\/span><div class=\"panel-heading\"><h3 id=\"faq_1-3027\" class=\"panel-title toggle\"><a data-toggle=\"collapse\" class=\"collapsed\" data-target=\"#collapse-1-3027\" href=\"#collapse-1-3027\" aria-expanded=\"false\"><div class=\"fusion-toggle-icon-wrapper\"><div class=\"fusion-toggle-icon-wrapper-main\"><div class=\"fusion-toggle-icon-wrapper-sub\"><i class=\"fa-fusion-box active-icon fa-times fas\" aria-hidden=\"true\"><\/i><i class=\"fa-fusion-box inactive-icon fa-plus fas\" aria-hidden=\"true\"><\/i><\/div><\/div><\/div><div class=\"fusion-toggle-heading\">\u00c7far\u00eb \u00ebsht\u00eb p\u00ebrfundimi i marr\u00ebdh\u00ebnies n\u00eb sh\u00ebrbimin civil?<\/div><\/a><\/h3><\/div><div id=\"collapse-1-3027\" aria-labelledby=\"faq_1-3027\" class=\"panel-collapse collapse\"><div class=\"panel-body toggle-content post-content\"><div class=\"vc_row wpb_row section vc_row-fluid\">\n<div class=\"full_section_inner clearfix\">\n<div class=\"wpb_column vc_column_container vc_col-sm-12\">\n<div class=\"vc_column-inner\">\n<div class=\"wpb_wrapper\">\n<div class=\"wpb_text_column wpb_content_element\">\n<div class=\"wpb_wrapper\">\n<p>Instituti i p\u00ebrfundimit t\u00eb marr\u00ebdh\u00ebnies n\u00eb sh\u00ebrbimin civil \u00ebsht\u00eb mbarimi i statusit t\u00eb n\u00ebpun\u00ebsit civil p\u00ebr shkak t\u00eb lirimit, largimit nga sh\u00ebrbimi civil si pasoj\u00eb e procedimit disiplinor, dor\u00ebheqjes, arritjes s\u00eb mosh\u00ebs s\u00eb pensionit, vdekjes s\u00eb n\u00ebpun\u00ebsit civil, pavlefshm\u00ebris\u00eb s\u00eb aktit t\u00eb em\u00ebrimit, humbjes s\u00eb zot\u00ebsis\u00eb p\u00ebr t\u00eb vepruar apo shtet\u00ebsis\u00eb shqiptare dhe d\u00ebnimit p\u00ebr vep\u00ebr penale me vendim t\u00eb form\u00ebs s\u00eb prer\u00eb.<\/p>\n<\/div>\n<\/div>\n<\/div>\n<\/div>\n<\/div>\n<\/div>\n<\/div>\n<div class=\"vc_row wpb_row section vc_row-fluid\">\n<div class=\"full_section_inner clearfix\">\n<div class=\"wpb_column vc_column_container vc_col-sm-12\">\n<div class=\"vc_column-inner\">\n<div class=\"wpb_wrapper\">\n<div class=\"vc_empty_space\"><\/div>\n<\/div>\n<\/div>\n<\/div>\n<\/div>\n<\/div>\n<\/div><\/div><\/div><div class=\"fusion-panel fusion-toggle-no-divider fusion-toggle-boxed-mode panel-default fusion-faq-post fusion-faq-post-3029\"><span class=\"entry-title rich-snippet-hidden\">Ku dor\u00ebzohet dor\u00ebheqja dhe forma e paraqitjes s\u00eb saj?<\/span><span class=\"vcard rich-snippet-hidden\"><span class=\"fn\"><a href=\"https:\/\/kmshc.al\/en\/author\/admin-interweb\/\" title=\"Posts by admin-interweb\" rel=\"author\">admin-interweb<\/a><\/span><\/span><span class=\"updated rich-snippet-hidden\">2024-05-10T08:43:05+00:00<\/span><div class=\"panel-heading\"><h3 id=\"faq_1-3029\" class=\"panel-title toggle\"><a data-toggle=\"collapse\" class=\"collapsed\" data-target=\"#collapse-1-3029\" href=\"#collapse-1-3029\" aria-expanded=\"false\"><div class=\"fusion-toggle-icon-wrapper\"><div class=\"fusion-toggle-icon-wrapper-main\"><div class=\"fusion-toggle-icon-wrapper-sub\"><i class=\"fa-fusion-box active-icon fa-times fas\" aria-hidden=\"true\"><\/i><i class=\"fa-fusion-box inactive-icon fa-plus fas\" aria-hidden=\"true\"><\/i><\/div><\/div><\/div><div class=\"fusion-toggle-heading\">Ku dor\u00ebzohet dor\u00ebheqja dhe forma e paraqitjes s\u00eb saj?<\/div><\/a><\/h3><\/div><div id=\"collapse-1-3029\" aria-labelledby=\"faq_1-3029\" class=\"panel-collapse collapse\"><div class=\"panel-body toggle-content post-content\"><div class=\"vc_row wpb_row section vc_row-fluid\">\n<div class=\"full_section_inner clearfix\">\n<div class=\"wpb_column vc_column_container vc_col-sm-12\">\n<div class=\"vc_column-inner\">\n<div class=\"wpb_wrapper\">\n<div class=\"wpb_text_column wpb_content_element\">\n<div class=\"wpb_wrapper\">\n<p>N\u00ebpun\u00ebsi civil njofton p\u00ebrfundimin e marr\u00ebdh\u00ebnies n\u00eb sh\u00ebrbimin civil n\u00ebp\u00ebrmjet paraqitjes s\u00eb dor\u00ebheqjes me shkrim te nj\u00ebsia e burimeve njer\u00ebzore.<\/p>\n<\/div>\n<\/div>\n<\/div>\n<\/div>\n<\/div>\n<\/div>\n<\/div>\n<div class=\"vc_row wpb_row section vc_row-fluid\">\n<div class=\"full_section_inner clearfix\">\n<div class=\"wpb_column vc_column_container vc_col-sm-12\">\n<div class=\"vc_column-inner\">\n<div class=\"wpb_wrapper\">\n<div class=\"vc_empty_space\"><\/div>\n<\/div>\n<\/div>\n<\/div>\n<\/div>\n<\/div>\n<\/div><\/div><\/div><div class=\"fusion-panel fusion-toggle-no-divider fusion-toggle-boxed-mode panel-default fusion-faq-post fusion-faq-post-3031\"><span class=\"entry-title rich-snippet-hidden\">Kur i krijon efektet dor\u00ebheqja?<\/span><span class=\"vcard rich-snippet-hidden\"><span class=\"fn\"><a href=\"https:\/\/kmshc.al\/en\/author\/admin-interweb\/\" title=\"Posts by admin-interweb\" rel=\"author\">admin-interweb<\/a><\/span><\/span><span class=\"updated rich-snippet-hidden\">2024-05-10T08:43:57+00:00<\/span><div class=\"panel-heading\"><h3 id=\"faq_1-3031\" class=\"panel-title toggle\"><a data-toggle=\"collapse\" class=\"collapsed\" data-target=\"#collapse-1-3031\" href=\"#collapse-1-3031\" aria-expanded=\"false\"><div class=\"fusion-toggle-icon-wrapper\"><div class=\"fusion-toggle-icon-wrapper-main\"><div class=\"fusion-toggle-icon-wrapper-sub\"><i class=\"fa-fusion-box active-icon fa-times fas\" aria-hidden=\"true\"><\/i><i class=\"fa-fusion-box inactive-icon fa-plus fas\" aria-hidden=\"true\"><\/i><\/div><\/div><\/div><div class=\"fusion-toggle-heading\">Kur i krijon efektet dor\u00ebheqja?<\/div><\/a><\/h3><\/div><div id=\"collapse-1-3031\" aria-labelledby=\"faq_1-3031\" class=\"panel-collapse collapse\"><div class=\"panel-body toggle-content post-content\"><p>Dor\u00ebheqja i krijon efektet 30 dit\u00eb nga data e paraqitjes s\u00eb saj, por n\u00eb raste t\u00eb justifikuara, me k\u00ebrkes\u00eb t\u00eb motivuar t\u00eb n\u00ebpun\u00ebsit dhe me miratimin e nj\u00ebsis\u00eb s\u00eb burimeve njer\u00ebzore dor\u00ebheqja mund t\u2019i prodhoj\u00eb efektet p\u00ebrpara afatit 30-ditor t\u00eb njoftimit.<\/p>\n<\/div><\/div><\/div><div class=\"fusion-panel fusion-toggle-no-divider fusion-toggle-boxed-mode panel-default fusion-faq-post fusion-faq-post-3034\"><span class=\"entry-title rich-snippet-hidden\">A ka t\u00eb drejt\u00eb n\u00ebpun\u00ebsi t\u00eb konkurroj p\u00ebr l\u00ebvizje paralele apo ngritje n\u00eb detyr\u00eb n\u00ebse jep doreheqjen?<\/span><span class=\"vcard rich-snippet-hidden\"><span class=\"fn\"><a href=\"https:\/\/kmshc.al\/en\/author\/admin-interweb\/\" title=\"Posts by admin-interweb\" rel=\"author\">admin-interweb<\/a><\/span><\/span><span class=\"updated rich-snippet-hidden\">2024-05-10T08:45:02+00:00<\/span><div class=\"panel-heading\"><h3 id=\"faq_1-3034\" class=\"panel-title toggle\"><a data-toggle=\"collapse\" class=\"collapsed\" data-target=\"#collapse-1-3034\" href=\"#collapse-1-3034\" aria-expanded=\"false\"><div class=\"fusion-toggle-icon-wrapper\"><div class=\"fusion-toggle-icon-wrapper-main\"><div class=\"fusion-toggle-icon-wrapper-sub\"><i class=\"fa-fusion-box active-icon fa-times fas\" aria-hidden=\"true\"><\/i><i class=\"fa-fusion-box inactive-icon fa-plus fas\" aria-hidden=\"true\"><\/i><\/div><\/div><\/div><div class=\"fusion-toggle-heading\">A ka t\u00eb drejt\u00eb n\u00ebpun\u00ebsi t\u00eb konkurroj p\u00ebr l\u00ebvizje paralele apo ngritje n\u00eb detyr\u00eb n\u00ebse jep doreheqjen?<\/div><\/a><\/h3><\/div><div id=\"collapse-1-3034\" aria-labelledby=\"faq_1-3034\" class=\"panel-collapse collapse\"><div class=\"panel-body toggle-content post-content\"><div class=\"vc_row wpb_row section vc_row-fluid\">\n<div class=\"full_section_inner clearfix\">\n<div class=\"wpb_column vc_column_container vc_col-sm-12\">\n<div class=\"vc_column-inner\">\n<div class=\"wpb_wrapper\">\n<div class=\"wpb_text_column wpb_content_element\">\n<div class=\"wpb_wrapper\">\n<p>N\u00ebpun\u00ebsi civil q\u00eb jep dor\u00ebheqjen ka t\u00eb drejt\u00eb t\u00eb konkurroj\u00eb p\u00ebr procedurat e l\u00ebvizjes paralele apo ngritjes n\u00eb detyr\u00eb deri n\u00eb 2 vjet pas p\u00ebrfundimit t\u00eb marr\u00ebdh\u00ebnies n\u00eb sh\u00ebrbimin civil.<\/p>\n<\/div>\n<\/div>\n<\/div>\n<\/div>\n<\/div>\n<\/div>\n<\/div>\n<div class=\"vc_row wpb_row section vc_row-fluid\">\n<div class=\"full_section_inner clearfix\">\n<div class=\"wpb_column vc_column_container vc_col-sm-12\">\n<div class=\"vc_column-inner\">\n<div class=\"wpb_wrapper\">\n<div class=\"vc_empty_space\"><\/div>\n<\/div>\n<\/div>\n<\/div>\n<\/div>\n<\/div>\n<\/div><\/div><\/div><div class=\"fusion-panel fusion-toggle-no-divider fusion-toggle-boxed-mode panel-default fusion-faq-post fusion-faq-post-3036\"><span class=\"entry-title rich-snippet-hidden\">\u00c7far\u00eb kuptojm\u00eb me procedur\u00eb disiplinore?<\/span><span class=\"vcard rich-snippet-hidden\"><span class=\"fn\"><a href=\"https:\/\/kmshc.al\/en\/author\/admin-interweb\/\" title=\"Posts by admin-interweb\" rel=\"author\">admin-interweb<\/a><\/span><\/span><span class=\"updated rich-snippet-hidden\">2024-05-10T08:46:54+00:00<\/span><div class=\"panel-heading\"><h3 id=\"faq_1-3036\" class=\"panel-title toggle\"><a data-toggle=\"collapse\" class=\"collapsed\" data-target=\"#collapse-1-3036\" href=\"#collapse-1-3036\" aria-expanded=\"false\"><div class=\"fusion-toggle-icon-wrapper\"><div class=\"fusion-toggle-icon-wrapper-main\"><div class=\"fusion-toggle-icon-wrapper-sub\"><i class=\"fa-fusion-box active-icon fa-times fas\" aria-hidden=\"true\"><\/i><i class=\"fa-fusion-box inactive-icon fa-plus fas\" aria-hidden=\"true\"><\/i><\/div><\/div><\/div><div class=\"fusion-toggle-heading\">\u00c7far\u00eb kuptojm\u00eb me procedur\u00eb disiplinore?<\/div><\/a><\/h3><\/div><div id=\"collapse-1-3036\" aria-labelledby=\"faq_1-3036\" class=\"panel-collapse collapse\"><div class=\"panel-body toggle-content post-content\"><div class=\"vc_row wpb_row section vc_row-fluid\">\n<div class=\"full_section_inner clearfix\">\n<div class=\"wpb_column vc_column_container vc_col-sm-12\">\n<div class=\"vc_column-inner\">\n<div class=\"wpb_wrapper\">\n<div class=\"wpb_text_column wpb_content_element\">\n<div class=\"wpb_wrapper\">\n<p>Procedur\u00eb disiplinore konsiderohet gjith\u00eb veprimtaria administrative, e cila fillon n\u00eb momentin e konstatimit t\u00eb nj\u00eb shkeljeje disiplinore, zhvillohet nga nd\u00ebrveprimi me n\u00ebpun\u00ebsin q\u00eb pretendohet se ka kryer shkeljen, p\u00ebrfshin nj\u00eb hetim administrativ dhe mbyllet me marrjen e nj\u00eb vendimi p\u00ebrfundimtar nga organi disiplinor.<\/p>\n<\/div>\n<\/div>\n<\/div>\n<\/div>\n<\/div>\n<\/div>\n<\/div>\n<div class=\"vc_row wpb_row section vc_row-fluid\">\n<div class=\"full_section_inner clearfix\">\n<div class=\"wpb_column vc_column_container vc_col-sm-12\">\n<div class=\"vc_column-inner\">\n<div class=\"wpb_wrapper\">\n<div class=\"vc_empty_space\"><\/div>\n<\/div>\n<\/div>\n<\/div>\n<\/div>\n<\/div>\n<\/div><\/div><\/div><div class=\"fusion-panel fusion-toggle-no-divider fusion-toggle-boxed-mode panel-default fusion-faq-post fusion-faq-post-3038\"><span class=\"entry-title rich-snippet-hidden\">\u00c7far\u00eb kuptojm\u00eb me shkelje disiplinore dhe si ndahen ato?<\/span><span class=\"vcard rich-snippet-hidden\"><span class=\"fn\"><a href=\"https:\/\/kmshc.al\/en\/author\/admin-interweb\/\" title=\"Posts by admin-interweb\" rel=\"author\">admin-interweb<\/a><\/span><\/span><span class=\"updated rich-snippet-hidden\">2024-05-10T08:47:55+00:00<\/span><div class=\"panel-heading\"><h3 id=\"faq_1-3038\" class=\"panel-title toggle\"><a data-toggle=\"collapse\" class=\"collapsed\" data-target=\"#collapse-1-3038\" href=\"#collapse-1-3038\" aria-expanded=\"false\"><div class=\"fusion-toggle-icon-wrapper\"><div class=\"fusion-toggle-icon-wrapper-main\"><div class=\"fusion-toggle-icon-wrapper-sub\"><i class=\"fa-fusion-box active-icon fa-times fas\" aria-hidden=\"true\"><\/i><i class=\"fa-fusion-box inactive-icon fa-plus fas\" aria-hidden=\"true\"><\/i><\/div><\/div><\/div><div class=\"fusion-toggle-heading\">\u00c7far\u00eb kuptojm\u00eb me shkelje disiplinore dhe si ndahen ato?<\/div><\/a><\/h3><\/div><div id=\"collapse-1-3038\" aria-labelledby=\"faq_1-3038\" class=\"panel-collapse collapse\"><div class=\"panel-body toggle-content post-content\"><div class=\"vc_row wpb_row section vc_row-fluid\">\n<div class=\"full_section_inner clearfix\">\n<div class=\"wpb_column vc_column_container vc_col-sm-12\">\n<div class=\"vc_column-inner\">\n<div class=\"wpb_wrapper\">\n<div class=\"wpb_text_column wpb_content_element\">\n<div class=\"wpb_wrapper\">\n<p>N\u00ebpun\u00ebsi civil konsiderohet p\u00ebrgjegj\u00ebs p\u00ebr shkeljen me faj t\u00eb detyrimeve t\u00eb p\u00ebrcaktuara n\u00eb ligjin p\u00ebrkat\u00ebs. Shkeljet n\u00eb sh\u00ebrbimin civil ndahen n\u00eb: shkelje shum\u00eb t\u00eb r\u00ebnda, t\u00eb r\u00ebnda dhe t\u00eb lehta.<\/p>\n<\/div>\n<\/div>\n<\/div>\n<\/div>\n<\/div>\n<\/div>\n<\/div>\n<div class=\"vc_row wpb_row section vc_row-fluid\">\n<div class=\"full_section_inner clearfix\">\n<div class=\"wpb_column vc_column_container vc_col-sm-12\">\n<div class=\"vc_column-inner\">\n<div class=\"wpb_wrapper\">\n<div class=\"vc_empty_space\"><\/div>\n<\/div>\n<\/div>\n<\/div>\n<\/div>\n<\/div>\n<\/div><\/div><\/div><div class=\"fusion-panel fusion-toggle-no-divider fusion-toggle-boxed-mode panel-default fusion-faq-post fusion-faq-post-3040\"><span class=\"entry-title rich-snippet-hidden\">Cilat shkelje konsiderohen si shkelje shum\u00eb t\u00eb r\u00ebnda?<\/span><span class=\"vcard rich-snippet-hidden\"><span class=\"fn\"><a href=\"https:\/\/kmshc.al\/en\/author\/admin-interweb\/\" title=\"Posts by admin-interweb\" rel=\"author\">admin-interweb<\/a><\/span><\/span><span class=\"updated rich-snippet-hidden\">2024-05-10T08:49:05+00:00<\/span><div class=\"panel-heading\"><h3 id=\"faq_1-3040\" class=\"panel-title toggle\"><a data-toggle=\"collapse\" class=\"collapsed\" data-target=\"#collapse-1-3040\" href=\"#collapse-1-3040\" aria-expanded=\"false\"><div class=\"fusion-toggle-icon-wrapper\"><div class=\"fusion-toggle-icon-wrapper-main\"><div class=\"fusion-toggle-icon-wrapper-sub\"><i class=\"fa-fusion-box active-icon fa-times fas\" aria-hidden=\"true\"><\/i><i class=\"fa-fusion-box inactive-icon fa-plus fas\" aria-hidden=\"true\"><\/i><\/div><\/div><\/div><div class=\"fusion-toggle-heading\">Cilat shkelje konsiderohen si shkelje shum\u00eb t\u00eb r\u00ebnda?<\/div><\/a><\/h3><\/div><div id=\"collapse-1-3040\" aria-labelledby=\"faq_1-3040\" class=\"panel-collapse collapse\"><div class=\"panel-body toggle-content post-content\"><div class=\"vc_row wpb_row section vc_row-fluid\">\n<div class=\"full_section_inner clearfix\">\n<div class=\"wpb_column vc_column_container vc_col-sm-12\">\n<div class=\"vc_column-inner\">\n<div class=\"wpb_wrapper\">\n<div class=\"wpb_text_column wpb_content_element\">\n<div class=\"wpb_wrapper\">\n<p>Vler\u00ebsohen shkelje shum\u00eb t\u00eb r\u00ebnda:<\/p>\n<ul>\n<li>mosp\u00ebrmbushja e r\u00ebnd\u00eb e detyrave;<\/li>\n<li>mosrespektimi i p\u00ebrs\u00ebritur i afateve t\u00eb caktuara n\u00eb p\u00ebrmbushjen e detyrave, t\u00eb cilat kan\u00eb sjell\u00eb pasoja shum\u00eb t\u00eb r\u00ebnda;<\/li>\n<li>moszbatimi haptazi i dispozitave ligjore p\u00ebr p\u00ebrmbushjen e detyrave funksionale;<\/li>\n<li>braktisja e pun\u00ebs ose mungesa e pajustifikuar dhe e vijueshme p\u00ebr 7 dit\u00eb pune ose m\u00eb shum\u00eb, kur mungesa ka sjell\u00eb pasoja shum\u00eb t\u00eb r\u00ebnda n\u00eb p\u00ebrmbushjen e detyrave t\u00eb institucionit;<\/li>\n<li>p\u00ebrfitimi n\u00eb m\u00ebnyr\u00eb t\u00eb drejtp\u00ebrdrejt\u00eb ose t\u00eb t\u00ebrthort\u00eb i dhuratave, favoreve, premtimeve ose trajtimeve preferenciale, t\u00eb cilat jepen p\u00ebr shkak t\u00eb detyr\u00ebs.<\/li>\n<\/ul>\n<\/div>\n<\/div>\n<\/div>\n<\/div>\n<\/div>\n<\/div>\n<\/div>\n<div class=\"vc_row wpb_row section vc_row-fluid\">\n<div class=\"full_section_inner clearfix\">\n<div class=\"wpb_column vc_column_container vc_col-sm-12\">\n<div class=\"vc_column-inner\">\n<div class=\"wpb_wrapper\">\n<div class=\"vc_empty_space\"><\/div>\n<\/div>\n<\/div>\n<\/div>\n<\/div>\n<\/div>\n<\/div><\/div><\/div><div class=\"fusion-panel fusion-toggle-no-divider fusion-toggle-boxed-mode panel-default fusion-faq-post fusion-faq-post-3042\"><span class=\"entry-title rich-snippet-hidden\">Cilat shkelje konsiderohen si shkelje t\u00eb r\u00ebnda?<\/span><span class=\"vcard rich-snippet-hidden\"><span class=\"fn\"><a href=\"https:\/\/kmshc.al\/en\/author\/admin-interweb\/\" title=\"Posts by admin-interweb\" rel=\"author\">admin-interweb<\/a><\/span><\/span><span class=\"updated rich-snippet-hidden\">2024-05-10T08:49:59+00:00<\/span><div class=\"panel-heading\"><h3 id=\"faq_1-3042\" class=\"panel-title toggle\"><a data-toggle=\"collapse\" class=\"collapsed\" data-target=\"#collapse-1-3042\" href=\"#collapse-1-3042\" aria-expanded=\"false\"><div class=\"fusion-toggle-icon-wrapper\"><div class=\"fusion-toggle-icon-wrapper-main\"><div class=\"fusion-toggle-icon-wrapper-sub\"><i class=\"fa-fusion-box active-icon fa-times fas\" aria-hidden=\"true\"><\/i><i class=\"fa-fusion-box inactive-icon fa-plus fas\" aria-hidden=\"true\"><\/i><\/div><\/div><\/div><div class=\"fusion-toggle-heading\">Cilat shkelje konsiderohen si shkelje t\u00eb r\u00ebnda?<\/div><\/a><\/h3><\/div><div id=\"collapse-1-3042\" aria-labelledby=\"faq_1-3042\" class=\"panel-collapse collapse\"><div class=\"panel-body toggle-content post-content\"><p>Vler\u00ebsohen si shkelje t\u00eb r\u00ebnda:<\/p>\n<ul>\n<li>mosp\u00ebrmbushja e detyrave;<\/li>\n<li>braktisja e pun\u00ebs ose mungesa e pajustifikuar dhe e vijueshme p\u00ebr 3 dit\u00eb pune apo m\u00eb shum\u00eb, kur mungesa ka sjell\u00eb pasoja t\u00eb r\u00ebnda;<\/li>\n<li>shkelje e p\u00ebrs\u00ebritur e rregullave t\u00eb etik\u00ebs n\u00eb sh\u00ebrbimin civil;<\/li>\n<li>sjellja e parregullt, n\u00eb m\u00ebnyr\u00eb t\u00eb p\u00ebrs\u00ebritur, gjat\u00eb koh\u00ebs s\u00eb pun\u00ebs me epror\u00ebt, koleg\u00ebt, vart\u00ebsit dhe me publikun;<\/li>\n<li>d\u00ebmtimi i pron\u00ebs shtet\u00ebrore, p\u00ebrdorimi i saj jasht\u00eb p\u00ebrcaktimit zyrtar apo keqp\u00ebrdorimi i pron\u00ebs shtet\u00ebrore;<\/li>\n<li>kryerja e p\u00ebrs\u00ebritur, brenda ose jasht\u00eb orarit zyrtar, e veprimeve q\u00eb c\u00ebnojn\u00eb figur\u00ebn e n\u00ebpun\u00ebsit civil, institucionin apo sh\u00ebrbimin civil n\u00eb t\u00ebr\u00ebsi;<\/li>\n<li>shkelja e rregullave p\u00ebr ruajtjen e informacionit t\u00eb klasifikuar apo t\u00eb mir\u00ebbesimit p\u00ebr t\u00eb dh\u00ebnat e klasifikuara si t\u00eb tilla;<\/li>\n<li>shkelja e detyrimeve t\u00eb p\u00ebrcaktuara n\u00eb k\u00ebt\u00eb ligj.<\/li>\n<\/ul>\n<\/div><\/div><\/div><div class=\"fusion-panel fusion-toggle-no-divider fusion-toggle-boxed-mode panel-default fusion-faq-post fusion-faq-post-3044\"><span class=\"entry-title rich-snippet-hidden\">Cilat shkelje konsiderohen shkelje te lehta?<\/span><span class=\"vcard rich-snippet-hidden\"><span class=\"fn\"><a href=\"https:\/\/kmshc.al\/en\/author\/admin-interweb\/\" title=\"Posts by admin-interweb\" rel=\"author\">admin-interweb<\/a><\/span><\/span><span class=\"updated rich-snippet-hidden\">2024-05-10T08:51:01+00:00<\/span><div class=\"panel-heading\"><h3 id=\"faq_1-3044\" class=\"panel-title toggle\"><a data-toggle=\"collapse\" class=\"collapsed\" data-target=\"#collapse-1-3044\" href=\"#collapse-1-3044\" aria-expanded=\"false\"><div class=\"fusion-toggle-icon-wrapper\"><div class=\"fusion-toggle-icon-wrapper-main\"><div class=\"fusion-toggle-icon-wrapper-sub\"><i class=\"fa-fusion-box active-icon fa-times fas\" aria-hidden=\"true\"><\/i><i class=\"fa-fusion-box inactive-icon fa-plus fas\" aria-hidden=\"true\"><\/i><\/div><\/div><\/div><div class=\"fusion-toggle-heading\">Cilat shkelje konsiderohen shkelje te lehta?<\/div><\/a><\/h3><\/div><div id=\"collapse-1-3044\" aria-labelledby=\"faq_1-3044\" class=\"panel-collapse collapse\"><div class=\"panel-body toggle-content post-content\"><p>Vler\u00ebsohen shkelje t\u00eb lehta:<\/p>\n<ul>\n<li>mungesa e pajustifikuar n\u00eb pun\u00eb deri n\u00eb 3 dit\u00eb pune;<\/li>\n<li>shkelja e rregullave t\u00eb etik\u00ebs;<\/li>\n<li>sjellja e parregullt, gjat\u00eb koh\u00ebs s\u00eb pun\u00ebs, me epror\u00ebt, koleg\u00ebt, vart\u00ebsit dhe me publikun;<\/li>\n<li>kryerja, brenda ose jasht\u00eb orarit zyrtar, t\u00eb veprimeve q\u00eb c\u00ebnojn\u00eb figur\u00ebn e n\u00ebpun\u00ebsit civil, institucionin apo sh\u00ebrbimin civil n\u00eb t\u00ebr\u00ebsi.<\/li>\n<\/ul>\n<\/div><\/div><\/div><div class=\"fusion-panel fusion-toggle-no-divider fusion-toggle-boxed-mode panel-default fusion-faq-post fusion-faq-post-3046\"><span class=\"entry-title rich-snippet-hidden\">Nga kush mund t\u00eb evidentohet nj\u00eb shkelje?<\/span><span class=\"vcard rich-snippet-hidden\"><span class=\"fn\"><a href=\"https:\/\/kmshc.al\/en\/author\/admin-interweb\/\" title=\"Posts by admin-interweb\" rel=\"author\">admin-interweb<\/a><\/span><\/span><span class=\"updated rich-snippet-hidden\">2024-05-10T08:51:59+00:00<\/span><div class=\"panel-heading\"><h3 id=\"faq_1-3046\" class=\"panel-title toggle\"><a data-toggle=\"collapse\" class=\"collapsed\" data-target=\"#collapse-1-3046\" href=\"#collapse-1-3046\" aria-expanded=\"false\"><div class=\"fusion-toggle-icon-wrapper\"><div class=\"fusion-toggle-icon-wrapper-main\"><div class=\"fusion-toggle-icon-wrapper-sub\"><i class=\"fa-fusion-box active-icon fa-times fas\" aria-hidden=\"true\"><\/i><i class=\"fa-fusion-box inactive-icon fa-plus fas\" aria-hidden=\"true\"><\/i><\/div><\/div><\/div><div class=\"fusion-toggle-heading\">Nga kush mund t\u00eb evidentohet nj\u00eb shkelje?<\/div><\/a><\/h3><\/div><div id=\"collapse-1-3046\" aria-labelledby=\"faq_1-3046\" class=\"panel-collapse collapse\"><div class=\"panel-body toggle-content post-content\"><p>Evidentimi i nj\u00eb shkeljeje disiplinore mund t\u00eb b\u00ebhet nga \u00e7do n\u00ebpun\u00ebs i t\u00eb nj\u00ebjtit institucion ku b\u00ebn pjes\u00eb n\u00ebpun\u00ebsi q\u00eb pretendohet se ka kryer shkeljen, kur ai ka dijeni apo dyshon p\u00ebr nj\u00eb shkelje t\u00eb kryer, ashtu si edhe nga \u00e7do shtetas apo institucion jasht\u00eb strukturave t\u00eb institucionit ku b\u00ebn pjes\u00eb n\u00ebpun\u00ebsi, i cili pretendohet se ka kryer shkeljen disiplinore. N\u00eb rastin e trupit drejtues t\u00eb nivelit t\u00eb lart\u00eb, shkelja mund t\u00eb evidentohet edhe nga DAP.<\/p>\n<\/div><\/div><\/div><div class=\"fusion-panel fusion-toggle-no-divider fusion-toggle-boxed-mode panel-default fusion-faq-post fusion-faq-post-3048\"><span class=\"entry-title rich-snippet-hidden\">N\u00eb \u00e7far\u00eb forme duhet t\u00eb paraqitet ankesa p\u00ebr shkelje disiplinore?<\/span><span class=\"vcard rich-snippet-hidden\"><span class=\"fn\"><a href=\"https:\/\/kmshc.al\/en\/author\/admin-interweb\/\" title=\"Posts by admin-interweb\" rel=\"author\">admin-interweb<\/a><\/span><\/span><span class=\"updated rich-snippet-hidden\">2024-05-10T08:55:06+00:00<\/span><div class=\"panel-heading\"><h3 id=\"faq_1-3048\" class=\"panel-title toggle\"><a data-toggle=\"collapse\" class=\"collapsed\" data-target=\"#collapse-1-3048\" href=\"#collapse-1-3048\" aria-expanded=\"false\"><div class=\"fusion-toggle-icon-wrapper\"><div class=\"fusion-toggle-icon-wrapper-main\"><div class=\"fusion-toggle-icon-wrapper-sub\"><i class=\"fa-fusion-box active-icon fa-times fas\" aria-hidden=\"true\"><\/i><i class=\"fa-fusion-box inactive-icon fa-plus fas\" aria-hidden=\"true\"><\/i><\/div><\/div><\/div><div class=\"fusion-toggle-heading\">N\u00eb \u00e7far\u00eb forme duhet t\u00eb paraqitet ankesa p\u00ebr shkelje disiplinore?<\/div><\/a><\/h3><\/div><div id=\"collapse-1-3048\" aria-labelledby=\"faq_1-3048\" class=\"panel-collapse collapse\"><div class=\"panel-body toggle-content post-content\"><p>Q\u00eb nj\u00eb ankes\u00eb t\u00eb pranohet p\u00ebr shqyrtim, duhet t\u00eb paraqitet me shkrim, t\u00eb p\u00ebrcaktoj\u00eb veprimin konkret, q\u00eb pretendohet se p\u00ebrb\u00ebn shkelje disiplinore dhe rrethanat e kryerjes s\u00eb tij, si edhe t\u00eb identifikoj\u00eb qart\u00eb, qoft\u00eb n\u00ebpun\u00ebsin civil, i cili pretendohet se ka kryer shkeljen disiplinore, qoft\u00eb personin q\u00eb raporton ankes\u00ebn. K\u00ebrkesat anonime dhe ato me pretendime t\u00eb pakuptueshme nuk pranohen p\u00ebr shqyrtim.<\/p>\n<\/div><\/div><\/div><div class=\"fusion-panel fusion-toggle-no-divider fusion-toggle-boxed-mode panel-default fusion-faq-post fusion-faq-post-3050\"><span class=\"entry-title rich-snippet-hidden\">Cilat jan\u00eb organet disiplinore q\u00eb p\u00ebrfshihen n\u00eb nj\u00eb procedur\u00eb disiplinore?<\/span><span class=\"vcard rich-snippet-hidden\"><span class=\"fn\"><a href=\"https:\/\/kmshc.al\/en\/author\/admin-interweb\/\" title=\"Posts by admin-interweb\" rel=\"author\">admin-interweb<\/a><\/span><\/span><span class=\"updated rich-snippet-hidden\">2024-05-10T08:58:07+00:00<\/span><div class=\"panel-heading\"><h3 id=\"faq_1-3050\" class=\"panel-title toggle\"><a data-toggle=\"collapse\" class=\"collapsed\" data-target=\"#collapse-1-3050\" href=\"#collapse-1-3050\" aria-expanded=\"false\"><div class=\"fusion-toggle-icon-wrapper\"><div class=\"fusion-toggle-icon-wrapper-main\"><div class=\"fusion-toggle-icon-wrapper-sub\"><i class=\"fa-fusion-box active-icon fa-times fas\" aria-hidden=\"true\"><\/i><i class=\"fa-fusion-box inactive-icon fa-plus fas\" aria-hidden=\"true\"><\/i><\/div><\/div><\/div><div class=\"fusion-toggle-heading\">Cilat jan\u00eb organet disiplinore q\u00eb p\u00ebrfshihen n\u00eb nj\u00eb procedur\u00eb disiplinore?<\/div><\/a><\/h3><\/div><div id=\"collapse-1-3050\" aria-labelledby=\"faq_1-3050\" class=\"panel-collapse collapse\"><div class=\"panel-body toggle-content post-content\"><p>Organet disiplinore q\u00eb p\u00ebrfshihen n\u00eb nj\u00eb procedur\u00eb disiplinore jan\u00eb:<\/p>\n<ul>\n<li><em><u>Komisioni Disiplinor<\/u><\/em>\u00a0\u2013 \u00ebsht\u00eb organi q\u00eb trajton shkeljet e klasifikuara si t\u00eb r\u00ebnda dhe shum\u00eb t\u00eb r\u00ebnda. Komisioni Disiplinor trajton procedurat q\u00eb prekin n\u00ebpun\u00ebsit civil\u00eb t\u00eb nivelit ekzekutiv, t\u00eb ul\u00ebt dhe t\u00eb mes\u00ebm drejtues. Ky organ \u00ebsht\u00eb i ngritur pran\u00eb institucionit t\u00eb n\u00ebpun\u00ebsit q\u00eb pretendohet se ka kryer shkeljen.<\/li>\n<\/ul>\n<ul>\n<li><em><u>Komisioni<\/u><\/em>\u00a0<em><u>Komb\u00ebtar<\/u><\/em>\u00a0<em><u>i<\/u><\/em>\u00a0<em><u>P\u00ebrzgjedhjes<\/u><\/em>\u00a0\u2013 luan rolin e Komisionit Disiplinor p\u00ebr procedurat disiplinore q\u00eb prekin trupin drejtues t\u00eb nivelit t\u00eb lart\u00eb.<\/li>\n<\/ul>\n<ul>\n<li><u>Eprori direkt<\/u>\u00a0\u2013 \u00ebsht\u00eb eprori direk q\u00eb pretendohet se ka kryer shkeljen dhe \u00ebsht\u00eb i p\u00ebrfshir\u00eb n\u00eb t\u00eb gjitha hapat e procesit disiplinor.<\/li>\n<\/ul>\n<\/div><\/div><\/div><div class=\"fusion-panel fusion-toggle-no-divider fusion-toggle-boxed-mode panel-default fusion-faq-post fusion-faq-post-3052\"><span class=\"entry-title rich-snippet-hidden\">Cilat jan\u00eb llojet e masave disiplinore q\u00eb aplikohen?<\/span><span class=\"vcard rich-snippet-hidden\"><span class=\"fn\"><a href=\"https:\/\/kmshc.al\/en\/author\/admin-interweb\/\" title=\"Posts by admin-interweb\" rel=\"author\">admin-interweb<\/a><\/span><\/span><span class=\"updated rich-snippet-hidden\">2024-05-10T08:59:07+00:00<\/span><div class=\"panel-heading\"><h3 id=\"faq_1-3052\" class=\"panel-title toggle\"><a data-toggle=\"collapse\" class=\"collapsed\" data-target=\"#collapse-1-3052\" href=\"#collapse-1-3052\" aria-expanded=\"false\"><div class=\"fusion-toggle-icon-wrapper\"><div class=\"fusion-toggle-icon-wrapper-main\"><div class=\"fusion-toggle-icon-wrapper-sub\"><i class=\"fa-fusion-box active-icon fa-times fas\" aria-hidden=\"true\"><\/i><i class=\"fa-fusion-box inactive-icon fa-plus fas\" aria-hidden=\"true\"><\/i><\/div><\/div><\/div><div class=\"fusion-toggle-heading\">Cilat jan\u00eb llojet e masave disiplinore q\u00eb aplikohen?<\/div><\/a><\/h3><\/div><div id=\"collapse-1-3052\" aria-labelledby=\"faq_1-3052\" class=\"panel-collapse collapse\"><div class=\"panel-body toggle-content post-content\"><p>Masat disiplinore q\u00eb mund t\u00eb zbatohen ndaj n\u00ebpun\u00ebsit civil jan\u00eb:<\/p>\n<ul>\n<li>v\u00ebrejtje;<\/li>\n<\/ul>\n<ul>\n<li>mbajtja deri n\u00eb 1\/3 e pag\u00ebs s\u00eb plot\u00eb p\u00ebr nj\u00eb periudh\u00eb deri n\u00eb gjasht\u00eb muaj;<\/li>\n<\/ul>\n<ul>\n<li>pezullim nga e drejta e ngritjes n\u00eb detyr\u00eb, p\u00ebrfshir\u00eb rritjen n\u00eb shkall\u00ebn e pag\u00ebs p\u00ebr nj\u00eb periudh\u00eb deri n\u00eb dy vjet.<\/li>\n<\/ul>\n<ul>\n<li>largim nga sh\u00ebrbimi civil.<\/li>\n<\/ul>\n<\/div><\/div><\/div><div class=\"fusion-panel fusion-toggle-no-divider fusion-toggle-boxed-mode panel-default fusion-faq-post fusion-faq-post-3054\"><span class=\"entry-title rich-snippet-hidden\">Si p\u00ebrshkall\u00ebzohen masat disiplinore?<\/span><span class=\"vcard rich-snippet-hidden\"><span class=\"fn\"><a href=\"https:\/\/kmshc.al\/en\/author\/admin-interweb\/\" title=\"Posts by admin-interweb\" rel=\"author\">admin-interweb<\/a><\/span><\/span><span class=\"updated rich-snippet-hidden\">2024-05-10T09:01:44+00:00<\/span><div class=\"panel-heading\"><h3 id=\"faq_1-3054\" class=\"panel-title toggle\"><a data-toggle=\"collapse\" class=\"collapsed\" data-target=\"#collapse-1-3054\" href=\"#collapse-1-3054\" aria-expanded=\"false\"><div class=\"fusion-toggle-icon-wrapper\"><div class=\"fusion-toggle-icon-wrapper-main\"><div class=\"fusion-toggle-icon-wrapper-sub\"><i class=\"fa-fusion-box active-icon fa-times fas\" aria-hidden=\"true\"><\/i><i class=\"fa-fusion-box inactive-icon fa-plus fas\" aria-hidden=\"true\"><\/i><\/div><\/div><\/div><div class=\"fusion-toggle-heading\">Si p\u00ebrshkall\u00ebzohen masat disiplinore?<\/div><\/a><\/h3><\/div><div id=\"collapse-1-3054\" aria-labelledby=\"faq_1-3054\" class=\"panel-collapse collapse\"><div class=\"panel-body toggle-content post-content\"><div class=\"vc_row wpb_row section vc_row-fluid\">\n<div class=\"full_section_inner clearfix\">\n<div class=\"wpb_column vc_column_container vc_col-sm-12\">\n<div class=\"vc_column-inner\">\n<div class=\"wpb_wrapper\">\n<div class=\"wpb_text_column wpb_content_element\">\n<div class=\"wpb_wrapper\">\n<p>Masat disiplinore jepen n\u00eb raport t\u00eb drejt\u00eb m\u00eb shkeljen e kryer.<\/p>\n<ul>\n<li>P\u00ebr shkeljet shum\u00eb t\u00eb r\u00ebnda, aplikohet masa disiplinore largim nga sh\u00ebrbimi civil;<\/li>\n<\/ul>\n<ul>\n<li>P\u00ebr shkeljet e r\u00ebnda aplikohen masat disiplinore: mbajtja deri n\u00eb 1\/3 e pag\u00ebs s\u00eb plot\u00eb p\u00ebr nj\u00eb periudh\u00eb deri n\u00eb gjasht\u00eb muaj ose pezullim nga e drejta e ngritjes n\u00eb detyr\u00eb, p\u00ebrfshir\u00eb rritjen n\u00eb shkall\u00ebn e pag\u00ebs p\u00ebr nj\u00eb periudh\u00eb deri n\u00eb dy vjet.<\/li>\n<\/ul>\n<ul>\n<li>P\u00ebr shkeljet e lehta t\u00eb parashikuara n\u00eb pik\u00ebn 4 t\u00eb nenit 57 jepet masa disiplinore e parashikuar n\u00eb shkronj\u00ebn \u201ca\u201d t\u00eb nenit 58 t\u00eb k\u00ebtij ligji.<\/li>\n<\/ul>\n<\/div>\n<\/div>\n<\/div>\n<\/div>\n<\/div>\n<\/div>\n<\/div>\n<div class=\"vc_row wpb_row section vc_row-fluid\">\n<div class=\"full_section_inner clearfix\">\n<div class=\"wpb_column vc_column_container vc_col-sm-12\">\n<div class=\"vc_column-inner\">\n<div class=\"wpb_wrapper\">\n<div class=\"vc_empty_space\"><\/div>\n<\/div>\n<\/div>\n<\/div>\n<\/div>\n<\/div>\n<\/div><\/div><\/div><div class=\"fusion-panel fusion-toggle-no-divider fusion-toggle-boxed-mode panel-default fusion-faq-post fusion-faq-post-3056\"><span class=\"entry-title rich-snippet-hidden\">A mundet q\u00eb organi disiplinor t\u00eb vendos\u00eb dy masa disiplinore p\u00ebr t\u00eb nj\u00ebjt\u00ebn shkelje n\u00eb procedim?<\/span><span class=\"vcard rich-snippet-hidden\"><span class=\"fn\"><a href=\"https:\/\/kmshc.al\/en\/author\/admin-interweb\/\" title=\"Posts by admin-interweb\" rel=\"author\">admin-interweb<\/a><\/span><\/span><span class=\"updated rich-snippet-hidden\">2024-05-10T09:02:42+00:00<\/span><div class=\"panel-heading\"><h3 id=\"faq_1-3056\" class=\"panel-title toggle\"><a data-toggle=\"collapse\" class=\"collapsed\" data-target=\"#collapse-1-3056\" href=\"#collapse-1-3056\" aria-expanded=\"false\"><div class=\"fusion-toggle-icon-wrapper\"><div class=\"fusion-toggle-icon-wrapper-main\"><div class=\"fusion-toggle-icon-wrapper-sub\"><i class=\"fa-fusion-box active-icon fa-times fas\" aria-hidden=\"true\"><\/i><i class=\"fa-fusion-box inactive-icon fa-plus fas\" aria-hidden=\"true\"><\/i><\/div><\/div><\/div><div class=\"fusion-toggle-heading\">A mundet q\u00eb organi disiplinor t\u00eb vendos\u00eb dy masa disiplinore p\u00ebr t\u00eb nj\u00ebjt\u00ebn shkelje n\u00eb procedim?<\/div><\/a><\/h3><\/div><div id=\"collapse-1-3056\" aria-labelledby=\"faq_1-3056\" class=\"panel-collapse collapse\"><div class=\"panel-body toggle-content post-content\"><div class=\"vc_row wpb_row section vc_row-fluid\">\n<div class=\"full_section_inner clearfix\">\n<div class=\"wpb_column vc_column_container vc_col-sm-12\">\n<div class=\"vc_column-inner\">\n<div class=\"wpb_wrapper\">\n<div class=\"wpb_text_column wpb_content_element\">\n<div class=\"wpb_wrapper\">\n<p>Jo, organi disiplinor nuk mund t\u00eb vendos\u00eb dy masa disiplinore p\u00ebr t\u00eb nj\u00ebjt\u00ebn shkelje n\u00eb procedim.<\/p>\n<\/div>\n<\/div>\n<\/div>\n<\/div>\n<\/div>\n<\/div>\n<\/div>\n<div class=\"vc_row wpb_row section vc_row-fluid\">\n<div class=\"full_section_inner clearfix\">\n<div class=\"wpb_column vc_column_container vc_col-sm-12\">\n<div class=\"vc_column-inner\">\n<div class=\"wpb_wrapper\">\n<div class=\"vc_empty_space\"><\/div>\n<\/div>\n<\/div>\n<\/div>\n<\/div>\n<\/div>\n<\/div><\/div><\/div><div class=\"fusion-panel fusion-toggle-no-divider fusion-toggle-boxed-mode panel-default fusion-faq-post fusion-faq-post-3058\"><span class=\"entry-title rich-snippet-hidden\">Sa zgjat procedimi disiplinor?<\/span><span class=\"vcard rich-snippet-hidden\"><span class=\"fn\"><a href=\"https:\/\/kmshc.al\/en\/author\/admin-interweb\/\" title=\"Posts by admin-interweb\" rel=\"author\">admin-interweb<\/a><\/span><\/span><span class=\"updated rich-snippet-hidden\">2024-05-10T09:03:57+00:00<\/span><div class=\"panel-heading\"><h3 id=\"faq_1-3058\" class=\"panel-title toggle\"><a data-toggle=\"collapse\" class=\"collapsed\" data-target=\"#collapse-1-3058\" href=\"#collapse-1-3058\" aria-expanded=\"false\"><div class=\"fusion-toggle-icon-wrapper\"><div class=\"fusion-toggle-icon-wrapper-main\"><div class=\"fusion-toggle-icon-wrapper-sub\"><i class=\"fa-fusion-box active-icon fa-times fas\" aria-hidden=\"true\"><\/i><i class=\"fa-fusion-box inactive-icon fa-plus fas\" aria-hidden=\"true\"><\/i><\/div><\/div><\/div><div class=\"fusion-toggle-heading\">Sa zgjat procedimi disiplinor?<\/div><\/a><\/h3><\/div><div id=\"collapse-1-3058\" aria-labelledby=\"faq_1-3058\" class=\"panel-collapse collapse\"><div class=\"panel-body toggle-content post-content\"><div class=\"vc_row wpb_row section vc_row-fluid\">\n<div class=\"full_section_inner clearfix\">\n<div class=\"wpb_column vc_column_container vc_col-sm-12\">\n<div class=\"vc_column-inner\">\n<div class=\"wpb_wrapper\">\n<div class=\"wpb_text_column wpb_content_element\">\n<div class=\"wpb_wrapper\">\n<p>Konform parashikimit n\u00eb Kodin e Procedurave Administrative, afati p\u00ebr p\u00ebrfundimin e procedimit disiplinor \u00ebsht\u00eb 60 dit\u00eb. Rastet p\u00ebrjashtimore p\u00ebrcaktohen qart\u00eb n\u00eb aktet ligjore dhe n\u00ebn ligjore.<\/p>\n<\/div>\n<\/div>\n<\/div>\n<\/div>\n<\/div>\n<\/div>\n<\/div>\n<div class=\"vc_row wpb_row section vc_row-fluid\">\n<div class=\"full_section_inner clearfix\">\n<div class=\"wpb_column vc_column_container vc_col-sm-12\">\n<div class=\"vc_column-inner\">\n<div class=\"wpb_wrapper\">\n<div class=\"vc_empty_space\"><\/div>\n<\/div>\n<\/div>\n<\/div>\n<\/div>\n<\/div>\n<\/div><\/div><\/div><div class=\"fusion-panel fusion-toggle-no-divider fusion-toggle-boxed-mode panel-default fusion-faq-post fusion-faq-post-3060\"><span class=\"entry-title rich-snippet-hidden\">Kur nd\u00ebrpritet ecuria disiplinore?<\/span><span class=\"vcard rich-snippet-hidden\"><span class=\"fn\"><a href=\"https:\/\/kmshc.al\/en\/author\/admin-interweb\/\" title=\"Posts by admin-interweb\" rel=\"author\">admin-interweb<\/a><\/span><\/span><span class=\"updated rich-snippet-hidden\">2024-05-10T09:04:56+00:00<\/span><div class=\"panel-heading\"><h3 id=\"faq_1-3060\" class=\"panel-title toggle\"><a data-toggle=\"collapse\" class=\"collapsed\" data-target=\"#collapse-1-3060\" href=\"#collapse-1-3060\" aria-expanded=\"false\"><div class=\"fusion-toggle-icon-wrapper\"><div class=\"fusion-toggle-icon-wrapper-main\"><div class=\"fusion-toggle-icon-wrapper-sub\"><i class=\"fa-fusion-box active-icon fa-times fas\" aria-hidden=\"true\"><\/i><i class=\"fa-fusion-box inactive-icon fa-plus fas\" aria-hidden=\"true\"><\/i><\/div><\/div><\/div><div class=\"fusion-toggle-heading\">Kur nd\u00ebrpritet ecuria disiplinore?<\/div><\/a><\/h3><\/div><div id=\"collapse-1-3060\" aria-labelledby=\"faq_1-3060\" class=\"panel-collapse collapse\"><div class=\"panel-body toggle-content post-content\"><div class=\"vc_row wpb_row section vc_row-fluid\">\n<div class=\"full_section_inner clearfix\">\n<div class=\"wpb_column vc_column_container vc_col-sm-12\">\n<div class=\"vc_column-inner\">\n<div class=\"wpb_wrapper\">\n<div class=\"wpb_text_column wpb_content_element\">\n<div class=\"wpb_wrapper\">\n<p>Organi disiplinor merr vendim p\u00ebr nd\u00ebrprerjen e ecuris\u00eb disiplinore n\u00eb rastet kur:<\/p>\n<ul>\n<li>nuk \u00ebsht\u00eb konstatuar shkelje disiplinore si\u00e7 ishte menduar;<\/li>\n<li>rezulton se n\u00ebpun\u00ebsi nuk ka kryer shkelje me faj;<\/li>\n<li>veprimi nuk ka qen\u00eb ose nuk \u00ebsht\u00eb kryer nga n\u00ebpun\u00ebsi p\u00ebrkat\u00ebs.<\/li>\n<\/ul>\n<\/div>\n<\/div>\n<\/div>\n<\/div>\n<\/div>\n<\/div>\n<\/div>\n<div class=\"vc_row wpb_row section vc_row-fluid\">\n<div class=\"full_section_inner clearfix\">\n<div class=\"wpb_column vc_column_container vc_col-sm-12\">\n<div class=\"vc_column-inner\">\n<div class=\"wpb_wrapper\">\n<div class=\"vc_empty_space\"><\/div>\n<\/div>\n<\/div>\n<\/div>\n<\/div>\n<\/div>\n<\/div><\/div><\/div><div class=\"fusion-panel fusion-toggle-no-divider fusion-toggle-boxed-mode panel-default fusion-faq-post fusion-faq-post-3062\"><span class=\"entry-title rich-snippet-hidden\">P\u00ebr sa dit\u00eb zbardhet vendimi i Komisionit Disiplinor?<\/span><span class=\"vcard rich-snippet-hidden\"><span class=\"fn\"><a href=\"https:\/\/kmshc.al\/en\/author\/admin-interweb\/\" title=\"Posts by admin-interweb\" rel=\"author\">admin-interweb<\/a><\/span><\/span><span class=\"updated rich-snippet-hidden\">2024-05-10T09:06:49+00:00<\/span><div class=\"panel-heading\"><h3 id=\"faq_1-3062\" class=\"panel-title toggle\"><a data-toggle=\"collapse\" class=\"collapsed\" data-target=\"#collapse-1-3062\" href=\"#collapse-1-3062\" aria-expanded=\"false\"><div class=\"fusion-toggle-icon-wrapper\"><div class=\"fusion-toggle-icon-wrapper-main\"><div class=\"fusion-toggle-icon-wrapper-sub\"><i class=\"fa-fusion-box active-icon fa-times fas\" aria-hidden=\"true\"><\/i><i class=\"fa-fusion-box inactive-icon fa-plus fas\" aria-hidden=\"true\"><\/i><\/div><\/div><\/div><div class=\"fusion-toggle-heading\">P\u00ebr sa dit\u00eb zbardhet vendimi i Komisionit Disiplinor?<\/div><\/a><\/h3><\/div><div id=\"collapse-1-3062\" aria-labelledby=\"faq_1-3062\" class=\"panel-collapse collapse\"><div class=\"panel-body toggle-content post-content\"><div class=\"vc_row wpb_row section vc_row-fluid\">\n<div class=\"full_section_inner clearfix\">\n<div class=\"wpb_column vc_column_container vc_col-sm-12\">\n<div class=\"vc_column-inner\">\n<div class=\"wpb_wrapper\">\n<div class=\"wpb_text_column wpb_content_element\">\n<div class=\"wpb_wrapper\">\n<p>Vendimi zbardhet brenda 4 dit\u00ebsh n\u00eb 3 (tre) ekzemplar\u00eb, nj\u00eb ekzemplar i jepet nj\u00ebsis\u00eb s\u00eb menaxhimit t\u00eb burimeve njer\u00ebzore t\u00eb institucionit dhe b\u00ebhet pjes\u00eb e dosjes personale t\u00eb n\u00ebpun\u00ebsit t\u00eb proceduar, nj\u00eb ekzemplar i jepet n\u00ebpun\u00ebsit t\u00eb proceduar dhe nj\u00eb ekzemplar i jepet DAP.<\/p>\n<\/div>\n<\/div>\n<\/div>\n<\/div>\n<\/div>\n<\/div>\n<\/div>\n<div class=\"vc_row wpb_row section vc_row-fluid\">\n<div class=\"full_section_inner clearfix\">\n<div class=\"wpb_column vc_column_container vc_col-sm-12\">\n<div class=\"vc_column-inner\">\n<div class=\"wpb_wrapper\">\n<div class=\"vc_empty_space\"><\/div>\n<\/div>\n<\/div>\n<\/div>\n<\/div>\n<\/div>\n<\/div><\/div><\/div><div class=\"fusion-panel fusion-toggle-no-divider fusion-toggle-boxed-mode panel-default fusion-faq-post fusion-faq-post-3064\"><span class=\"entry-title rich-snippet-hidden\">Sa \u00ebsht\u00eb afati i ankimit p\u00ebr vendimin e marr\u00eb p\u00ebr mas\u00ebn disiplinore?<\/span><span class=\"vcard rich-snippet-hidden\"><span class=\"fn\"><a href=\"https:\/\/kmshc.al\/en\/author\/admin-interweb\/\" title=\"Posts by admin-interweb\" rel=\"author\">admin-interweb<\/a><\/span><\/span><span class=\"updated rich-snippet-hidden\">2024-05-10T09:08:01+00:00<\/span><div class=\"panel-heading\"><h3 id=\"faq_1-3064\" class=\"panel-title toggle\"><a data-toggle=\"collapse\" class=\"collapsed\" data-target=\"#collapse-1-3064\" href=\"#collapse-1-3064\" aria-expanded=\"false\"><div class=\"fusion-toggle-icon-wrapper\"><div class=\"fusion-toggle-icon-wrapper-main\"><div class=\"fusion-toggle-icon-wrapper-sub\"><i class=\"fa-fusion-box active-icon fa-times fas\" aria-hidden=\"true\"><\/i><i class=\"fa-fusion-box inactive-icon fa-plus fas\" aria-hidden=\"true\"><\/i><\/div><\/div><\/div><div class=\"fusion-toggle-heading\">Sa \u00ebsht\u00eb afati i ankimit p\u00ebr vendimin e marr\u00eb p\u00ebr mas\u00ebn disiplinore?<\/div><\/a><\/h3><\/div><div id=\"collapse-1-3064\" aria-labelledby=\"faq_1-3064\" class=\"panel-collapse collapse\"><div class=\"panel-body toggle-content post-content\"><p>Afati p\u00ebr t\u00eb ankimuar vendimin e Komisionit Disiplinor n\u00eb \u00e7do rast \u00ebsht\u00eb 45 dit\u00eb. Ky afat duhet t\u00eb p\u00ebrcaktohet qart\u00ebsisht n\u00eb pjes\u00ebn e dispozitivit t\u00eb vendimit, si edhe Gjykat\u00ebn Administrative t\u00eb Shkall\u00ebs s\u00eb Par\u00eb, e cila ka kompetenc\u00ebn p\u00ebr shqyrtimin e k\u00ebsaj \u00e7\u00ebshtjeje.<\/p>\n<p>Mos p\u00ebrcaktimi i k\u00ebtij afati n\u00eb dispozitivin e vendimit sjell si pasoj\u00eb q\u00eb afati ankimor t\u00eb konsiderohet 1\u2212vje\u00e7ar.<\/p>\n<\/div><\/div><\/div><div class=\"fusion-panel fusion-toggle-no-divider fusion-toggle-boxed-mode panel-default fusion-faq-post fusion-faq-post-3066\"><span class=\"entry-title rich-snippet-hidden\">A shuhen masat disiplinore?<\/span><span class=\"vcard rich-snippet-hidden\"><span class=\"fn\"><a href=\"https:\/\/kmshc.al\/en\/author\/admin-interweb\/\" title=\"Posts by admin-interweb\" rel=\"author\">admin-interweb<\/a><\/span><\/span><span class=\"updated rich-snippet-hidden\">2024-05-10T09:09:03+00:00<\/span><div class=\"panel-heading\"><h3 id=\"faq_1-3066\" class=\"panel-title toggle\"><a data-toggle=\"collapse\" class=\"collapsed\" data-target=\"#collapse-1-3066\" href=\"#collapse-1-3066\" aria-expanded=\"false\"><div class=\"fusion-toggle-icon-wrapper\"><div class=\"fusion-toggle-icon-wrapper-main\"><div class=\"fusion-toggle-icon-wrapper-sub\"><i class=\"fa-fusion-box active-icon fa-times fas\" aria-hidden=\"true\"><\/i><i class=\"fa-fusion-box inactive-icon fa-plus fas\" aria-hidden=\"true\"><\/i><\/div><\/div><\/div><div class=\"fusion-toggle-heading\">A shuhen masat disiplinore?<\/div><\/a><\/h3><\/div><div id=\"collapse-1-3066\" aria-labelledby=\"faq_1-3066\" class=\"panel-collapse collapse\"><div class=\"panel-body toggle-content post-content\"><p>Masat disiplinore shuhen me kalim e afatit:<\/p>\n<ul>\n<li>2 vje\u00e7ar nga njoftimi i mas\u00ebs s\u00eb parashikuar p\u00ebr shkeljet e lehta;<\/li>\n<li>3 vje\u00e7ar nga mbarimi i afatit p\u00ebr t\u00eb cilin \u00ebsht\u00eb zbatuar masa e parashikuar p\u00ebr shkeljet e r\u00ebnda;<\/li>\n<li>7 vje\u00e7ar nga njoftimi i mas\u00ebs s\u00eb parashikuar p\u00ebr shkeljet shum\u00eb t\u00eb r\u00ebnda.<\/li>\n<\/ul>\n<\/div><\/div><\/div><\/div><\/div><\/div><\/div><\/div><\/div><\/div><\/div>","protected":false},"excerpt":{"rendered":"","protected":false},"author":1,"featured_media":0,"parent":0,"menu_order":0,"comment_status":"closed","ping_status":"closed","template":"","meta":{"_acf_changed":false,"_piecal_is_event":false,"_piecal_start_date":"","_piecal_end_date":"","_piecal_is_allday":false,"footnotes":""},"class_list":["post-2870","page","type-page","status-publish","hentry"],"acf":[],"yoast_head":"<!-- This site is optimized with the Yoast SEO plugin v23.8 - https:\/\/yoast.com\/wordpress\/plugins\/seo\/ -->\n<title>PYETJE P\u00cbRGJIGJE - KMSHC<\/title>\n<meta name=\"robots\" content=\"index, follow, max-snippet:-1, max-image-preview:large, max-video-preview:-1\" \/>\n<link rel=\"canonical\" href=\"https:\/\/kmshc.al\/en\/pyetje-pergjigje\/\" \/>\n<meta property=\"og:locale\" content=\"en_GB\" \/>\n<meta property=\"og:type\" content=\"article\" \/>\n<meta property=\"og:title\" content=\"PYETJE P\u00cbRGJIGJE - KMSHC\" \/>\n<meta property=\"og:url\" content=\"https:\/\/kmshc.al\/en\/pyetje-pergjigje\/\" \/>\n<meta property=\"og:site_name\" content=\"KMSHC\" \/>\n<meta property=\"article:modified_time\" content=\"2026-04-20T07:55:57+00:00\" \/>\n<meta name=\"twitter:card\" content=\"summary_large_image\" \/>\n<meta name=\"twitter:label1\" content=\"Estimated reading time\" \/>\n\t<meta name=\"twitter:data1\" content=\"37 minutes\" \/>\n<script type=\"application\/ld+json\" class=\"yoast-schema-graph\">{\"@context\":\"https:\/\/schema.org\",\"@graph\":[{\"@type\":\"WebPage\",\"@id\":\"https:\/\/kmshc.al\/pyetje-pergjigje\/\",\"url\":\"https:\/\/kmshc.al\/pyetje-pergjigje\/\",\"name\":\"PYETJE P\u00cbRGJIGJE - KMSHC\",\"isPartOf\":{\"@id\":\"https:\/\/kmshc.al\/#website\"},\"datePublished\":\"2024-05-09T15:12:11+00:00\",\"dateModified\":\"2026-04-20T07:55:57+00:00\",\"breadcrumb\":{\"@id\":\"https:\/\/kmshc.al\/pyetje-pergjigje\/#breadcrumb\"},\"inLanguage\":\"en-GB\",\"potentialAction\":[{\"@type\":\"ReadAction\",\"target\":[\"https:\/\/kmshc.al\/pyetje-pergjigje\/\"]}]},{\"@type\":\"BreadcrumbList\",\"@id\":\"https:\/\/kmshc.al\/pyetje-pergjigje\/#breadcrumb\",\"itemListElement\":[{\"@type\":\"ListItem\",\"position\":1,\"name\":\"Home\",\"item\":\"https:\/\/kmshc.al\/\"},{\"@type\":\"ListItem\",\"position\":2,\"name\":\"PYETJE P\u00cbRGJIGJE\"}]},{\"@type\":\"WebSite\",\"@id\":\"https:\/\/kmshc.al\/#website\",\"url\":\"https:\/\/kmshc.al\/\",\"name\":\"KMSHC\",\"description\":\"Komisioneri per mbikqyrjen e sherbimit Civil\",\"publisher\":{\"@id\":\"https:\/\/kmshc.al\/#organization\"},\"potentialAction\":[{\"@type\":\"SearchAction\",\"target\":{\"@type\":\"EntryPoint\",\"urlTemplate\":\"https:\/\/kmshc.al\/?s={search_term_string}\"},\"query-input\":{\"@type\":\"PropertyValueSpecification\",\"valueRequired\":true,\"valueName\":\"search_term_string\"}}],\"inLanguage\":\"en-GB\"},{\"@type\":\"Organization\",\"@id\":\"https:\/\/kmshc.al\/#organization\",\"name\":\"KMSHC\",\"url\":\"https:\/\/kmshc.al\/\",\"logo\":{\"@type\":\"ImageObject\",\"inLanguage\":\"en-GB\",\"@id\":\"https:\/\/kmshc.al\/#\/schema\/logo\/image\/\",\"url\":\"https:\/\/kmshc.al\/wp-content\/uploads\/2024\/07\/logo-kmshc-200x130-1.png\",\"contentUrl\":\"https:\/\/kmshc.al\/wp-content\/uploads\/2024\/07\/logo-kmshc-200x130-1.png\",\"width\":200,\"height\":130,\"caption\":\"KMSHC\"},\"image\":{\"@id\":\"https:\/\/kmshc.al\/#\/schema\/logo\/image\/\"}}]}<\/script>\n<!-- \/ Yoast SEO plugin. -->","yoast_head_json":{"title":"PYETJE P\u00cbRGJIGJE - KMSHC","robots":{"index":"index","follow":"follow","max-snippet":"max-snippet:-1","max-image-preview":"max-image-preview:large","max-video-preview":"max-video-preview:-1"},"canonical":"https:\/\/kmshc.al\/en\/pyetje-pergjigje\/","og_locale":"en_GB","og_type":"article","og_title":"PYETJE P\u00cbRGJIGJE - KMSHC","og_url":"https:\/\/kmshc.al\/en\/pyetje-pergjigje\/","og_site_name":"KMSHC","article_modified_time":"2026-04-20T07:55:57+00:00","twitter_card":"summary_large_image","twitter_misc":{"Estimated reading time":"37 minutes"},"schema":{"@context":"https:\/\/schema.org","@graph":[{"@type":"WebPage","@id":"https:\/\/kmshc.al\/pyetje-pergjigje\/","url":"https:\/\/kmshc.al\/pyetje-pergjigje\/","name":"PYETJE P\u00cbRGJIGJE - KMSHC","isPartOf":{"@id":"https:\/\/kmshc.al\/#website"},"datePublished":"2024-05-09T15:12:11+00:00","dateModified":"2026-04-20T07:55:57+00:00","breadcrumb":{"@id":"https:\/\/kmshc.al\/pyetje-pergjigje\/#breadcrumb"},"inLanguage":"en-GB","potentialAction":[{"@type":"ReadAction","target":["https:\/\/kmshc.al\/pyetje-pergjigje\/"]}]},{"@type":"BreadcrumbList","@id":"https:\/\/kmshc.al\/pyetje-pergjigje\/#breadcrumb","itemListElement":[{"@type":"ListItem","position":1,"name":"Home","item":"https:\/\/kmshc.al\/"},{"@type":"ListItem","position":2,"name":"PYETJE P\u00cbRGJIGJE"}]},{"@type":"WebSite","@id":"https:\/\/kmshc.al\/#website","url":"https:\/\/kmshc.al\/","name":"KMSHC","description":"Komisioneri per mbikqyrjen e sherbimit Civil","publisher":{"@id":"https:\/\/kmshc.al\/#organization"},"potentialAction":[{"@type":"SearchAction","target":{"@type":"EntryPoint","urlTemplate":"https:\/\/kmshc.al\/?s={search_term_string}"},"query-input":{"@type":"PropertyValueSpecification","valueRequired":true,"valueName":"search_term_string"}}],"inLanguage":"en-GB"},{"@type":"Organization","@id":"https:\/\/kmshc.al\/#organization","name":"KMSHC","url":"https:\/\/kmshc.al\/","logo":{"@type":"ImageObject","inLanguage":"en-GB","@id":"https:\/\/kmshc.al\/#\/schema\/logo\/image\/","url":"https:\/\/kmshc.al\/wp-content\/uploads\/2024\/07\/logo-kmshc-200x130-1.png","contentUrl":"https:\/\/kmshc.al\/wp-content\/uploads\/2024\/07\/logo-kmshc-200x130-1.png","width":200,"height":130,"caption":"KMSHC"},"image":{"@id":"https:\/\/kmshc.al\/#\/schema\/logo\/image\/"}}]}},"_links":{"self":[{"href":"https:\/\/kmshc.al\/en\/wp-json\/wp\/v2\/pages\/2870","targetHints":{"allow":["GET"]}}],"collection":[{"href":"https:\/\/kmshc.al\/en\/wp-json\/wp\/v2\/pages"}],"about":[{"href":"https:\/\/kmshc.al\/en\/wp-json\/wp\/v2\/types\/page"}],"author":[{"embeddable":true,"href":"https:\/\/kmshc.al\/en\/wp-json\/wp\/v2\/users\/1"}],"replies":[{"embeddable":true,"href":"https:\/\/kmshc.al\/en\/wp-json\/wp\/v2\/comments?post=2870"}],"version-history":[{"count":7,"href":"https:\/\/kmshc.al\/en\/wp-json\/wp\/v2\/pages\/2870\/revisions"}],"predecessor-version":[{"id":5593,"href":"https:\/\/kmshc.al\/en\/wp-json\/wp\/v2\/pages\/2870\/revisions\/5593"}],"wp:attachment":[{"href":"https:\/\/kmshc.al\/en\/wp-json\/wp\/v2\/media?parent=2870"}],"curies":[{"name":"wp","href":"https:\/\/api.w.org\/{rel}","templated":true}]}}